{"id":2799,"date":"2022-01-24T11:16:43","date_gmt":"2022-01-24T14:16:43","guid":{"rendered":"https:\/\/sites.usp.br\/dhd\/?page_id=2799"},"modified":"2022-03-17T11:20:21","modified_gmt":"2022-03-17T14:20:21","slug":"elementor-2799","status":"publish","type":"page","link":"https:\/\/sites.usp.br\/dhd\/quem-somos\/elementor-2799\/","title":{"rendered":"Parceiros"},"content":{"rendered":"<h2>Parceiros<\/h2>\n<p>Nossa articula\u00e7\u00e3o entre parceiros externos \u00e0 universidade \u00e9 formada por coletivos culturais das periferias, organiza\u00e7\u00f5es sociais e Organiza\u00e7\u00f5es Governamentais que contribuem para trocas de experi\u00eancias tanto no programa de forma\u00e7\u00e3o, quanto da sua difus\u00e3o por meio de suas comunidades onde est\u00e3o inseridos.<\/p>\n<p>O <strong>Centro de Mem\u00f3ria das Lutas Populares Ana Dias<\/strong> resgata as hist\u00f3rias de vida e luta das moradoras e moradores do Jardim \u00c2ngela, Jardim S\u00e3o Lu\u00eds, Campo Limpo e Cap\u00e3o <a href=\"https:\/\/sites.usp.br\/dhd\/wp-content\/uploads\/sites\/1063\/2022\/03\/centro-de-memoria-ana-dias-scaled.jpg\"><img decoding=\"async\" class=\"wp-image-3475 alignright\" src=\"https:\/\/sites.usp.br\/dhd\/wp-content\/uploads\/sites\/1063\/2022\/03\/centro-de-memoria-ana-dias-300x114.jpg\" alt=\"\" width=\"322\" height=\"122\" srcset=\"https:\/\/sites.usp.br\/dhd\/wp-content\/uploads\/sites\/1063\/2022\/03\/centro-de-memoria-ana-dias-300x114.jpg 300w, https:\/\/sites.usp.br\/dhd\/wp-content\/uploads\/sites\/1063\/2022\/03\/centro-de-memoria-ana-dias-1024x390.jpg 1024w, https:\/\/sites.usp.br\/dhd\/wp-content\/uploads\/sites\/1063\/2022\/03\/centro-de-memoria-ana-dias-768x293.jpg 768w, https:\/\/sites.usp.br\/dhd\/wp-content\/uploads\/sites\/1063\/2022\/03\/centro-de-memoria-ana-dias-1536x585.jpg 1536w, https:\/\/sites.usp.br\/dhd\/wp-content\/uploads\/sites\/1063\/2022\/03\/centro-de-memoria-ana-dias-2048x780.jpg 2048w, https:\/\/sites.usp.br\/dhd\/wp-content\/uploads\/sites\/1063\/2022\/03\/centro-de-memoria-ana-dias-400x152.jpg 400w\" sizes=\"(max-width: 322px) 100vw, 322px\" \/><\/a>Redondo, periferias da zona sul de S\u00e3o Paulo.<\/p>\n<p>Saiba mais: <a href=\"https:\/\/www.facebook.com\/CentroAnaDias\/\">https:\/\/www.facebook.com\/CentroAnaDias\/<\/a><\/p>\n<p>Ou\u00e7a o podcast <strong>Mem\u00f3rias Quebradas:<\/strong> <a href=\"https:\/\/open.spotify.com\/show\/1BLmHbV4f4fRHCkFWt1ITs\">https:\/\/open.spotify.com\/show\/1BLmHbV4f4fRHCkFWt1ITs<\/a><\/p>\n<p>&nbsp;<\/p>\n<p>O Projeto da <strong>Casa LGBTI+ &#8220;Neon Cunha&#8221;<\/strong> foi inaugurado em 2018, por meio da articula\u00e7\u00e3o de ativistas do Grande<a href=\"https:\/\/sites.usp.br\/dhd\/wp-content\/uploads\/sites\/1063\/2022\/03\/casa-neon-cunha.jpg\"><img decoding=\"async\" class=\"wp-image-3473 alignleft\" src=\"https:\/\/sites.usp.br\/dhd\/wp-content\/uploads\/sites\/1063\/2022\/03\/casa-neon-cunha-300x287.jpg\" alt=\"\" width=\"142\" height=\"135\" srcset=\"https:\/\/sites.usp.br\/dhd\/wp-content\/uploads\/sites\/1063\/2022\/03\/casa-neon-cunha-300x287.jpg 300w, https:\/\/sites.usp.br\/dhd\/wp-content\/uploads\/sites\/1063\/2022\/03\/casa-neon-cunha-1024x979.jpg 1024w, https:\/\/sites.usp.br\/dhd\/wp-content\/uploads\/sites\/1063\/2022\/03\/casa-neon-cunha-768x735.jpg 768w, https:\/\/sites.usp.br\/dhd\/wp-content\/uploads\/sites\/1063\/2022\/03\/casa-neon-cunha-400x383.jpg 400w, https:\/\/sites.usp.br\/dhd\/wp-content\/uploads\/sites\/1063\/2022\/03\/casa-neon-cunha.jpg 1242w\" sizes=\"(max-width: 142px) 100vw, 142px\" \/><\/a> ABC, com o objetivo de construir um espa\u00e7o de promo\u00e7\u00e3o e inclus\u00e3o da diversidade em S\u00e3o Bernardo do Campo (SP).<\/p>\n<p>Saiba mais: <a href=\"https:\/\/www.facebook.com\/casaneoncunha\/\">https:\/\/www.facebook.com\/casaneoncunha\/<\/a><\/p>\n<p>&nbsp;<\/p>\n<p>A <strong>Abra\u00e7o Cultural<\/strong> come\u00e7ou sua hist\u00f3ria com uma partida de futebol. Era julho de 2014. Um p\u00e1lido sol invernal<a href=\"https:\/\/sites.usp.br\/dhd\/wp-content\/uploads\/sites\/1063\/2022\/01\/abraco-cultural-logo.png\"><img decoding=\"async\" class=\" wp-image-3156 alignright\" src=\"https:\/\/sites.usp.br\/dhd\/wp-content\/uploads\/sites\/1063\/2022\/01\/abraco-cultural-logo-300x143.png\" alt=\"\" width=\"315\" height=\"150\" srcset=\"https:\/\/sites.usp.br\/dhd\/wp-content\/uploads\/sites\/1063\/2022\/01\/abraco-cultural-logo-300x143.png 300w, https:\/\/sites.usp.br\/dhd\/wp-content\/uploads\/sites\/1063\/2022\/01\/abraco-cultural-logo.png 325w\" sizes=\"(max-width: 315px) 100vw, 315px\" \/><\/a> iluminava o gramado da quadra que mais tarde receberia centenas de pessoas dos quatro cantos do mundo. Neste cen\u00e1rio, a plataforma social Atados realizou a 1\u00aa Copa do Mundo dos Refugiados e a iniciativa nos abriu os olhos para outra realidade: precis\u00e1vamos de um projeto mais duradouro, capaz de contribuir na miss\u00e3o de integrar esses imigrantes em nossa sociedade.\u00a0Assim surge o Abra\u00e7o Cultural, uma organiza\u00e7\u00e3o n\u00e3o governamental, que tem por objetivo promover a troca de experi\u00eancias, a gera\u00e7\u00e3o de renda e a valoriza\u00e7\u00e3o dos refugiados. Atrav\u00e9s de aulas que tem refugiados que s\u00e3o professores de l\u00ednguas estrangeiras \u2013 com metodologia e material did\u00e1tico pr\u00f3prios \u2013 pretende transmitir muito mais do que o aprendizado de uma nova l\u00edngua: quebrar preconceitos e barreiras culturais, aproximando diferentes povos em um \u00fanico lugar.<\/p>\n<p>Saiba mais: <a href=\"https:\/\/www.abracocultural.com.br\/\">https:\/\/www.abracocultural.com.br\/<\/a><\/p>\n<p>&nbsp;<\/p>\n<p>A <strong>Miss\u00e3o Paz<\/strong> tem suas origens em 1939 com o estabelecimento dos Mission\u00e1rios de S\u00e3o Carlos \u2013 Scalabrinianos \u2013<a href=\"https:\/\/sites.usp.br\/dhd\/wp-content\/uploads\/sites\/1063\/2022\/01\/missao-paz-logo.png\"><img loading=\"lazy\" decoding=\"async\" class=\" wp-image-3160 alignleft\" src=\"https:\/\/sites.usp.br\/dhd\/wp-content\/uploads\/sites\/1063\/2022\/01\/missao-paz-logo-300x139.png\" alt=\"\" width=\"278\" height=\"129\" srcset=\"https:\/\/sites.usp.br\/dhd\/wp-content\/uploads\/sites\/1063\/2022\/01\/missao-paz-logo-300x139.png 300w, https:\/\/sites.usp.br\/dhd\/wp-content\/uploads\/sites\/1063\/2022\/01\/missao-paz-logo.png 330w\" sizes=\"(max-width: 278px) 100vw, 278px\" \/><\/a> na regi\u00e3o do Glic\u00e9rio, no centro de S\u00e3o Paulo, com o objetivo de apoiar a comunidade migrante de italianos. Ao longo das d\u00e9cadas seguintes, os Scalabrinianos expandiram sua miss\u00e3o para apoiar migrantes internos, al\u00e9m de migrantes de diferentes nacionalidades e refugiados. A estrutura atual da Miss\u00e3o Paz \u00e9 formada por cinco grandes eixos: Casa do Migrante; Centro Pastoral e de Media\u00e7\u00e3o dos Migrantes (CPMM), Centro de Estudos Migrat\u00f3rios (CEM), Eixos Transversais (Advocacy, Projetos, Webradio Migrantes e de Comunica\u00e7\u00e3o) e a Igreja Nossa Senhora da Paz.<\/p>\n<p>Saiba mais: <a href=\"https:\/\/missaonspaz.org\/\">https:\/\/missaonspaz.org\/<\/a><\/p>\n<div class=\"elementor-widget-container\"><\/div>\n<div><\/div>\n<div class=\"elementor-element elementor-element-ede7b1e elementor-widget elementor-widget-text-editor\" data-id=\"ede7b1e\" data-element_type=\"widget\" data-widget_type=\"text-editor.default\">\n<div class=\"elementor-widget-container\"><\/div>\n<\/div>\n<p>O <strong>Cine Campinho<\/strong> \u00e9 um coletivo de audiovisual perif\u00e9rico criado em 2007 a partir de cine-debates ocorridos em<a href=\"https:\/\/sites.usp.br\/dhd\/wp-content\/uploads\/sites\/1063\/2022\/01\/logo_cine-campinho.jpg\"><img loading=\"lazy\" decoding=\"async\" class=\"wp-image-3007 alignleft\" src=\"https:\/\/sites.usp.br\/dhd\/wp-content\/uploads\/sites\/1063\/2022\/01\/logo_cine-campinho-294x300.jpg\" alt=\"\" width=\"196\" height=\"200\" srcset=\"https:\/\/sites.usp.br\/dhd\/wp-content\/uploads\/sites\/1063\/2022\/01\/logo_cine-campinho-294x300.jpg 294w, https:\/\/sites.usp.br\/dhd\/wp-content\/uploads\/sites\/1063\/2022\/01\/logo_cine-campinho-1003x1024.jpg 1003w, https:\/\/sites.usp.br\/dhd\/wp-content\/uploads\/sites\/1063\/2022\/01\/logo_cine-campinho-768x784.jpg 768w, https:\/\/sites.usp.br\/dhd\/wp-content\/uploads\/sites\/1063\/2022\/01\/logo_cine-campinho-45x45.jpg 45w, https:\/\/sites.usp.br\/dhd\/wp-content\/uploads\/sites\/1063\/2022\/01\/logo_cine-campinho-400x409.jpg 400w, https:\/\/sites.usp.br\/dhd\/wp-content\/uploads\/sites\/1063\/2022\/01\/logo_cine-campinho.jpg 1080w\" sizes=\"(max-width: 196px) 100vw, 196px\" \/><\/a> casas de amigos e, posteriormente, em um campo de futebol abandonado pelo poder p\u00fablico com o intuito de fortalecer v\u00ednculos comunit\u00e1rios e lutar pela garantia do direito \u00e0 cultura no Jardim Bandeirantes, em Guaianases, Zona Leste de S\u00e3o Paulo. Os filmes exibidos s\u00e3o de natureza comercial e autoral. Com o tempo, o coletivo passou tamb\u00e9m a realizar a\u00e7\u00f5es formativas focadas para o audiovisual perif\u00e9rico por meio do grupo <em>Lentes Perif\u00e9ricas<\/em> e de lazer e ludicidade para crian\u00e7as e adolescentes por meio da iniciativa <em>Ruas de Fazer<\/em>. Com o lema \u201cPeriferia na Tela\u201d, o grupo busca tamb\u00e9m criar narrativas e debater quest\u00f5es a respeito das opress\u00f5es de ra\u00e7a, g\u00eanero e classe nos territ\u00f3rios perif\u00e9ricos.<\/p>\n<p>Saiba mais: <a href=\"https:\/\/www.facebook.com\/cinecampinho\">https:\/\/www.facebook.com\/cinecampinho<\/a><\/p>\n<p>&nbsp;<\/p>\n<p><a href=\"https:\/\/sites.usp.br\/dhd\/wp-content\/uploads\/sites\/1063\/2022\/01\/logo-quilombacao2.jpg\"><img loading=\"lazy\" decoding=\"async\" class=\"wp-image-3006 alignright\" src=\"https:\/\/sites.usp.br\/dhd\/wp-content\/uploads\/sites\/1063\/2022\/01\/logo-quilombacao2-300x187.jpg\" alt=\"\" width=\"316\" height=\"197\" srcset=\"https:\/\/sites.usp.br\/dhd\/wp-content\/uploads\/sites\/1063\/2022\/01\/logo-quilombacao2-300x187.jpg 300w, https:\/\/sites.usp.br\/dhd\/wp-content\/uploads\/sites\/1063\/2022\/01\/logo-quilombacao2-400x249.jpg 400w, https:\/\/sites.usp.br\/dhd\/wp-content\/uploads\/sites\/1063\/2022\/01\/logo-quilombacao2.jpg 550w\" sizes=\"(max-width: 316px) 100vw, 316px\" \/><\/a><\/p>\n<div dir=\"auto\">A <strong>Rede Antirracista Quilomba\u00e7\u00e3o<\/strong> \u00e9 uma rede aberta que se prop\u00f5e a juntar e articular ativistas que lutem contra o racismo.\u00a0 A ideia de cria\u00e7\u00e3o da rede parte do pressuposto que a luta contra o racismo \u00e9 cotidiana e se desenvolve em todos os espa\u00e7os sist\u00eamicos ou n\u00e3o sist\u00eamicos. Por isto, \u00e9 uma luta que se aproxima mais da perspectiva do ativismo, o que gera a necessidade de fortalecimento por meio de informa\u00e7\u00e3o e forma\u00e7\u00e3o constante. Uma das an\u00e1lises mais recorrentes no Encontro de Ativistas Anti-Racistas &#8220;Prof. Cl\u00f3vis Moura&#8221;, dia 14\/12\/2013, \u00e9 o esgotamento das possibilidades de a\u00e7\u00e3o institucional no combate ao racismo \u2013 apesar da import\u00e2ncia de estar presente nos conselhos, \u00f3rg\u00e3os governamentais, disputas eleitorais, entre outros, fica n\u00edtido que a aus\u00eancia de um projeto estrat\u00e9gico de supera\u00e7\u00e3o do sistema social vigente, transforma tal participa\u00e7\u00e3o em submiss\u00e3o \u00e0s agendas governamentais, institucionais e\/ou partid\u00e1rias, diluindo a dimens\u00e3o estrat\u00e9gica do debate racial. A forma\u00e7\u00e3o da Rede Quilomba\u00e7\u00e3o \u00e9 um passo para a cria\u00e7\u00e3o de um espa\u00e7o de atua\u00e7\u00e3o e discuss\u00e3o pol\u00edtica para al\u00e9m destas estruturas.<\/div>\n<div dir=\"auto\"><\/div>\n<div dir=\"auto\">Saiba mais: <a href=\"https:\/\/www.facebook.com\/RedeQuilombacao\/?ref=page_internal\">https:\/\/www.facebook.com\/RedeQuilombacao\/?ref=page_internal<\/a><\/div>\n<div dir=\"auto\">\n<div class=\"oajrlxb2 g5ia77u1 qu0x051f esr5mh6w e9989ue4 r7d6kgcz rq0escxv nhd2j8a9 nc684nl6 p7hjln8o kvgmc6g5 cxmmr5t8 oygrvhab hcukyx3x jb3vyjys rz4wbd8a qt6c0cv9 a8nywdso i1ao9s8h esuyzwwr f1sip0of lzcic4wl gpro0wi8 oo9gr5id lrazzd5p\" tabindex=\"0\" role=\"button\"><\/div>\n<\/div>\n<p>&nbsp;<\/p>\n<p><a href=\"https:\/\/sites.usp.br\/dhd\/wp-content\/uploads\/sites\/1063\/2022\/01\/jornal-empolderado.jpg\"><img loading=\"lazy\" decoding=\"async\" class=\" wp-image-3005 alignleft\" src=\"https:\/\/sites.usp.br\/dhd\/wp-content\/uploads\/sites\/1063\/2022\/01\/jornal-empolderado-300x300.jpg\" alt=\"\" width=\"202\" height=\"202\" srcset=\"https:\/\/sites.usp.br\/dhd\/wp-content\/uploads\/sites\/1063\/2022\/01\/jornal-empolderado-300x300.jpg 300w, https:\/\/sites.usp.br\/dhd\/wp-content\/uploads\/sites\/1063\/2022\/01\/jornal-empolderado-1024x1024.jpg 1024w, https:\/\/sites.usp.br\/dhd\/wp-content\/uploads\/sites\/1063\/2022\/01\/jornal-empolderado-150x150.jpg 150w, https:\/\/sites.usp.br\/dhd\/wp-content\/uploads\/sites\/1063\/2022\/01\/jornal-empolderado-768x768.jpg 768w, https:\/\/sites.usp.br\/dhd\/wp-content\/uploads\/sites\/1063\/2022\/01\/jornal-empolderado-45x45.jpg 45w, https:\/\/sites.usp.br\/dhd\/wp-content\/uploads\/sites\/1063\/2022\/01\/jornal-empolderado-200x200.jpg 200w, https:\/\/sites.usp.br\/dhd\/wp-content\/uploads\/sites\/1063\/2022\/01\/jornal-empolderado-400x400.jpg 400w, https:\/\/sites.usp.br\/dhd\/wp-content\/uploads\/sites\/1063\/2022\/01\/jornal-empolderado.jpg 1080w\" sizes=\"(max-width: 202px) 100vw, 202px\" \/><\/a><\/p>\n<p>O <strong>Jornal Empoderado<\/strong> nasceu para dar visibilidade aos invis\u00edveis e levar reflex\u00e3o sobre a vida que nos cerca. Tirar da zona de conforto que n\u00f3s somos colocados diariamente. \u00c9 normal termos excesso de regras que podam nossa criatividade e combatividade, mas o ant\u00eddoto para isto est\u00e1 nas letras, na informa\u00e7\u00e3o e no estudo di\u00e1rio. Sendo assim daremos voz a quem tem muito a mostrar e n\u00e3o foi \u201cdescoberto\u201d ainda.\u00a0O Jornal circula na regi\u00e3o central de S\u00e3o Paulo, com periodicidade mensal, distribu\u00eddo gratuitamente. Com conte\u00fado din\u00e2mico e fora da caixa priorizaremos a informa\u00e7\u00e3o que voc\u00ea n\u00e3o tem na velha m\u00eddia.<\/p>\n<p>Saiba mais: <a href=\"https:\/\/jornalempoderado.com.br\/\">https:\/\/jornalempoderado.com.br\/<\/a><\/p>\n<p>&nbsp;<\/p>\n<p>A <strong>Ponte<\/strong> \u00e9 uma Organiza\u00e7\u00e3o sem fins lucrativos criada em 2014 com o intuito de defender o jornalismo por meio dos direitos <a href=\"https:\/\/sites.usp.br\/dhd\/wp-content\/uploads\/sites\/1063\/2022\/01\/ponte-fundo-preto.jpg\"><img loading=\"lazy\" decoding=\"async\" class=\" wp-image-3008 alignright\" src=\"https:\/\/sites.usp.br\/dhd\/wp-content\/uploads\/sites\/1063\/2022\/01\/ponte-fundo-preto-300x174.jpg\" alt=\"\" width=\"284\" height=\"165\" srcset=\"https:\/\/sites.usp.br\/dhd\/wp-content\/uploads\/sites\/1063\/2022\/01\/ponte-fundo-preto-300x174.jpg 300w, https:\/\/sites.usp.br\/dhd\/wp-content\/uploads\/sites\/1063\/2022\/01\/ponte-fundo-preto-1024x594.jpg 1024w, https:\/\/sites.usp.br\/dhd\/wp-content\/uploads\/sites\/1063\/2022\/01\/ponte-fundo-preto-768x445.jpg 768w, https:\/\/sites.usp.br\/dhd\/wp-content\/uploads\/sites\/1063\/2022\/01\/ponte-fundo-preto-400x232.jpg 400w, https:\/\/sites.usp.br\/dhd\/wp-content\/uploads\/sites\/1063\/2022\/01\/ponte-fundo-preto.jpg 1280w\" sizes=\"(max-width: 284px) 100vw, 284px\" \/><\/a> humanos, a fim de ampliar vozes marginalizadas por conta de opress\u00f5es de ra\u00e7a, classe e g\u00eanero, bem como colaborar para a sobreviv\u00eancia da democracia brasileira. Para isso, a <em>Ponte Jornalismo <\/em>trata em suas reportagens sobre pautas relativas \u00e0 viol\u00eancia de Estado, ra\u00e7a, g\u00eanero e cultura, com foco em temas ligados \u00e0 justi\u00e7a, seguran\u00e7a p\u00fablica e ao aparelho repressivo estatal.<\/p>\n<p>Saiba mais: <a href=\"https:\/\/ponte.org\/\">https:\/\/ponte.org\/<\/a><\/p>\n<p>&nbsp;<\/p>\n<p><strong>Periferia em Movimento <\/strong>\u00e9 uma produtora de Jornalismo de Quebrada cuja miss\u00e3o \u00e9 produzir narrativas jornal\u00edsticas<a href=\"https:\/\/sites.usp.br\/dhd\/wp-content\/uploads\/sites\/1063\/2022\/01\/periferia-em-movimento-logo.png\"><img loading=\"lazy\" decoding=\"async\" class=\" wp-image-3113 alignleft\" src=\"https:\/\/sites.usp.br\/dhd\/wp-content\/uploads\/sites\/1063\/2022\/01\/periferia-em-movimento-logo.png\" alt=\"\" width=\"222\" height=\"222\" srcset=\"https:\/\/sites.usp.br\/dhd\/wp-content\/uploads\/sites\/1063\/2022\/01\/periferia-em-movimento-logo.png 190w, https:\/\/sites.usp.br\/dhd\/wp-content\/uploads\/sites\/1063\/2022\/01\/periferia-em-movimento-logo-150x150.png 150w, https:\/\/sites.usp.br\/dhd\/wp-content\/uploads\/sites\/1063\/2022\/01\/periferia-em-movimento-logo-45x45.png 45w\" sizes=\"(max-width: 222px) 100vw, 222px\" \/><\/a> sobre, para e a partir das periferias. Anteriormente denominada como coletivo de comunica\u00e7\u00e3o, a <em>Periferia em Movimento <\/em>foi fundada em 2009 por jornalistas em processo de trabalho de conclus\u00e3o de curso (TCC) e, atualmente, trabalha nas frentes de produ\u00e7\u00e3o de conte\u00fado e articula\u00e7\u00f5es a fim de incidir politicamente dentro e fora dos territ\u00f3rios perif\u00e9ricos, bem como defender direitos humanos. As editorias do site s\u00e3o: Contra o Genoc\u00eddio; Cultura e Identidade; Democratiza\u00e7\u00e3o da M\u00eddia; Educa\u00e7\u00e3o; G\u00eanero e Sexualidade; Meio Ambiente; Mobilidade; Moradia; Resist\u00eancia Ind\u00edgena; Sa\u00fade; Terceira Idade; e Trabalho e Renda. O grupo j\u00e1 promoveu tr\u00eas edi\u00e7\u00f5es do processo educativo \u201cRep\u00f3rter da Quebrada: Jornalismo e Direitos Humanos conectando o Extremo Sul\u201d, composto por encontros educomunicativos baseados na linguagem jornal\u00edstica voltados a adolescentes e jovens de Capela do Socorro, Parelheiros e Cidade Dutra.<\/p>\n<p>Saiba mais: <a href=\"http:\/\/periferiaemmovimento.com.br\/\">http:\/\/periferiaemmovimento.com.br\/<\/a><\/p>\n","protected":false},"excerpt":{"rendered":"<p>Parceiros Nossa articula\u00e7\u00e3o entre parceiros externos \u00e0 universidade \u00e9 formada por coletivos culturais das periferias, organiza\u00e7\u00f5es sociais e Organiza\u00e7\u00f5es Governamentais que contribuem para trocas de experi\u00eancias tanto no programa de forma\u00e7\u00e3o, quanto da sua difus\u00e3o por meio de suas comunidades onde est\u00e3o inseridos. O Centro de Mem\u00f3ria das Lutas Populares Ana Dias resgata as hist\u00f3rias [&hellip;]<\/p>\n","protected":false},"author":22720,"featured_media":0,"parent":1183,"menu_order":0,"comment_status":"closed","ping_status":"closed","template":"","meta":{"_monsterinsights_skip_tracking":false,"_monsterinsights_sitenote_active":false,"_monsterinsights_sitenote_note":"","_monsterinsights_sitenote_category":0,"footnotes":"","_links_to":"","_links_to_target":""},"class_list":["post-2799","page","type-page","status-publish","hentry","entry"],"_links":{"self":[{"href":"https:\/\/sites.usp.br\/dhd\/wp-json\/wp\/v2\/pages\/2799","targetHints":{"allow":["GET"]}}],"collection":[{"href":"https:\/\/sites.usp.br\/dhd\/wp-json\/wp\/v2\/pages"}],"about":[{"href":"https:\/\/sites.usp.br\/dhd\/wp-json\/wp\/v2\/types\/page"}],"author":[{"embeddable":true,"href":"https:\/\/sites.usp.br\/dhd\/wp-json\/wp\/v2\/users\/22720"}],"replies":[{"embeddable":true,"href":"https:\/\/sites.usp.br\/dhd\/wp-json\/wp\/v2\/comments?post=2799"}],"version-history":[{"count":5,"href":"https:\/\/sites.usp.br\/dhd\/wp-json\/wp\/v2\/pages\/2799\/revisions"}],"predecessor-version":[{"id":3485,"href":"https:\/\/sites.usp.br\/dhd\/wp-json\/wp\/v2\/pages\/2799\/revisions\/3485"}],"up":[{"embeddable":true,"href":"https:\/\/sites.usp.br\/dhd\/wp-json\/wp\/v2\/pages\/1183"}],"wp:attachment":[{"href":"https:\/\/sites.usp.br\/dhd\/wp-json\/wp\/v2\/media?parent=2799"}],"curies":[{"name":"wp","href":"https:\/\/api.w.org\/{rel}","templated":true}]}}