{"id":169,"date":"2024-03-27T13:34:11","date_gmt":"2024-03-27T15:34:11","guid":{"rendered":"https:\/\/sites.usp.br\/eifamb\/?page_id=169"},"modified":"2026-07-28T12:38:15","modified_gmt":"2026-07-28T14:38:15","slug":"programacao","status":"publish","type":"page","link":"https:\/\/sites.usp.br\/eifamb\/programacao\/","title":{"rendered":"Programa\u00e7\u00e3o"},"content":{"rendered":"\t\t<div data-elementor-type=\"wp-page\" data-elementor-id=\"169\" class=\"elementor elementor-169\" data-elementor-post-type=\"page\">\n\t\t\t\t<div class=\"elementor-element elementor-element-a851985 e-con-full e-flex e-con e-parent\" data-id=\"a851985\" data-element_type=\"container\" data-settings=\"{&quot;background_background&quot;:&quot;classic&quot;}\">\n\t\t<div class=\"elementor-element elementor-element-8e8d139 e-con-full e-flex e-con e-child\" data-id=\"8e8d139\" data-element_type=\"container\">\n\t\t\t\t<div class=\"elementor-element elementor-element-05c4337 elementor-widget elementor-widget-spacer\" data-id=\"05c4337\" data-element_type=\"widget\" data-widget_type=\"spacer.default\">\n\t\t\t\t<div class=\"elementor-widget-container\">\n\t\t\t\t\t<div class=\"elementor-spacer\">\n\t\t\t<div class=\"elementor-spacer-inner\"><\/div>\n\t\t<\/div>\n\t\t\t\t<\/div>\n\t\t\t\t<\/div>\n\t\t\t\t<div class=\"elementor-element elementor-element-fad7e4e elementor-widget__width-initial elementor-widget elementor-widget-heading\" data-id=\"fad7e4e\" data-element_type=\"widget\" data-widget_type=\"heading.default\">\n\t\t\t\t<div class=\"elementor-widget-container\">\n\t\t\t<h2 class=\"elementor-heading-title elementor-size-default\">PROGRAMA\u00c7\u00c3O 2026<\/h2>\t\t<\/div>\n\t\t\t\t<\/div>\n\t\t\t\t<\/div>\n\t\t\t\t<div class=\"elementor-element elementor-element-1c0bf53 elementor-widget elementor-widget-text-editor\" data-id=\"1c0bf53\" data-element_type=\"widget\" data-widget_type=\"text-editor.default\">\n\t\t\t\t<div class=\"elementor-widget-container\">\n\t\t\t\t\t\t\t<style>\n  .tabela-programacao {\n    width: 100%;\n    border-collapse: collapse;\n    font-family: Arial, sans-serif;\n    margin-bottom: 40px;\n    box-shadow: 0 1px 4px rgba(0,0,0,0.1);\n  }\n  .tabela-programacao th, .tabela-programacao td {\n    border: 1px solid #e0e0e0;\n    padding: 12px 16px;\n    text-align: left;\n  }\n  .tabela-programacao thead th {\n    background-color: #dc5617; \n    color: #ffffff;\n    font-size: 1.05em;\n  }\n  .tabela-programacao tbody tr:nth-child(even) {\n    background-color: #f9f9f9;\n  }\n  .tabela-programacao tbody tr:hover {\n    background-color: #f1f5f9;\n  }\n  .col-horario {\n    width: 15%;\n    font-weight: bold;\n    color: #333;\n    white-space: nowrap;\n  }\n  .linha-pausa td {\n    background-color: #fdf0eb !important; \n    color: #dc5617; \n  }\n  .titulo-palestra {\n    font-weight: bold;\n    color: #1a1a1a;\n    display: block;\n  }\n  .nome-palestrante {\n    display: block;\n    font-size: 0.9em;\n    color: #555;\n    margin-top: 4px;\n  }\n  .dia-titulo {\n    color: #dc5617; \n    border-bottom: 2px solid #dc5617; \n    padding-bottom: 4px;\n    margin-top: 30px;\n    margin-bottom: 15px;\n    display: inline-block;\n  }\n<\/style>\n\n<h3 class=\"dia-titulo\">Segunda-feira (27\/07)<\/h3>\n<table class=\"tabela-programacao\">\n  <thead>\n    <tr>\n      <th class=\"col-horario\">Hor\u00e1rio<\/th>\n      <th>Palestrante \/ Palestra<\/th>\n    <\/tr>\n  <\/thead>\n  <tbody>\n    <tr class=\"linha-pausa\">\n      <td class=\"col-horario\">08:30<\/td>\n      <td><strong>Credenciamento<\/strong><\/td>\n    <\/tr>\n    <tr>\n      <td class=\"col-horario\">09:00<\/td>\n      <td>\n        <span class=\"titulo-palestra\">Abertura<\/span>\n        <span class=\"titulo-palestra\">40 anos da P\u00f3s-Gradua\u00e7\u00e3o FAMB: os caminhos trilhados at\u00e9 aqui<\/span>\n        <span class=\"nome-palestrante\">Prof. Dr. Oswaldo Baffa<\/span>\n      <\/td>\n    <\/tr>\n    <tr class=\"linha-pausa\">\n      <td class=\"col-horario\">10:30<\/td>\n      <td><strong>Coffee break<\/strong><\/td>\n    <\/tr>\n    <tr>\n      <td class=\"col-horario\">11:00<\/td>\n      <td>\n        <span class=\"titulo-palestra\">Biof\u00edsica molecular &#8211; o \u201cculpado\u201d \u00e9 sempre o mordomo<\/span>\n        <span class=\"nome-palestrante\">Prof. Dr. Ant\u00f4nio Filho<\/span>\n      <\/td>\n    <\/tr>\n    <tr>\n      <td class=\"col-horario\">11:45<\/td>\n      <td>\n        <span class=\"titulo-palestra\">Escutar a luz para visualizar o interior do corpo: a imagem fotoac\u00fastica<\/span>\n        <span class=\"nome-palestrante\">Prof. Dr. Theo Pavan<\/span>\n      <\/td>\n    <\/tr>\n    <tr class=\"linha-pausa\">\n      <td class=\"col-horario\">12:30<\/td>\n      <td><strong>Almo\u00e7o<\/strong><\/td>\n    <\/tr>\n    <tr>\n      <td class=\"col-horario\">14:15<\/td>\n      <td><span class=\"titulo-palestra\">Concentra\u00e7\u00e3o na sala DE-26 (Segundo andar)<\/span><\/td>\n    <\/tr>\n    <tr>\n      <td class=\"col-horario\">14:30<\/td>\n      <td><span class=\"titulo-palestra\">Visita aos laborat\u00f3rios do PPG-FAMB<\/span><\/td>\n    <\/tr>\n  <\/tbody>\n<\/table>\n\n<h3 class=\"dia-titulo\">Ter\u00e7a-feira (28\/07)<\/h3>\n<table class=\"tabela-programacao\">\n  <thead>\n    <tr>\n      <th class=\"col-horario\">Hor\u00e1rio<\/th>\n      <th>Palestrante \/ Palestra<\/th>\n    <\/tr>\n  <\/thead>\n  <tbody>\n    <tr>\n      <td class=\"col-horario\">09:00<\/td>\n      <td>\n        <span class=\"titulo-palestra\">Radioatividade e vida: pesquisa, diagn\u00f3stico e terapia em medicina nuclear<\/span>\n        <span class=\"nome-palestrante\">Prof. Dr. Eder Moraes<\/span>\n      <\/td>\n    <\/tr>\n    <tr>\n      <td class=\"col-horario\">09:45<\/td>\n      <td>\n        <span class=\"titulo-palestra\">Aplica\u00e7\u00f5es de intelig\u00eancia artificial na an\u00e1lise comportamental de ratos e peixes e na engenharia reversa de circuitos neurais<\/span>\n        <span class=\"nome-palestrante\">Profa. Dra. Ariadne Costa<\/span>\n      <\/td>\n    <\/tr>\n    <tr class=\"linha-pausa\">\n      <td class=\"col-horario\">10:30<\/td>\n      <td><strong>Coffee break<\/strong><\/td>\n    <\/tr>\n    <tr>\n      <td class=\"col-horario\">11:00<\/td>\n      <td>\n        <span class=\"titulo-palestra\">O que os campos magn\u00e9ticos podem fazer pela sa\u00fade?<\/span>\n        <span class=\"nome-palestrante\">Prof. Dr. Oswaldo Baffa<\/span>\n      <\/td>\n    <\/tr>\n    <tr>\n      <td class=\"col-horario\">11:45<\/td>\n      <td>\n        <span class=\"titulo-palestra\">Inova\u00e7\u00e3o em diagn\u00f3stico e terapia integrando ultrassom, magnetismo e nanopart\u00edculas<\/span>\n        <span class=\"nome-palestrante\">Prof. Dr. Adilton Carneiro<\/span>\n      <\/td>\n    <\/tr>\n    <tr class=\"linha-pausa\">\n      <td class=\"col-horario\">12:30<\/td>\n      <td><strong>Almo\u00e7o<\/strong><\/td>\n    <\/tr>\n    <tr>\n      <td class=\"col-horario\">14:15<\/td>\n      <td><span class=\"titulo-palestra\">Concentra\u00e7\u00e3o na sala DE-26 (Segundo andar)<\/span><\/td>\n    <\/tr>\n    <tr>\n      <td class=\"col-horario\">14:30<\/td>\n      <td><span class=\"titulo-palestra\">Visita aos laborat\u00f3rios do PPG-FAMB<\/span><\/td>\n    <\/tr>\n  <\/tbody>\n<\/table>\n\n<h3 class=\"dia-titulo\">Quarta-feira (29\/07)<\/h3>\n<table class=\"tabela-programacao\">\n  <thead>\n    <tr>\n      <th class=\"col-horario\">Hor\u00e1rio<\/th>\n      <th>Palestrante \/ Palestra<\/th>\n    <\/tr>\n  <\/thead>\n  <tbody>\n    <tr>\n      <td class=\"col-horario\">09:00<\/td>\n      <td>\n        <span class=\"titulo-palestra\">Impacto da temperatura em tratamentos de fotobiomodula\u00e7\u00e3o para popula\u00e7\u00e3o negra<\/span>\n        <span class=\"nome-palestrante\">Dr. Luismar Junior<\/span>\n      <\/td>\n    <\/tr>\n    <tr>\n      <td class=\"col-horario\">09:45<\/td>\n      <td>\n        <span class=\"titulo-palestra\">Da verifica\u00e7\u00e3o da dose \u00e0 predi\u00e7\u00e3o da resposta do tratamento em radioterapia<\/span>\n        <span class=\"nome-palestrante\">Profa. Dra. Juliana Pavoni<\/span>\n      <\/td>\n    <\/tr>\n    <tr class=\"linha-pausa\">\n      <td class=\"col-horario\">10:30<\/td>\n      <td><strong>Coffee break<\/strong><\/td>\n    <\/tr>\n    <tr>\n      <td class=\"col-horario\">11:00<\/td>\n      <td>\n        <span class=\"titulo-palestra\">Design de nanopart\u00edculas multifuncionais para radioterapia e dosimetria de radia\u00e7\u00f5es ionizantes<\/span>\n        <span class=\"nome-palestrante\">Dra. Mileni Isikawa<\/span>\n      <\/td>\n    <\/tr>\n    <tr class=\"linha-pausa\">\n      <td class=\"col-horario\">11:45<\/td>\n      <td><strong>Almo\u00e7o<\/strong><\/td>\n    <\/tr>\n    <tr>\n      <td class=\"col-horario\">14:00<\/td>\n      <td><span class=\"titulo-palestra\">Visita ao Supera Parque<\/span><\/td>\n    <\/tr>\n  <\/tbody>\n<\/table>\n\n<h3 class=\"dia-titulo\">Quinta-feira (30\/07)<\/h3>\n<table class=\"tabela-programacao\">\n  <thead>\n    <tr>\n      <th class=\"col-horario\">Hor\u00e1rio<\/th>\n      <th>Palestrante \/ Palestra<\/th>\n    <\/tr>\n  <\/thead>\n  <tbody>\n    <tr>\n      <td class=\"col-horario\">09:00<\/td>\n      <td>\n        <span class=\"titulo-palestra\">\u00d3ptica biom\u00e9dica<\/span>\n        <span class=\"nome-palestrante\">Bel. Kaio Barros<\/span>\n      <\/td>\n    <\/tr>\n    <tr>\n      <td class=\"col-horario\">09:45<\/td>\n      <td>\n        <span class=\"titulo-palestra\">Laborat\u00f3rio Sensormat: pesquisa em sensores e biossensores<\/span>\n        <span class=\"nome-palestrante\">Dr. Bassam Bachour<\/span>\n      <\/td>\n    <\/tr>\n    <tr class=\"linha-pausa\">\n      <td class=\"col-horario\">10:30<\/td>\n      <td><strong>Coffee break<\/strong><\/td>\n    <\/tr>\n    <tr>\n      <td class=\"col-horario\">11:00<\/td>\n      <td>\n        <span class=\"titulo-palestra\">A f\u00edsica e a matem\u00e1tica do c\u00e9rebro: o laborat\u00f3rio de sistemas neurais<\/span>\n        <span class=\"nome-palestrante\">Me. Thiago Bezerra<\/span>\n      <\/td>\n    <\/tr>\n    <tr>\n      <td class=\"col-horario\">11:45<\/td>\n      <td>\n        <span class=\"titulo-palestra\">Previs\u00e3o de varia\u00e7\u00f5es abruptas em dados<\/span>\n        <span class=\"nome-palestrante\">Prof. Dr. Alexandre Martinez<\/span>\n      <\/td>\n    <\/tr>\n    <tr class=\"linha-pausa\">\n      <td class=\"col-horario\">12:30<\/td>\n      <td><strong>Almo\u00e7o<\/strong><\/td>\n    <\/tr>\n    <tr>\n      <td class=\"col-horario\">14:30<\/td>\n      <td><span class=\"titulo-palestra\">Pitch cient\u00edfico<\/span><\/td>\n    <\/tr>\n  <\/tbody>\n<\/table>\n\n<h3 class=\"dia-titulo\">Sexta-feira (31\/07)<\/h3>\n<table class=\"tabela-programacao\">\n  <thead>\n    <tr>\n      <th class=\"col-horario\">Hor\u00e1rio<\/th>\n      <th>Palestrante \/ Palestra<\/th>\n    <\/tr>\n  <\/thead>\n  <tbody>\n    <tr>\n      <td class=\"col-horario\">09:00<\/td>\n      <td>\n        <span class=\"titulo-palestra\">Intelig\u00eancia computacional aplicada ao diagn\u00f3stico biom\u00e9dico: an\u00e1lise de sinais de ECG e imagens de tomografia via redes neurais MLP e CNN<\/span>\n        <span class=\"nome-palestrante\">Prof. Dr. Ubiraci Neves<\/span>\n      <\/td>\n    <\/tr>\n    <tr>\n      <td class=\"col-horario\">09:45<\/td>\n      <td>\n        <span class=\"titulo-palestra\">Do pixel \u00e0 fisiologia: como a f\u00edsica, a matem\u00e1tica, e a computa\u00e7\u00e3o transformam imagens de v\u00eddeo em informa\u00e7\u00e3o de perfus\u00e3o sangu\u00ednea<\/span>\n        <span class=\"nome-palestrante\">Prof. Dr. George Cardoso<\/span>\n      <\/td>\n    <\/tr>\n    <tr class=\"linha-pausa\">\n      <td class=\"col-horario\">10:30<\/td>\n      <td><strong>Coffee break<\/strong><\/td>\n    <\/tr>\n    <tr>\n      <td class=\"col-horario\">11:00<\/td>\n      <td>\n        <span class=\"titulo-palestra\">Do diagn\u00f3stico \u00e0 terapia: sistemas teran\u00f3sticos na nanomedicina<\/span>\n        <span class=\"nome-palestrante\">Profa. Dra. Juliana Cancino<\/span>\n      <\/td>\n    <\/tr>\n    <tr>\n      <td class=\"col-horario\">11:45<\/td>\n      <td>\n        <span class=\"titulo-palestra\">Neuroimagem quantitativa em doen\u00e7a neurodegenerativa<\/span>\n        <span class=\"nome-palestrante\">Profa. Dra. Renata Leoni<\/span>\n      <\/td>\n    <\/tr>\n    <tr class=\"linha-pausa\">\n      <td class=\"col-horario\">12:30<\/td>\n      <td><strong>Encerramento<\/strong><\/td>\n    <\/tr>\n  <\/tbody>\n<\/table>\n\t\t\t\t\t\t<\/div>\n\t\t\t\t<\/div>\n\t\t<div class=\"elementor-element elementor-element-a274a9b e-con-full e-flex e-con e-child\" data-id=\"a274a9b\" data-element_type=\"container\">\n\t\t\t\t<div class=\"elementor-element elementor-element-31c3146 elementor-widget__width-initial elementor-widget elementor-widget-text-editor\" data-id=\"31c3146\" data-element_type=\"widget\" data-widget_type=\"text-editor.default\">\n\t\t\t\t<div class=\"elementor-widget-container\">\n\t\t\t\t\t\t\t<p>Acesse tamb\u00e9m toda a nossa programa\u00e7\u00e3o em PDF clicando no \u00edcone abaixo:<\/p>\t\t\t\t\t\t<\/div>\n\t\t\t\t<\/div>\n\t\t\t\t<\/div>\n\t\t<div class=\"elementor-element elementor-element-d6e43b7 e-con-full e-flex e-con e-child\" data-id=\"d6e43b7\" data-element_type=\"container\">\n\t\t\t\t<div class=\"elementor-element elementor-element-590468f elementor-align-center elementor-widget__width-initial elementor-widget elementor-widget-button\" data-id=\"590468f\" data-element_type=\"widget\" data-widget_type=\"button.default\">\n\t\t\t\t<div class=\"elementor-widget-container\">\n\t\t\t\t\t\t\t<div class=\"elementor-button-wrapper\">\n\t\t\t\t\t<a class=\"elementor-button elementor-button-link elementor-size-sm\" href=\"https:\/\/sites.usp.br\/eifamb\/wp-content\/uploads\/sites\/1451\/2026\/07\/Visita-EEIFAMB-SUPERA-Tour-2026.pdf\" target=\"_blank\">\n\t\t\t\t\t\t<span class=\"elementor-button-content-wrapper\">\n\t\t\t\t\t\t\t\t\t<span class=\"elementor-button-text\">Programa\u00e7\u00e3o Supera Parque<\/span>\n\t\t\t\t\t<\/span>\n\t\t\t\t\t<\/a>\n\t\t\t\t<\/div>\n\t\t\t\t\t\t<\/div>\n\t\t\t\t<\/div>\n\t\t\t\t<div class=\"elementor-element elementor-element-82d7adc elementor-widget elementor-widget-html\" data-id=\"82d7adc\" data-element_type=\"widget\" data-widget_type=\"html.default\">\n\t\t\t\t<div class=\"elementor-widget-container\">\n\t\t\t<button id=\"botao-pdf\">Baixar PDF<\/button>\r\n\r\n<script>\r\ndocument.getElementById(\"botao-pdf\").addEventListener(\"click\", function(){\r\n\r\n\/\/ abrir todas as altern\u00e2ncias\r\ndocument.querySelectorAll(\".elementor-tab-title\").forEach(function(tab){\r\ntab.click();\r\n});\r\n\r\n\/\/ esperar abrir e depois imprimir\r\nsetTimeout(function(){\r\nwindow.print();\r\n}, 500);\r\n\r\n});\r\n<\/script>\t\t<\/div>\n\t\t\t\t<\/div>\n\t\t\t\t<\/div>\n\t\t<div class=\"elementor-element elementor-element-1ace81c e-con-full e-flex e-con e-child\" data-id=\"1ace81c\" data-element_type=\"container\">\n\t\t\t\t<div class=\"elementor-element elementor-element-6daca6d elementor-widget-divider--view-line elementor-widget elementor-widget-divider\" data-id=\"6daca6d\" data-element_type=\"widget\" data-widget_type=\"divider.default\">\n\t\t\t\t<div class=\"elementor-widget-container\">\n\t\t\t\t\t<div class=\"elementor-divider\">\n\t\t\t<span class=\"elementor-divider-separator\">\n\t\t\t\t\t\t<\/span>\n\t\t<\/div>\n\t\t\t\t<\/div>\n\t\t\t\t<\/div>\n\t\t\t\t<\/div>\n\t\t\t\t<\/div>\n\t\t<div class=\"elementor-element elementor-element-334890e e-flex e-con-boxed e-con e-parent\" data-id=\"334890e\" data-element_type=\"container\">\n\t\t\t\t\t<div class=\"e-con-inner\">\n\t\t\t\t\t<\/div>\n\t\t\t\t<\/div>\n\t\t\t\t<\/div>\n\t\t","protected":false},"excerpt":{"rendered":"<p>PROGRAMA\u00c7\u00c3O 2026 Segunda-feira (27\/07) Hor\u00e1rio Palestrante \/ Palestra 08:30 Credenciamento 09:00 Abertura 40 anos da P\u00f3s-Gradua\u00e7\u00e3o FAMB: os caminhos trilhados at\u00e9 aqui Prof. Dr. Oswaldo Baffa 10:30 Coffee break 11:00 Biof\u00edsica molecular &#8211; o \u201cculpado\u201d \u00e9 sempre o mordomo Prof. Dr. Ant\u00f4nio Filho 11:45 Escutar a luz para visualizar o interior do corpo: a imagem [&hellip;]<\/p>\n","protected":false},"author":22154,"featured_media":0,"parent":0,"menu_order":2,"comment_status":"closed","ping_status":"closed","template":"elementor_header_footer","meta":{"footnotes":"","_links_to":"","_links_to_target":""},"class_list":["post-169","page","type-page","status-publish","hentry"],"yoast_head":"<!-- This site is optimized with the Yoast SEO plugin v27.9 - https:\/\/yoast.com\/product\/yoast-seo-wordpress\/ -->\n<title>Programa\u00e7\u00e3o - EIFAMB - Escola de Inverno FAMB<\/title>\n<meta name=\"robots\" content=\"index, follow, max-snippet:-1, max-image-preview:large, max-video-preview:-1\" \/>\n<link rel=\"canonical\" href=\"https:\/\/sites.usp.br\/eifamb\/programacao\/\" \/>\n<meta name=\"twitter:label1\" content=\"Est. tempo de leitura\" \/>\n\t<meta name=\"twitter:data1\" content=\"2 minutos\" \/>\n<script type=\"application\/ld+json\" class=\"yoast-schema-graph\">{\"@context\":\"https:\\\/\\\/schema.org\",\"@graph\":[{\"@type\":\"WebPage\",\"@id\":\"https:\\\/\\\/sites.usp.br\\\/eifamb\\\/programacao\\\/\",\"url\":\"https:\\\/\\\/sites.usp.br\\\/eifamb\\\/programacao\\\/\",\"name\":\"Programa\u00e7\u00e3o - EIFAMB - Escola de Inverno FAMB\",\"isPartOf\":{\"@id\":\"https:\\\/\\\/sites.usp.br\\\/eifamb\\\/#website\"},\"datePublished\":\"2024-03-27T15:34:11+00:00\",\"dateModified\":\"2026-07-28T14:38:15+00:00\",\"inLanguage\":\"pt-BR\",\"potentialAction\":[{\"@type\":\"ReadAction\",\"target\":[\"https:\\\/\\\/sites.usp.br\\\/eifamb\\\/programacao\\\/\"]}]},{\"@type\":\"WebSite\",\"@id\":\"https:\\\/\\\/sites.usp.br\\\/eifamb\\\/#website\",\"url\":\"https:\\\/\\\/sites.usp.br\\\/eifamb\\\/\",\"name\":\"EIFAMB - Escola de Inverno FAMB\",\"description\":\"Conhe\u00e7a a Escola de Inverno do Programa de P\u00f3s-gradua\u00e7\u00e3o em F\u00edsica Aplicada \u00e0 Medicina e Biologia - USP\\\/RP\",\"publisher\":{\"@id\":\"https:\\\/\\\/sites.usp.br\\\/eifamb\\\/#organization\"},\"potentialAction\":[{\"@type\":\"SearchAction\",\"target\":{\"@type\":\"EntryPoint\",\"urlTemplate\":\"https:\\\/\\\/sites.usp.br\\\/eifamb\\\/?s={search_term_string}\"},\"query-input\":{\"@type\":\"PropertyValueSpecification\",\"valueRequired\":true,\"valueName\":\"search_term_string\"}}],\"inLanguage\":\"pt-BR\"},{\"@type\":\"Organization\",\"@id\":\"https:\\\/\\\/sites.usp.br\\\/eifamb\\\/#organization\",\"name\":\"EIFAMB - Escola de Inverno em F\u00edsica Aplicada \u00e0 Medicina e Biologia\",\"url\":\"https:\\\/\\\/sites.usp.br\\\/eifamb\\\/\",\"logo\":{\"@type\":\"ImageObject\",\"inLanguage\":\"pt-BR\",\"@id\":\"https:\\\/\\\/sites.usp.br\\\/eifamb\\\/#\\\/schema\\\/logo\\\/image\\\/\",\"url\":\"https:\\\/\\\/sites.usp.br\\\/eifamb\\\/wp-content\\\/uploads\\\/sites\\\/1451\\\/2024\\\/04\\\/logo-eifamb-completo.png\",\"contentUrl\":\"https:\\\/\\\/sites.usp.br\\\/eifamb\\\/wp-content\\\/uploads\\\/sites\\\/1451\\\/2024\\\/04\\\/logo-eifamb-completo.png\",\"width\":1080,\"height\":1080,\"caption\":\"EIFAMB - Escola de Inverno em F\u00edsica Aplicada \u00e0 Medicina e Biologia\"},\"image\":{\"@id\":\"https:\\\/\\\/sites.usp.br\\\/eifamb\\\/#\\\/schema\\\/logo\\\/image\\\/\"},\"sameAs\":[\"https:\\\/\\\/www.facebook.com\\\/eifamb\\\/\",\"https:\\\/\\\/www.instagram.com\\\/eifamb_usp\\\/\"]}]}<\/script>\n<!-- \/ Yoast SEO plugin. -->","yoast_head_json":{"title":"Programa\u00e7\u00e3o - EIFAMB - Escola de Inverno FAMB","robots":{"index":"index","follow":"follow","max-snippet":"max-snippet:-1","max-image-preview":"max-image-preview:large","max-video-preview":"max-video-preview:-1"},"canonical":"https:\/\/sites.usp.br\/eifamb\/programacao\/","twitter_misc":{"Est. tempo de leitura":"2 minutos"},"schema":{"@context":"https:\/\/schema.org","@graph":[{"@type":"WebPage","@id":"https:\/\/sites.usp.br\/eifamb\/programacao\/","url":"https:\/\/sites.usp.br\/eifamb\/programacao\/","name":"Programa\u00e7\u00e3o - EIFAMB - Escola de Inverno FAMB","isPartOf":{"@id":"https:\/\/sites.usp.br\/eifamb\/#website"},"datePublished":"2024-03-27T15:34:11+00:00","dateModified":"2026-07-28T14:38:15+00:00","inLanguage":"pt-BR","potentialAction":[{"@type":"ReadAction","target":["https:\/\/sites.usp.br\/eifamb\/programacao\/"]}]},{"@type":"WebSite","@id":"https:\/\/sites.usp.br\/eifamb\/#website","url":"https:\/\/sites.usp.br\/eifamb\/","name":"EIFAMB - Escola de Inverno FAMB","description":"Conhe\u00e7a a Escola de Inverno do Programa de P\u00f3s-gradua\u00e7\u00e3o em F\u00edsica Aplicada \u00e0 Medicina e Biologia - USP\/RP","publisher":{"@id":"https:\/\/sites.usp.br\/eifamb\/#organization"},"potentialAction":[{"@type":"SearchAction","target":{"@type":"EntryPoint","urlTemplate":"https:\/\/sites.usp.br\/eifamb\/?s={search_term_string}"},"query-input":{"@type":"PropertyValueSpecification","valueRequired":true,"valueName":"search_term_string"}}],"inLanguage":"pt-BR"},{"@type":"Organization","@id":"https:\/\/sites.usp.br\/eifamb\/#organization","name":"EIFAMB - Escola de Inverno em F\u00edsica Aplicada \u00e0 Medicina e Biologia","url":"https:\/\/sites.usp.br\/eifamb\/","logo":{"@type":"ImageObject","inLanguage":"pt-BR","@id":"https:\/\/sites.usp.br\/eifamb\/#\/schema\/logo\/image\/","url":"https:\/\/sites.usp.br\/eifamb\/wp-content\/uploads\/sites\/1451\/2024\/04\/logo-eifamb-completo.png","contentUrl":"https:\/\/sites.usp.br\/eifamb\/wp-content\/uploads\/sites\/1451\/2024\/04\/logo-eifamb-completo.png","width":1080,"height":1080,"caption":"EIFAMB - Escola de Inverno em F\u00edsica Aplicada \u00e0 Medicina e Biologia"},"image":{"@id":"https:\/\/sites.usp.br\/eifamb\/#\/schema\/logo\/image\/"},"sameAs":["https:\/\/www.facebook.com\/eifamb\/","https:\/\/www.instagram.com\/eifamb_usp\/"]}]}},"_links":{"self":[{"href":"https:\/\/sites.usp.br\/eifamb\/wp-json\/wp\/v2\/pages\/169","targetHints":{"allow":["GET"]}}],"collection":[{"href":"https:\/\/sites.usp.br\/eifamb\/wp-json\/wp\/v2\/pages"}],"about":[{"href":"https:\/\/sites.usp.br\/eifamb\/wp-json\/wp\/v2\/types\/page"}],"author":[{"embeddable":true,"href":"https:\/\/sites.usp.br\/eifamb\/wp-json\/wp\/v2\/users\/22154"}],"replies":[{"embeddable":true,"href":"https:\/\/sites.usp.br\/eifamb\/wp-json\/wp\/v2\/comments?post=169"}],"version-history":[{"count":4,"href":"https:\/\/sites.usp.br\/eifamb\/wp-json\/wp\/v2\/pages\/169\/revisions"}],"predecessor-version":[{"id":2123,"href":"https:\/\/sites.usp.br\/eifamb\/wp-json\/wp\/v2\/pages\/169\/revisions\/2123"}],"wp:attachment":[{"href":"https:\/\/sites.usp.br\/eifamb\/wp-json\/wp\/v2\/media?parent=169"}],"curies":[{"name":"wp","href":"https:\/\/api.w.org\/{rel}","templated":true}]}}