{"id":414,"date":"2015-11-24T16:38:11","date_gmt":"2015-11-24T18:38:11","guid":{"rendered":"http:\/\/www.usp.br\/gefim\/?page_id=414"},"modified":"2015-12-04T11:49:51","modified_gmt":"2015-12-04T13:49:51","slug":"encontro-gestao-de-contratos-terceirizados-na-usp","status":"publish","type":"page","link":"https:\/\/sites.usp.br\/gefim\/encontro-gestao-de-contratos-terceirizados-na-usp\/","title":{"rendered":"I ENCONTRO  \u201cGEST\u00c3O DE CONTRATOS TERCEIRIZADOS NA USP\u201d"},"content":{"rendered":"<p style=\"text-align: left\">A Comiss\u00e3o GEFIM, com apoio da CODAGE, realizou no dia 02\/12\/2015 o I ENCONTRO \u201cGEST\u00c3O DE CONTRATOS TERCEIRIZADOS NA USP &#8211; Como melhorar a aplica\u00e7\u00e3o dos recursos\u201d, no Audit\u00f3rio Prof. Oswaldo Fadigas Fontes Torres localizado na Superintend\u00eancia de Tecnologia da Informa\u00e7\u00e3o, com\u00a0transmiss\u00e3o por videoconfer\u00eancia para todos os campi, conforme programa\u00e7\u00e3o do evento.<\/p>\n<p style=\"text-align: left\">O evento foi destinado aos Assistentes Administrativos e Financeiros, assim como, para os respons\u00e1veis pela gest\u00e3o e fiscaliza\u00e7\u00e3o de contratos terceirizados das unidades\/\u00f3rg\u00e3os.<\/p>\n<p style=\"text-align: left\">A seguir, destacamos os t\u00f3picos abordados e as apresenta\u00e7\u00f5es autorizadas\u00a0pelos palestrantes.<\/p>\n<p style=\"text-align: left\">Agradecemos a todos os organizadores, palestrantes e demais participantes que contribu\u00edram para a realiza\u00e7\u00e3o de mais este evento.<\/p>\n<p style=\"text-align: center\">COMISS\u00c3O GEFIM \/ CODAGE<br \/>\n===========================================================================<\/p>\n<p><em><strong><span style=\"color: #00ccff\">APRESENTA\u00c7\u00d5ES:<\/span><\/strong><\/em><\/p>\n<p><span style=\"color: #008080\"><strong>Planejamento das Licita\u00e7\u00f5es e Aditivos<br \/>\n<\/strong><\/span><strong style=\"line-height: 1.5\"><span style=\"color: #008080\">Revis\u00e3o do objeto contratual<\/span><br \/>\n<\/strong><a href=\"http:\/\/www.usp.br\/gefim\/wp-content\/uploads\/sites\/42\/2015\/12\/GEST\u00c3O-DE-CONTRATOS-TERCEIRIZADOS-Zenon.pdf\" target=\"_blank\">Zenon Seckler Ewald<br \/>\nAnalista para Assuntos Administrativos &#8211; CODAGE<\/a><\/p>\n<p><a href=\"http:\/\/www.usp.br\/gefim\/wp-content\/uploads\/sites\/42\/2015\/12\/GEST\u00c3O-DE-CONTRATOS-TERCEIRIZADOS-Dra-Adriana-Fragalle.pdf\" target=\"_blank\">Dra. Adriana Fragalle Moreira<br \/>\nProcuradora Chefe da Procuradoria de Contratos<br \/>\ne Licita\u00e7\u00f5es &#8211; PG\/USP<\/a><\/p>\n<p><strong><span style=\"color: #008080\">Gest\u00e3o de fiscaliza\u00e7\u00e3o dos contratos<\/span><br \/>\n<\/strong><a href=\"http:\/\/www.usp.br\/gefim\/wp-content\/uploads\/sites\/42\/2015\/12\/GEST\u00c3O-DE-CONTRATOS-TERCEIRIZADOS-Cleonice.pdf\" target=\"_blank\"><span style=\"line-height: 1.5\">Cleonice Furquim Barbosa<br \/>\n<\/span>Chefe da Se\u00e7\u00e3o T\u00e9cnica de Gest\u00e3o dos Contratos<\/a><\/p>\n<p><strong><span style=\"color: #008080\">Responsabilidade da Contratante e da Contratada<\/span><br \/>\n<\/strong><a href=\"http:\/\/www.usp.br\/gefim\/wp-content\/uploads\/sites\/42\/2015\/12\/GEST\u00c3O-DE-CONTRATOS-TERCEIRIZADOS-Dr-Hamilton.pdf\" target=\"_blank\"><span style=\"line-height: 1.5\">Dr. Hamilton de Castro Teixeira Silva<br \/>\n<\/span>Procurador &#8211; PG\/USP<\/a><\/p>\n<p style=\"text-align: center\">Clique na imagem abaixo para consultar a\u00a0programa\u00e7\u00e3o do evento:<br \/>\n<a href=\"http:\/\/www.usp.br\/gefim\/wp-content\/uploads\/sites\/42\/2015\/11\/evento_contratos2015.pdf\" target=\"_blank\"><img loading=\"lazy\" decoding=\"async\" class=\" size-full wp-image-415 aligncenter\" src=\"http:\/\/www.usp.br\/gefim\/wp-content\/uploads\/sites\/42\/2015\/11\/logo_evento_contratos2015.png\" alt=\"logo_evento_contratos2015\" width=\"109\" height=\"169\" \/><\/a><\/p>\n<p>&nbsp;<\/p>\n","protected":false},"excerpt":{"rendered":"<p>A Comiss\u00e3o GEFIM, com apoio da CODAGE, realizou no dia 02\/12\/2015 o I ENCONTRO \u201cGEST\u00c3O DE CONTRATOS TERCEIRIZADOS NA USP &#8211; Como melhorar a aplica\u00e7\u00e3o dos recursos\u201d, no Audit\u00f3rio Prof. Oswaldo Fadigas Fontes Torres localizado na Superintend\u00eancia de Tecnologia da Informa\u00e7\u00e3o, com\u00a0transmiss\u00e3o por videoconfer\u00eancia para todos os campi, conforme programa\u00e7\u00e3o do evento. O evento foi [&hellip;]<\/p>\n","protected":false},"author":158,"featured_media":0,"parent":0,"menu_order":0,"comment_status":"closed","ping_status":"closed","template":"","meta":{"footnotes":"","_links_to":"","_links_to_target":""},"class_list":["post-414","page","type-page","status-publish","hentry"],"_links":{"self":[{"href":"https:\/\/sites.usp.br\/gefim\/wp-json\/wp\/v2\/pages\/414","targetHints":{"allow":["GET"]}}],"collection":[{"href":"https:\/\/sites.usp.br\/gefim\/wp-json\/wp\/v2\/pages"}],"about":[{"href":"https:\/\/sites.usp.br\/gefim\/wp-json\/wp\/v2\/types\/page"}],"author":[{"embeddable":true,"href":"https:\/\/sites.usp.br\/gefim\/wp-json\/wp\/v2\/users\/158"}],"replies":[{"embeddable":true,"href":"https:\/\/sites.usp.br\/gefim\/wp-json\/wp\/v2\/comments?post=414"}],"version-history":[{"count":6,"href":"https:\/\/sites.usp.br\/gefim\/wp-json\/wp\/v2\/pages\/414\/revisions"}],"predecessor-version":[{"id":436,"href":"https:\/\/sites.usp.br\/gefim\/wp-json\/wp\/v2\/pages\/414\/revisions\/436"}],"wp:attachment":[{"href":"https:\/\/sites.usp.br\/gefim\/wp-json\/wp\/v2\/media?parent=414"}],"curies":[{"name":"wp","href":"https:\/\/api.w.org\/{rel}","templated":true}]}}