{"id":155,"date":"2019-11-25T15:50:04","date_gmt":"2019-11-25T17:50:04","guid":{"rendered":"https:\/\/sites.usp.br\/gelidis\/?page_id=155"},"modified":"2024-01-31T21:27:26","modified_gmt":"2024-01-31T23:27:26","slug":"livros","status":"publish","type":"page","link":"https:\/\/sites.usp.br\/gelidis\/publicacoes\/livros\/","title":{"rendered":"Livros e cap\u00edtulos"},"content":{"rendered":"<h3>Livros<\/h3>\n<pre><strong>Fic\u00e7\u00e3o Seriada: Estudos e pesquisas \u2013 Volume 3 <\/strong>(2021)\r\nLigia Prezia Lemos \r\nLarissa Leda Rocha\r\n<a href=\"https:\/\/12d8f5f9-ca5f-46c4-e811-cee6f7a02da3.filesusr.com\/ugd\/8181f9_19bddd0287ac445885b63f17215bdc6b.pdf\"><strong>Veja o livro<\/strong><\/a><\/pre>\n<pre><strong>A representa\u00e7\u00e3o de temas de interesse p\u00fablico na telenovela brasileira uma perspectiva dial\u00f3gica para o estudo da fic\u00e7\u00e3o audiovisual<\/strong> (2019)\r\nDaniela Jakubaszko\r\n<a href=\"https:\/\/www.alexaloja.com\/representacao-de-temas-de-interesse-publico-na-telenovela-brasileira-1073978261xJM\"><strong>Livro \u00e0 venda<\/strong><\/a><\/pre>\n<pre><strong>Fic\u00e7\u00e3o Seriada: Estudos e pesquisas \u2013 Volume 2 <\/strong>(2019)\r\nLigia Prezia Lemos \r\n<a href=\"https:\/\/12d8f5f9-ca5f-46c4-e811-cee6f7a02da3.filesusr.com\/ugd\/8181f9_a35582b438da418281acba761181fd6b.pdf\"><strong>Veja o livro<\/strong><\/a><\/pre>\n<div>\n<pre><strong>O Universo Narrativo de Latitudes: um estudo de caso das estrat\u00e9gias de transmidia\u00e7\u00e3o em uma produ\u00e7\u00e3o ficcional brasileira<\/strong> (2018)\r\nTomaz Penner\r\n<a href=\"https:\/\/www.amazon.ae\/Universo-Narrativo-Latitudes-estrat%C3%A9gias-transmidia%C3%A7%C3%A3o\/dp\/3330203285\"><strong>Livro \u00e0 venda<\/strong><\/a><\/pre>\n<pre><strong>Fic\u00e7\u00e3o Seriada: Estudos e pesquisas \u2013 Volume 1 <\/strong>(2018)\r\nFernanda Castilho\r\nLigia Prezia Lemos<\/pre>\n<\/div>\n<div>\n<pre><strong>A cor na voz: Identidade \u00c9tnico-Racial, Educomunica\u00e7\u00e3o e Hist\u00f3rias de Vida<\/strong> (2018)\r\nPaola Prandini\r\n<strong><a href=\"https:\/\/grupoeditorialletramento.com\/shop\/a-cor-na-voz-identidade-etnico-racial-educomunicacao-e-historias-de-vida\/\">Livro \u00e0 venda<\/a><\/strong><\/pre>\n<\/div>\n<pre><strong>Narrativas Criminais na Fic\u00e7\u00e3o Seriada da Am\u00e9rica Latina<\/strong> (2016)\r\nLuiza Lusvarghi \r\n<a href=\"https:\/\/issuu.com\/lluiza\/docs\/livro_narrativas_criminais_final\"><strong>Veja o livro<\/strong><\/a><\/pre>\n<pre><strong>Carolinas<\/strong> (2014)\r\nPaola Prandini\r\nDiego Balbino\r\n<strong><a href=\"https:\/\/www.afroeducacao.com.br\/\">Livro \u00e0 venda<\/a><\/strong><\/pre>\n<pre><strong>Cruz e Sousa<\/strong> (2011)\r\nPaola Prandini\r\n<a href=\"https:\/\/www.travessa.com.br\/cruz-e-sousa\/artigo\/abfcf898-7538-4f5b-9c05-e03bc0f502c6\"><strong>Livro \u00e0 venda<\/strong><\/a><\/pre>\n<div><\/div>\n<p>&nbsp;<\/p>\n<h3>Cap\u00edtulos<\/h3>\n<pre><strong>Cap\u00edtulo: Consumo de Fic\u00e7\u00e3o Seriada por Jovens Adventistas: a ressignifica\u00e7\u00e3o do discurso religioso nas pr\u00e1ticas do cotidiano<\/strong> (2020)\r\nLizbeth Kanyat\r\nAllan Novaes\r\n<strong>Livro:<\/strong> Comunica\u00e7\u00e3o, Linguagens e Religi\u00f5es: tend\u00eancias e perspectivas na pesquisa\r\n<strong>Organizadores:<\/strong> Magali do Nascimento Cunha e Let\u00edcia Jovelina Storto\r\n<a href=\"http:\/\/syntagma.codie.com.br\/\/Uploads\/UploadBass\/2178411_COMRELFULL.pdf\"><strong>Veja o livro<\/strong><\/a><\/pre>\n<pre><strong>Cap\u00edtulo: Sobre viol\u00eancia e feminino na fic\u00e7\u00e3o televisiva: o que nos contam as miniss\u00e9ries brasileiras na TV aberta e em VoD <\/strong>(2020)\r\nLarissa Leda Rocha e Ligia Prezia Lemos<strong>\r\nLivro: <\/strong>Experi\u00eancias Expandidas em Comunica\u00e7\u00e3o<strong>\r\nOrganizadores: <\/strong>Let\u00edcia Concei\u00e7\u00e3o Martins Cardoso e M\u00e1rcio Leonardo Monteiro Costa.\r\n<a href=\"https:\/\/drive.google.com\/file\/d\/1UFv04pIkQVeVoojxwnrmGJNJTxg08XHH\/view\"><strong>Veja o livro<\/strong><\/a><\/pre>\n<pre class=\"gmail_default\"><strong>Cap\u00edtulo<\/strong>:<strong> A dupla articula\u00e7\u00e3o g\u00eanero-formato ficcional como inst\u00e2ncia de media\u00e7\u00e3o local <\/strong>(2019)\r\nMaria Cristina Palma Mungioli<strong>\r\nLivro<\/strong>: Entre comunica\u00e7\u00e3o e media\u00e7\u00f5es: vis\u00f5es te\u00f3ricas e emp\u00edricas\r\n<strong>Organizadores:<\/strong> Eneus Trindade, Mario Luiz Fernandes e Juciano de Sousa Lacerda\r\n<a href=\"http:\/\/www3.eca.usp.br\/sites\/default\/files\/form\/biblioteca\/acervo\/producao-academica\/002955410.pdf\"><strong>Veja o livro<\/strong><\/a>\r\n\r\n<strong>Cap\u00edtulo: Narrativas de curta serialidade e diegese televisiva: um breve exerc\u00edcio de an\u00e1lise a partir das peculiaridades da miniss\u00e9rie Amorteamo<\/strong> (2019)\r\nAnderson Lopes\r\n<strong>Livro:<\/strong> Perspectivas do audiovisual contempor\u00e2neo: urg\u00eancias, conte\u00fados e espa\u00e7o\r\n<strong>Organizadores:<\/strong> Christian Pelegrini e Felipe Muanis\r\n<strong><a href=\"https:\/\/drive.google.com\/file\/d\/1ht1SIsDwX0TZxR8HYo2y_ULYt_4zrTJ_\/view?usp=sharing\">Veja o livro<\/a><\/strong><\/pre>\n<pre><strong>Cap\u00edtulo: Narrativas e discursos: produ\u00e7\u00e3o de sentido e subjetividade<\/strong> (2018)\r\nMaria Cristina Palma Mungioli\r\n<strong>Livro:<\/strong> A cor na voz: identidade \u00e9tnico-racial, educomunica\u00e7\u00e3o e hist\u00f3rias de vida\r\n<strong>Organizadora:<\/strong> Paola Prandini\r\n<strong><a href=\"https:\/\/grupoeditorialletramento.com\/shop\/a-cor-na-voz-identidade-etnico-racial-educomunicacao-e-historias-de-vida\/\">Livro \u00e0 venda<\/a><\/strong><\/pre>\n<pre><strong>Cap\u00edtulo: Os imigrantes brasileiros que moram no Jap\u00e3o e a telenovela brasileira: o contexto da pesquisa de campo, as observa\u00e7\u00f5es e os desafios na coleta de dados<\/strong> (2018)\r\nHelen Suzuki\r\n<strong>Livro:<\/strong> Migra\u00e7\u00f5es Sul-Sul\r\n<strong>Organizadora:<\/strong> Rosana Baeninger\r\n<a href=\"https:\/\/nempsic.paginas.ufsc.br\/files\/2015\/02\/LIVRO-MIGRA%C3%87%C3%95ES-SUL-SUL.pdf\"><strong>Veja o livro<\/strong><\/a>\r\n\r\n<\/pre>\n<pre><strong>Cap\u00edtulo: C\u00e2ndido, ou o otimista multimidi\u00e1tico: da literatura francesa ao cinema e televis\u00e3o brasileiros<\/strong> (2017)\r\nMaria Cristina Palma Mungioli\r\nDaniela Jakubaszko\r\nAnderson Lopes\r\n<strong>Livro:<\/strong> Livros, literatura e hist\u00f3ria: passagens Brasil-Fran\u00e7a\r\n<strong>Organizadores:<\/strong> Sandra Reim\u00e3o e Michel Riaudel\r\n<a href=\"http:\/\/livroseoutrasmidias.org\/papers\/livros-literatura-e-historia-passagens-brasil-franca.pdf\"><strong>Veja o livro<\/strong><\/a><\/pre>\n<div>\n<pre><strong>Cap\u00edtulo: O Universo Narrativo de Latitudes: um estudo de caso das estrat\u00e9gias de transmidia\u00e7\u00e3o em uma produ\u00e7\u00e3o ficcional brasileira<\/strong> (2017)\r\nTomaz Penner\r\n<strong>Livro:<\/strong> Hist\u00f3rias de roteiristas: roteiristas no ponto de virada\r\n<strong>Organizadores:<\/strong> Glaucia Davino e Fernanda Bellicieri\r\n<a href=\"https:\/\/artebacana.files.wordpress.com\/2017\/08\/2017_roteiristas_no_ponto_de_virada_-_20.pdf\"><strong>Veja o livro<\/strong><\/a><\/pre>\n<div>\n<pre><strong>Cap\u00edtulo: Aspectos da midiatiza\u00e7\u00e3o de classe social e g\u00eanero<\/strong> (2017)\r\nRosana Mauro\r\n<strong>Livro:<\/strong> Hist\u00f3rias de roteiristas: roteiristas no ponto de virada\r\n<strong>Organizadores:<\/strong> Glaucia Davino e Fernanda Bellicieri\r\n<a href=\"https:\/\/artebacana.files.wordpress.com\/2017\/08\/2017_roteiristas_no_ponto_de_virada_-_20.pdf\"><strong>Veja o livro<\/strong><\/a><\/pre>\n<\/div>\n<\/div>\n<div>\n<pre><strong>A constru\u00e7\u00e3o discursiva da identidade feminina nas gera\u00e7\u00f5es da s\u00e9rie televisiva 3 Teresas <\/strong>(2017)\r\nSilvia Dantas\r\n<strong>Livro:<\/strong> Hist\u00f3rias de roteiristas: roteiristas no ponto de virada\r\n<strong>Organizadores:<\/strong> Glaucia Davino e Fernanda Bellicieri\r\n<a href=\"https:\/\/artebacana.files.wordpress.com\/2017\/08\/2017_roteiristas_no_ponto_de_virada_-_20.pdf\"><strong>Veja o livro<\/strong><\/a><\/pre>\n<pre><b>Cap\u00edtulo: Jovens, televis\u00e3o e novas telas: uma revisita ao consumo midi\u00e1tico (2017)<\/b>\r\nRegiane Ribeiro\r\nAnderson Lopes da Silva\r\nLuciane Leopoldo Belin\r\n<strong>Livro:<\/strong> Jovens, consumo e converg\u00eancia midi\u00e1tica\r\n<strong>Organizadora:<\/strong> Regiane Ribeiro\r\n<a href=\"https:\/\/drive.google.com\/file\/d\/1eO4LQFb17siTxiKuMvPzgrJzCd77K57E\/view?usp=sharing\">Veja o livro<\/a><\/pre>\n<pre><strong>\r\nCap\u00edtulo: Caracter\u00edsticas e abordagens do 'zumbi sentimentalizado' em 3 fic\u00e7\u00f5es televisivas: 'Les Revenants', 'In the Flesh' e 'Amorteamo'<\/strong> (2017)\r\nAnderson Lopes\r\n<strong>Livro:<\/strong> Hist\u00f3rias de roteiristas: roteiristas no ponto de virada\r\n<strong>Organizadores:<\/strong> Glaucia Davino e Fernanda Bellicieri\r\n<a href=\"https:\/\/artebacana.files.wordpress.com\/2017\/08\/2017_roteiristas_no_ponto_de_virada_-_20.pdf\"><strong>Veja o livro<\/strong><\/a><\/pre>\n<\/div>\n<pre><strong>Cap\u00edtulo: Mulheres latinas e arqu\u00e9tipos melodram\u00e1ticos: primeiras teoriza\u00e7\u00f5es para uma cr\u00edtica da fic\u00e7\u00e3o seriada<\/strong> (2017)\r\nAnderson Lopes\r\nRegiane Regina Ribeiro\r\nValqu\u00edria Michela John\r\n<strong>Livro:<\/strong> A Gente V\u00ea Por Aqui? Pr\u00e1ticas e Reflex\u00f5es Sobre Cr\u00edtica de M\u00eddia\r\n<strong>Organizadora:<\/strong> Carla Candida Rizzoto\r\n<a href=\"http:\/\/syntagma.codie.com.br\/\/Uploads\/UploadBass\/1707900_GENTELIVRO.pdf\"><strong>Veja o livro<\/strong><\/a><\/pre>\n<div>\n<pre><strong>Cap\u00edtulo: A Import\u00e2ncia do Espa\u00e7o para a Produ\u00e7\u00e3o de Sentidos na Fic\u00e7\u00e3o Televisiva: um estudo sobre cria\u00e7\u00e3o e caracteriza\u00e7\u00e3o de bases cenogr\u00e1ficas na telenovela brasileira<\/strong> (2017)\r\nDaniela Jakubazko\r\nJoyce Simplicia Moraes\r\n<strong>Livro:<\/strong> Aimes nas Trilhas da Cartografia do Conhecimento Acad\u00eamico\r\n<strong>Organizadores:<\/strong> Sheila Fernandes Pimenta e Oliveira, Jos\u00e9 Alfredo de P\u00e1dua Guerra, Alfredo Jos\u00e9 Machado Neto e Marcos Bassi; Welton Roberto Silva\r\n<a href=\"http:\/\/eventos.unifacef.com.br\/fem\/2017\/files\/ebook_AIMES.pdf\"><strong>Veja o livro<\/strong><\/a><\/pre>\n<\/div>\n<div>\n<pre><strong>Cap\u00edtulo: O Adventista e a Fic\u00e7\u00e3o Televisiva<\/strong> (2017)\r\nLizbeth Kanyat\r\nFelipe Carmo\r\nAllan Novaes\r\nRodrigo Follis\r\nBruno Ribeiro Nascimento\r\nClacir Virmes Junior\r\nGabriel Ferreira\r\nJo\u00eazer Mendon\u00e7a\r\nBetina Bordin Pinto\r\n<strong>Livro:<\/strong> O Adventismo e a Cultura Pop\r\n<strong>Organizadores:<\/strong> Allan Novaes e Felipe Carmo\r\n<a href=\"https:\/\/www.unasp.br\/ec\/sites\/culturapop\/#comprar\"><strong>Livro \u00e0 venda<\/strong><\/a><\/pre>\n<\/div>\n<div>\n<pre><strong>Cap\u00edtulo: Hist\u00f3rias de vida e identidade negra: forma\u00e7\u00e3o educomunicativa para educadoras(es) interessadas(os) na aplica\u00e7\u00e3o da lei 10.639\/03<\/strong> (2017)\r\nPaola Prandini\r\n<strong>Livro:<\/strong> Educomunica\u00e7\u00e3o e suas \u00e1reas de interven\u00e7\u00e3o: novos paradigmas para o di\u00e1logo intercultural\r\n<strong>Organizadores:<\/strong> Ismar de Oliveira Soares, Claudemir Viana e Jurema Xavier\r\n<a href=\"http:\/\/www.abpeducom.org.br\/wp-content\/uploads\/2018\/05\/Livro-Educom-pagina-a-pagina.pdf\"><strong>Veja o livro<\/strong><\/a><\/pre>\n<\/div>\n<div>\n<pre><strong>Cap\u00edtulo: A cultura negra mediada pela Educomunica\u00e7\u00e3o<\/strong> (2017)\r\nPaola Prandini\r\n<strong>Livro:<\/strong> S\u00e9rie Comunica\u00e7\u00e3o e Educa\u00e7\u00e3o - Din\u00e2micas e suportes para conhecer, reconhecer e integrar saberes em Comunica\u00e7\u00e3o e Educa\u00e7\u00e3o\r\n<strong>Organizadoras:<\/strong> Eliana Nagamini e Ana Luisa Zaniboni Gomes\r\n<a href=\"http:\/\/www.uesc.br\/editora\/catalogo\/livros2017\/comeduc-v4.pdf\"><strong>Veja o livro<\/strong><\/a><\/pre>\n<\/div>\n<pre><strong>Cap\u00edtulo: <\/strong><b>Visibilidade e Representa\u00e7\u00e3o de Corpos Abjetos no audiovisual: as mulheres trans na fic\u00e7\u00e3o seriada via streaming (2016)<\/b>\r\nAnderson Lopes da Silva \r\nValqu\u00edria Michela John\r\n<strong>Livro:<\/strong> Comunica\u00e7\u00e3o e G\u00eanero: um panorama da pesquisa emp\u00edrica no cen\u00e1rio nacional\r\n<strong>Organizadora:<\/strong> Carla C\u00e2ndida Rizzotto\r\n<a href=\"https:\/\/drive.google.com\/file\/d\/1QkrzoZeWYFSSX75pmGFL7ihrXj4nw8lq\/view?usp=sharing\">Veja o livro<\/a><\/pre>\n<pre><strong>\r\nCap\u00edtulo: Educomunica\u00e7\u00e3o, educa\u00e7\u00e3o integral e politicas p\u00fablicas<\/strong> (2016)\r\nMaria Cristina Palma Mungioli\r\n<strong>Livro:<\/strong> Educomunica\u00e7\u00e3o e Diversidade: tecendo sabers\r\n<strong>Organizadores:<\/strong> Rosane Rosa, Ismar Soares e S\u00e1tira Machado\r\n<a href=\"http:\/\/abpeducom.org.br\/publicacoes\/index.php\/portal\/catalog\/download\/20\/15\/463-1?inline=1\"><strong>Veja o livro<\/strong><\/a><\/pre>\n<pre><strong>Cap\u00edtulo: A intertextualidade e a produ\u00e7\u00e3o de sentido na miniss\u00e9rie \"Amorteamo\"<\/strong> (2016)\r\nMaria Cristina Palma Mungioli\r\nAnderson Lopes\r\n<strong>Livro:<\/strong> Cinema, Arte e Narrativas Emergentes\r\n<strong>Organizadores:<\/strong> Denis Ren\u00f3, Marcos \"Tuca\" Am\u00e9rico, Antonio Francisco Magnoni e Fernando Irigaray\r\n<a href=\"https:\/\/www.researchgate.net\/publication\/322255389_A_intertextualidade_e_a_producao_de_sentido_na_minisserie_Amorteamo\"><strong>Veja o livro<\/strong><\/a><\/pre>\n<pre><strong>Cap\u00edtulo: O Ca\u00e7ador: an\u00e1lise do primeiro epis\u00f3dio<\/strong> (2016)\r\nHelen Suzuki\r\n<strong>Livro:<\/strong> Narrativas Criminais na Fic\u00e7\u00e3o Seriada da Am\u00e9rica Latina\r\n<strong>Organizadora:<\/strong> Luiza Lusvarghi\r\n<a href=\"https:\/\/issuu.com\/lluiza\/docs\/livro_narrativas_criminais_final\"><strong>Veja o livro<\/strong><\/a><\/pre>\n<pre><strong>Cap\u00edtulo: Narrativas Criminais e Transmidia\u00e7\u00e3o: o caso <em>Dupla Identidade<\/em><\/strong> (2016)\r\nTomaz Penner\r\n<strong>Livro:<\/strong> Narrativas Criminais na Fic\u00e7\u00e3o Seriada da Am\u00e9rica Latina\r\n<strong>Organizadora:<\/strong> Luiza Lusvarghi\r\n<a href=\"https:\/\/issuu.com\/lluiza\/docs\/livro_narrativas_criminais_final\"><strong>Veja o livro<\/strong><\/a><\/pre>\n<pre><strong>Cap\u00edtulo: Entre a realidade e a fic\u00e7\u00e3o: conflitos e didatismo na s\u00e9rie Conselho Tutelar<\/strong> (2016)\r\nSilvia Dantas\r\n<strong>Livro:<\/strong> Narrativas Criminais na Fic\u00e7\u00e3o Seriada da Am\u00e9rica Latina\r\n<strong>Organizadora:<\/strong> Luiza Lusvarghi\r\n<a href=\"https:\/\/issuu.com\/lluiza\/docs\/livro_narrativas_criminais_final\"><strong>Veja o livro<\/strong><\/a><\/pre>\n<pre><strong>Cap\u00edtulo: A imagem da mulher em <em>Rosario Tijeras<\/em>: a constru\u00e7\u00e3o discursiva feminina na teless\u00e9rie latino-americana<\/strong> (2016)\r\nRosana Mauro\r\n<strong>Livro:<\/strong> Narrativas Criminais na Fic\u00e7\u00e3o Seriada da Am\u00e9rica Latina\r\n<strong>Organizadora:<\/strong> Luiza Lusvarghi\r\n<a href=\"https:\/\/issuu.com\/lluiza\/docs\/livro_narrativas_criminais_final\"><strong>Veja o livro<\/strong><\/a><\/pre>\n<div>\n<pre><strong>Cap\u00edtulo: Telenovela Brasileira e Estudos Culturais: uma leitura te\u00f3rica pelo caminho das hibridiza\u00e7\u00f5es culturais<\/strong> (2016)\r\nAnderson Lopes\r\nRegiane Regina Ribeiro\r\n<strong>Livro:<\/strong> Estudos Culturais e Interfaces: objetos, metodologias e desenhos de investiga\u00e7\u00e3o\r\n<strong>Organizadores:<\/strong> Flavia Lisboa Ferreira Filho e Maria Manuel Baptista\r\n<a href=\"http:\/\/w3.ufsm.br\/estudosculturais\/arquivos\/livros-completos\/ESTUDOS%20CULTURAIS%20E%20INTERFACES%202016.pdf\"><strong>Veja o livro<\/strong><\/a><\/pre>\n<\/div>\n<div>\n<pre><strong>Cap\u00edtulo: Os estudos de linguagem, a An\u00e1lise do Discurso francesa e sua presen\u00e7a na teoria e pesquisa das rela\u00e7\u00f5es comunica\u00e7\u00e3o-consumo<\/strong> (2015)\r\nSilvia Dantas\r\n<strong>Livro:<\/strong> Estudos de Comunica\u00e7\u00e3o e An\u00e1lise do Discurso\r\n<strong>Organizadora:<\/strong> Maria Aparecida Baccega\r\n<a href=\"http:\/\/redeintermeios.com\/livros-intermeios\/126-estudos-de-comunicacao-e-analise-do-discurso-teoria-e-pratica-9788584990191.html\"><strong>Livro \u00e0 venda<\/strong><\/a><\/pre>\n<\/div>\n<pre><strong>Cap\u00edtulo: Em primeira pessoa: pr\u00e1ticas educomunicativas para constru\u00e7\u00e3o da identidade negra na escola<\/strong> (2015)\r\nPaola Prandini\r\n<strong>Livro:<\/strong> Educomunica\u00e7\u00e3o: caminhos da sociedade midi\u00e1tica pelos direitos humanos\r\n<strong>Organizadores:<\/strong> Cl\u00e1udia Lago e Claudemir Edson Viana\r\n<a href=\"http:\/\/abpeducom.org.br\/publicacoes\/index.php\/portal\/catalog\/book\/18\"><strong>Veja o livro<\/strong><\/a><\/pre>\n","protected":false},"excerpt":{"rendered":"<p>Livros Fic\u00e7\u00e3o Seriada: Estudos e pesquisas \u2013 Volume 3 (2021) Ligia Prezia Lemos Larissa Leda Rocha Veja o livro A representa\u00e7\u00e3o de temas de interesse p\u00fablico na telenovela brasileira uma perspectiva dial\u00f3gica para o estudo da fic\u00e7\u00e3o audiovisual (2019) Daniela Jakubaszko Livro \u00e0 venda Fic\u00e7\u00e3o Seriada: Estudos e pesquisas \u2013 Volume 2 (2019) Ligia Prezia [&hellip;]<\/p>\n","protected":false},"author":1236,"featured_media":0,"parent":147,"menu_order":1,"comment_status":"closed","ping_status":"closed","template":"","meta":{"footnotes":"","_links_to":"","_links_to_target":""},"class_list":["post-155","page","type-page","status-publish","hentry"],"_links":{"self":[{"href":"https:\/\/sites.usp.br\/gelidis\/wp-json\/wp\/v2\/pages\/155","targetHints":{"allow":["GET"]}}],"collection":[{"href":"https:\/\/sites.usp.br\/gelidis\/wp-json\/wp\/v2\/pages"}],"about":[{"href":"https:\/\/sites.usp.br\/gelidis\/wp-json\/wp\/v2\/types\/page"}],"author":[{"embeddable":true,"href":"https:\/\/sites.usp.br\/gelidis\/wp-json\/wp\/v2\/users\/1236"}],"replies":[{"embeddable":true,"href":"https:\/\/sites.usp.br\/gelidis\/wp-json\/wp\/v2\/comments?post=155"}],"version-history":[{"count":4,"href":"https:\/\/sites.usp.br\/gelidis\/wp-json\/wp\/v2\/pages\/155\/revisions"}],"predecessor-version":[{"id":412,"href":"https:\/\/sites.usp.br\/gelidis\/wp-json\/wp\/v2\/pages\/155\/revisions\/412"}],"up":[{"embeddable":true,"href":"https:\/\/sites.usp.br\/gelidis\/wp-json\/wp\/v2\/pages\/147"}],"wp:attachment":[{"href":"https:\/\/sites.usp.br\/gelidis\/wp-json\/wp\/v2\/media?parent=155"}],"curies":[{"name":"wp","href":"https:\/\/api.w.org\/{rel}","templated":true}]}}