{"id":2535,"date":"2020-06-20T12:44:16","date_gmt":"2020-06-20T14:44:16","guid":{"rendered":"http:\/\/sites.usp.br\/iberoamericanoralhealth\/?page_id=2535"},"modified":"2020-06-20T12:45:33","modified_gmt":"2020-06-20T14:45:33","slug":"nossa-equipe","status":"publish","type":"page","link":"https:\/\/sites.usp.br\/iberoamericanoralhealth\/nossa-equipe\/","title":{"rendered":"Equipe"},"content":{"rendered":"<div id=\"pl-2535\"  class=\"panel-layout\" ><div id=\"pg-2535-0\"  class=\"panel-grid panel-no-style\" ><div id=\"pgc-2535-0-0\"  class=\"panel-grid-cell panel-grid-cell-empty\" ><\/div><div id=\"pgc-2535-0-1\"  class=\"panel-grid-cell\" ><div id=\"panel-2535-0-1-0\" class=\"so-panel widget widget_gtranslate panel-first-child panel-last-child\" data-index=\"0\" ><div class=\"gtranslate_wrapper\" id=\"gt-wrapper-52009423\"><\/div><\/div><\/div><\/div><div id=\"pg-2535-1\"  class=\"panel-grid panel-no-style\" ><div id=\"pgc-2535-1-0\"  class=\"panel-grid-cell\" ><div id=\"panel-2535-1-0-0\" class=\"so-panel widget widget_sow-hero panel-first-child\" data-index=\"1\" ><div\n\t\t\t\n\t\t\tclass=\"so-widget-sow-hero so-widget-sow-hero-default-6e283e92799f-2535 so-widget-fittext-wrapper\"\n\t\t\t data-fit-text-compressor=\"0.85\"\n\t\t>\t\t\t\t<div class=\"sow-slider-base\" style=\"display: none\" tabindex=\"0\">\n\t\t\t\t\t<ul\n\t\t\t\t\tclass=\"sow-slider-images\"\n\t\t\t\t\tdata-settings=\"{&quot;pagination&quot;:true,&quot;speed&quot;:800,&quot;timeout&quot;:8000,&quot;paused&quot;:false,&quot;pause_on_hover&quot;:false,&quot;swipe&quot;:true,&quot;nav_always_show_desktop&quot;:&quot;&quot;,&quot;nav_always_show_mobile&quot;:&quot;&quot;,&quot;breakpoint&quot;:&quot;780px&quot;,&quot;unmute&quot;:false,&quot;anchor&quot;:null}\"\n\t\t\t\t\t\t\t\t\t\tdata-anchor-id=\"\"\n\t\t\t\t>\t\t<li class=\"sow-slider-image  sow-slider-image-cover\" style=\"visibility: visible;;background-color: #333333\" >\n\t\t\t\t\t<div class=\"sow-slider-image-container\">\n\t\t\t<div class=\"sow-slider-image-wrapper\">\n\t\t\t\t<h3 style=\"text-align: center\">Conhe\u00e7a nossa equipe<\/h3>\n\t\t\t<\/div>\n\t\t<\/div>\n\t\t<div class=\"sow-slider-image-overlay sow-slider-image-cover\" style=\"opacity: 0.6;background-image: url(https:\/\/sites.usp.br\/iberoamericanoralhealth\/wp-content\/uploads\/sites\/642\/2020\/06\/54e4d5434d54a914f6d1867dda79307f1137c3e45658734c72287ad395_1920.jpg)\"  ><\/div>\t\t<\/li>\n\t\t<\/ul>\t\t\t\t<ol class=\"sow-slider-pagination\">\n\t\t\t\t\t\t\t\t\t\t\t<li><a href=\"#\" data-goto=\"0\" aria-label=\"Display slide 1\"><\/a><\/li>\n\t\t\t\t\t\t\t\t\t<\/ol>\n\n\t\t\t\t<div class=\"sow-slide-nav sow-slide-nav-next\">\n\t\t\t\t\t<a href=\"#\" data-goto=\"next\" aria-label=\"Next slide\" data-action=\"next\">\n\t\t\t\t\t\t<em class=\"sow-sld-icon-thin-right\"><\/em>\n\t\t\t\t\t<\/a>\n\t\t\t\t<\/div>\n\n\t\t\t\t<div class=\"sow-slide-nav sow-slide-nav-prev\">\n\t\t\t\t\t<a href=\"#\" data-goto=\"previous\" aria-label=\"Previous slide\" data-action=\"prev\">\n\t\t\t\t\t\t<em class=\"sow-sld-icon-thin-left\"><\/em>\n\t\t\t\t\t<\/a>\n\t\t\t\t<\/div>\n\t\t\t\t<\/div><\/div><\/div><div id=\"panel-2535-1-0-1\" class=\"so-panel widget widget_sow-headline\" data-index=\"2\" ><div\n\t\t\t\n\t\t\tclass=\"so-widget-sow-headline so-widget-sow-headline-default-5eee76c018e5-2535\"\n\t\t\t\n\t\t><div class=\"sow-headline-container \">\n\t\t\t\t\t\t\t<h3 class=\"sow-headline\">\n\t\t\t\t\t\tNosso grupo de pesquisadores e professores est\u00e3o comprometidos com o avan\u00e7o do conhecimento, contribuindo com o desenvolvimento cient\u00edfico em sa\u00fade bucal e pol\u00edticas p\u00fablicas informada por evid\u00eancia. \t\t\t\t\t\t<\/h3>\n\t\t\t\t\t\t\t\t\t\t\t<div class=\"decoration\">\n\t\t\t\t\t\t<div class=\"decoration-inside\"><\/div>\n\t\t\t\t\t<\/div>\n\t\t\t\t\t\t\t\t\t\t\t<h4 class=\"sow-sub-headline\">\n\t\t\t\t\t\tAs principais linhas de pesquisa\t\t\t\t\t\t<\/h4>\n\t\t\t\t\t\t<\/div>\n<\/div><\/div><div id=\"panel-2535-1-0-2\" class=\"so-panel widget widget_sow-features\" data-index=\"3\" ><div\n\t\t\t\n\t\t\tclass=\"so-widget-sow-features so-widget-sow-features-default-375622852434-2535\"\n\t\t\t\n\t\t><ul\n\tclass=\"sow-features-list\n\tsow-features-responsive\">\n\n\t\t\t<li\n\t\t\tclass=\"sow-features-feature sow-icon-container-position-top\"\n\t\t\tstyle=\"display: flex; flex-direction: column; width: calc(33.333% - 25px);\"\n\t\t>\n\t\t\t\n\t\t\t\t\t\t<div\t\t\t\tclass=\"sow-icon-container sow-container-round\"\n\t\t\t\tstyle=\"color: #081f5e; \"\n\t\t\t\ttitle=\"Pol\u00edticas P\u00fablicas\"\n\t\t\t\t\t\t\t>\n\t\t\t\t<span class=\"sow-icon-ionicons\" data-sow-icon=\"&#xf212;\"\n\t\tstyle=\"font-size: 24px; color: #FFFFFF\" \n\t\taria-hidden=\"true\"><\/span>\t\t\t<\/div>\n\n\t\t\t<div class=\"textwidget\">\n\t\t\t\t\n\t\t\t\t\t\t\t\t\t<h5 class=\"sow-features-feature-title\">\n\t\t\t\t\t\tPol\u00edticas P\u00fablicas\t\t\t\t\t<\/h5>\n\t\t\t\t\n\t\t\t\t\t\t\t<\/div>\n\t\t\t\t\t\t\t\t<\/li>\n\n\t\t\t<li\n\t\t\tclass=\"sow-features-feature sow-icon-container-position-top\"\n\t\t\tstyle=\"display: flex; flex-direction: column; width: calc(33.333% - 25px);\"\n\t\t>\n\t\t\t\n\t\t\t\t\t\t<div\t\t\t\tclass=\"sow-icon-container sow-container-round\"\n\t\t\t\tstyle=\"color: #081f5e; \"\n\t\t\t\ttitle=\"Levantamentos epidemiol\u00f3gicos\"\n\t\t\t\t\t\t\t>\n\t\t\t\t<span class=\"sow-icon-fontawesome sow-far\" data-sow-icon=\"&#xf2b9;\"\n\t\tstyle=\"font-size: 24px; color: #FFFFFF\" \n\t\taria-hidden=\"true\"><\/span>\t\t\t<\/div>\n\n\t\t\t<div class=\"textwidget\">\n\t\t\t\t\n\t\t\t\t\t\t\t\t\t<h5 class=\"sow-features-feature-title\">\n\t\t\t\t\t\tLevantamentos epidemiol\u00f3gicos\t\t\t\t\t<\/h5>\n\t\t\t\t\n\t\t\t\t\t\t\t<\/div>\n\t\t\t\t\t\t\t\t<\/li>\n\n\t\t\t<li\n\t\t\tclass=\"sow-features-feature sow-icon-container-position-top\"\n\t\t\tstyle=\"display: flex; flex-direction: column; width: calc(33.333% - 25px);\"\n\t\t>\n\t\t\t\n\t\t\t\t\t\t<div\t\t\t\tclass=\"sow-icon-container sow-container-round\"\n\t\t\t\tstyle=\"color: #081f5e; \"\n\t\t\t\ttitle=\"Tomada de decis\u00e3o informada por evid\u00eancias\"\n\t\t\t\t\t\t\t>\n\t\t\t\t<span class=\"sow-icon-icomoon\" data-sow-icon=\"&#xe986;\"\n\t\tstyle=\"font-size: 24px; color: #FFFFFF\" \n\t\taria-hidden=\"true\"><\/span>\t\t\t<\/div>\n\n\t\t\t<div class=\"textwidget\">\n\t\t\t\t\n\t\t\t\t\t\t\t\t\t<h5 class=\"sow-features-feature-title\">\n\t\t\t\t\t\tTomada de decis\u00e3o informada por evid\u00eancias\t\t\t\t\t<\/h5>\n\t\t\t\t\n\t\t\t\t\t\t\t<\/div>\n\t\t\t\t\t\t\t\t<\/li>\n\n\t<\/ul>\n<\/div><\/div><div id=\"panel-2535-1-0-3\" class=\"so-panel widget widget_sow-headline\" data-index=\"4\" ><div\n\t\t\t\n\t\t\tclass=\"so-widget-sow-headline so-widget-sow-headline-default-528ca014c92b-2535\"\n\t\t\t\n\t\t><div class=\"sow-headline-container \">\n\t\t\t\t\t\t\t<h5 class=\"sow-headline\">\n\t\t\t\t\t\tConhe\u00e7a os professores e alunos que est\u00e3o desenvolvendo projetos e pesquisas de pol\u00edticas p\u00fablicas na Am\u00e9rica Latina e Brasil\t\t\t\t\t\t<\/h5>\n\t\t\t\t\t\t\t\t\t\t\t<div class=\"decoration\">\n\t\t\t\t\t\t<div class=\"decoration-inside\"><\/div>\n\t\t\t\t\t<\/div>\n\t\t\t\t\t<\/div>\n<\/div><\/div><div id=\"panel-2535-1-0-4\" class=\"so-panel widget widget_sow-features\" data-index=\"5\" ><div\n\t\t\t\n\t\t\tclass=\"so-widget-sow-features so-widget-sow-features-default-c23100714626-2535\"\n\t\t\t\n\t\t><ul\n\tclass=\"sow-features-list\n\tsow-features-responsive\">\n\n\t\t\t<li\n\t\t\tclass=\"sow-features-feature sow-icon-container-position-top\"\n\t\t\tstyle=\"display: flex; flex-direction: column; width: calc(100% - 25px);\"\n\t\t>\n\t\t\t\n\t\t\t\t\t\t<div\t\t\t\tclass=\"sow-icon-container sow-container-round\"\n\t\t\t\tstyle=\"color: ; \"\n\t\t\t\t\n\t\t\t\t\t\t\t>\n\t\t\t\t<span class=\"sow-icon-fontawesome sow-far\" data-sow-icon=\"&#xf15c;\"\n\t\tstyle=\"font-size: 70px; color: #FFFFFF\" \n\t\taria-hidden=\"true\"><\/span>\t\t\t<\/div>\n\n\t\t\t<div class=\"textwidget\">\n\t\t\t\t\n\t\t\t\t\n\t\t\t\t\t\t\t\t\t<div class=\"sow-features-feature-text\">\n\t\t\t\t\t<h4><a href=\"http:\/\/sites.usp.br\/iberoamericanoralhealth\/artigos-e-documentos\/\"><span style=\"color: #000000\">Artigos cient\u00edficos e Documentos - acesse aqui<\/span><\/a><\/h4>\n\t\t\t\t\t<\/div>\n\t\t\t\t\t\t\t\t<\/div>\n\t\t\t\t\t\t\t\t<\/li>\n\n\t<\/ul>\n<\/div><\/div><div id=\"panel-2535-1-0-5\" class=\"so-panel widget widget_sow-hero panel-last-child\" data-index=\"6\" ><div\n\t\t\t\n\t\t\tclass=\"so-widget-sow-hero so-widget-sow-hero-default-6e283e92799f-2535 so-widget-fittext-wrapper\"\n\t\t\t data-fit-text-compressor=\"0.85\"\n\t\t>\t\t\t\t<div class=\"sow-slider-base\" style=\"display: none\" tabindex=\"0\">\n\t\t\t\t\t<ul\n\t\t\t\t\tclass=\"sow-slider-images\"\n\t\t\t\t\tdata-settings=\"{&quot;pagination&quot;:true,&quot;speed&quot;:800,&quot;timeout&quot;:8000,&quot;paused&quot;:false,&quot;pause_on_hover&quot;:false,&quot;swipe&quot;:true,&quot;nav_always_show_desktop&quot;:&quot;&quot;,&quot;nav_always_show_mobile&quot;:&quot;&quot;,&quot;breakpoint&quot;:&quot;780px&quot;,&quot;unmute&quot;:false,&quot;anchor&quot;:null}\"\n\t\t\t\t\t\t\t\t\t\tdata-anchor-id=\"\"\n\t\t\t\t>\t\t<li class=\"sow-slider-image  sow-slider-image-cover\" style=\"visibility: visible;;background-color: #333333\" >\n\t\t\t\t\t<div class=\"sow-slider-image-container\">\n\t\t\t<div class=\"sow-slider-image-wrapper\">\n\t\t\t\t<h3 style=\"text-align: center\">Rede Ibero-americana<\/h3>\n\t\t\t<\/div>\n\t\t<\/div>\n\t\t<div class=\"sow-slider-image-overlay sow-slider-image-cover\" style=\"opacity: 0.6;background-image: url(https:\/\/sites.usp.br\/iberoamericanoralhealth\/wp-content\/uploads\/sites\/642\/2020\/06\/55e0d6444a50a414f6d1867dda79307f1137c3e45658734c72277cdd91_1920.png)\"  ><\/div>\t\t<\/li>\n\t\t<\/ul>\t\t\t\t<ol class=\"sow-slider-pagination\">\n\t\t\t\t\t\t\t\t\t\t\t<li><a href=\"#\" data-goto=\"0\" aria-label=\"Display slide 1\"><\/a><\/li>\n\t\t\t\t\t\t\t\t\t<\/ol>\n\n\t\t\t\t<div class=\"sow-slide-nav sow-slide-nav-next\">\n\t\t\t\t\t<a href=\"#\" data-goto=\"next\" aria-label=\"Next slide\" data-action=\"next\">\n\t\t\t\t\t\t<em class=\"sow-sld-icon-thin-right\"><\/em>\n\t\t\t\t\t<\/a>\n\t\t\t\t<\/div>\n\n\t\t\t\t<div class=\"sow-slide-nav sow-slide-nav-prev\">\n\t\t\t\t\t<a href=\"#\" data-goto=\"previous\" aria-label=\"Previous slide\" data-action=\"prev\">\n\t\t\t\t\t\t<em class=\"sow-sld-icon-thin-left\"><\/em>\n\t\t\t\t\t<\/a>\n\t\t\t\t<\/div>\n\t\t\t\t<\/div><\/div><\/div><\/div><\/div><div id=\"pg-2535-2\"  class=\"panel-grid panel-no-style\" ><div id=\"pgc-2535-2-0\"  class=\"panel-grid-cell\" ><div id=\"panel-2535-2-0-0\" class=\"so-panel widget widget_sow-image panel-first-child\" data-index=\"7\" ><div\n\t\t\t\n\t\t\tclass=\"so-widget-sow-image so-widget-sow-image-default-c67d20f9f743-2535\"\n\t\t\t\n\t\t>\n<div class=\"sow-image-container\">\n\t\t<img \n\tsrc=\"https:\/\/sites.usp.br\/iberoamericanoralhealth\/wp-content\/uploads\/sites\/642\/2020\/01\/pucca-150x150.jpg\" width=\"150\" height=\"150\" srcset=\"https:\/\/sites.usp.br\/iberoamericanoralhealth\/wp-content\/uploads\/sites\/642\/2020\/01\/pucca-150x150.jpg 150w, https:\/\/sites.usp.br\/iberoamericanoralhealth\/wp-content\/uploads\/sites\/642\/2020\/01\/pucca-174x174.jpg 174w, https:\/\/sites.usp.br\/iberoamericanoralhealth\/wp-content\/uploads\/sites\/642\/2020\/01\/pucca-45x45.jpg 45w, https:\/\/sites.usp.br\/iberoamericanoralhealth\/wp-content\/uploads\/sites\/642\/2020\/01\/pucca-200x200.jpg 200w, https:\/\/sites.usp.br\/iberoamericanoralhealth\/wp-content\/uploads\/sites\/642\/2020\/01\/pucca.jpg 225w\" sizes=\"(max-width: 150px) 100vw, 150px\" alt=\"\" \t\tclass=\"so-widget-image\"\/>\n\t<\/div>\n\n<\/div><\/div><div id=\"panel-2535-2-0-1\" class=\"so-panel widget widget_sow-headline panel-last-child\" data-index=\"8\" ><div\n\t\t\t\n\t\t\tclass=\"so-widget-sow-headline so-widget-sow-headline-default-7a90836226cb-2535 so-widget-fittext-wrapper\"\n\t\t\t data-fit-text-compressor=\"0.85\"\n\t\t><div class=\"sow-headline-container \">\n\t\t\t\t\t\t\t<h5 class=\"sow-headline\">\n\t\t\t\t\t\t\t\t\t\t\t\t\t<a href=\"http:\/\/lattes.cnpq.br\/5078615323504577\" >\n\t\t\t\t\t\t\t\tGilberto Alfredo Pucca Junior<\/a>\t\t\t\t\t\t<\/h5>\n\t\t\t\t\t\t\t\t\t\t\t<div class=\"decoration\">\n\t\t\t\t\t\t<div class=\"decoration-inside\"><\/div>\n\t\t\t\t\t<\/div>\n\t\t\t\t\t\t\t\t\t\t\t<p class=\"sow-sub-headline\">\n\t\t\t\t\t\t\t\t\t\t\t\t\t<a href=\"http:\/\/lattes.cnpq.br\/5078615323504577\" >\n\t\t\t\t\t\t\t\tProfessor da Faculdade de Ci\u00eancias da Universidade de Brasilia (UNB)<\/a>\t\t\t\t\t\t<\/p>\n\t\t\t\t\t\t<\/div>\n<\/div><\/div><\/div><div id=\"pgc-2535-2-1\"  class=\"panel-grid-cell\" ><div id=\"panel-2535-2-1-0\" class=\"so-panel widget widget_sow-image panel-first-child\" data-index=\"9\" ><div\n\t\t\t\n\t\t\tclass=\"so-widget-sow-image so-widget-sow-image-default-c67d20f9f743-2535\"\n\t\t\t\n\t\t>\n<div class=\"sow-image-container\">\n\t\t<img \n\tsrc=\"https:\/\/sites.usp.br\/iberoamericanoralhealth\/wp-content\/uploads\/sites\/642\/2020\/01\/fernanda-1-150x150.jpg\" width=\"150\" height=\"150\" srcset=\"https:\/\/sites.usp.br\/iberoamericanoralhealth\/wp-content\/uploads\/sites\/642\/2020\/01\/fernanda-1-150x150.jpg 150w, https:\/\/sites.usp.br\/iberoamericanoralhealth\/wp-content\/uploads\/sites\/642\/2020\/01\/fernanda-1-300x300.jpg 300w, https:\/\/sites.usp.br\/iberoamericanoralhealth\/wp-content\/uploads\/sites\/642\/2020\/01\/fernanda-1-250x250.jpg 250w, https:\/\/sites.usp.br\/iberoamericanoralhealth\/wp-content\/uploads\/sites\/642\/2020\/01\/fernanda-1-174x174.jpg 174w, https:\/\/sites.usp.br\/iberoamericanoralhealth\/wp-content\/uploads\/sites\/642\/2020\/01\/fernanda-1-45x45.jpg 45w, https:\/\/sites.usp.br\/iberoamericanoralhealth\/wp-content\/uploads\/sites\/642\/2020\/01\/fernanda-1-200x200.jpg 200w, https:\/\/sites.usp.br\/iberoamericanoralhealth\/wp-content\/uploads\/sites\/642\/2020\/01\/fernanda-1-400x400.jpg 400w, https:\/\/sites.usp.br\/iberoamericanoralhealth\/wp-content\/uploads\/sites\/642\/2020\/01\/fernanda-1.jpg 415w\" sizes=\"(max-width: 150px) 100vw, 150px\" title=\"fernanda\" alt=\"\" \t\tclass=\"so-widget-image\"\/>\n\t<\/div>\n\n<\/div><\/div><div id=\"panel-2535-2-1-1\" class=\"so-panel widget widget_sow-headline panel-last-child\" data-index=\"10\" ><div\n\t\t\t\n\t\t\tclass=\"so-widget-sow-headline so-widget-sow-headline-default-7a90836226cb-2535 so-widget-fittext-wrapper\"\n\t\t\t data-fit-text-compressor=\"0.85\"\n\t\t><div class=\"sow-headline-container \">\n\t\t\t\t\t\t\t<h5 class=\"sow-headline\">\n\t\t\t\t\t\t\t\t\t\t\t\t\t<a href=\"http:\/\/lattes.cnpq.br\/7847106563063321\" >\n\t\t\t\t\t\t\t\tFernanda Campos de Almeida Carrer<\/a>\t\t\t\t\t\t<\/h5>\n\t\t\t\t\t\t\t\t\t\t\t<div class=\"decoration\">\n\t\t\t\t\t\t<div class=\"decoration-inside\"><\/div>\n\t\t\t\t\t<\/div>\n\t\t\t\t\t\t\t\t\t\t\t<p class=\"sow-sub-headline\">\n\t\t\t\t\t\t\t\t\t\t\t\t\t<a href=\"http:\/\/lattes.cnpq.br\/7847106563063321\" >\n\t\t\t\t\t\t\t\tProfessora Faculdade Odontologia da Universidade de S\u00e3o Paulo (USP)<\/a>\t\t\t\t\t\t<\/p>\n\t\t\t\t\t\t<\/div>\n<\/div><\/div><\/div><\/div><div id=\"pg-2535-3\"  class=\"panel-grid panel-no-style\" ><div id=\"pgc-2535-3-0\"  class=\"panel-grid-cell\" ><div id=\"panel-2535-3-0-0\" class=\"so-panel widget widget_sow-image panel-first-child\" data-index=\"11\" ><div\n\t\t\t\n\t\t\tclass=\"so-widget-sow-image so-widget-sow-image-default-c67d20f9f743-2535\"\n\t\t\t\n\t\t>\n<div class=\"sow-image-container\">\n\t\t<img \n\tsrc=\"https:\/\/sites.usp.br\/iberoamericanoralhealth\/wp-content\/uploads\/sites\/642\/2020\/01\/download-1-150x150.jpg\" width=\"150\" height=\"150\" srcset=\"https:\/\/sites.usp.br\/iberoamericanoralhealth\/wp-content\/uploads\/sites\/642\/2020\/01\/download-1-150x150.jpg 150w, https:\/\/sites.usp.br\/iberoamericanoralhealth\/wp-content\/uploads\/sites\/642\/2020\/01\/download-1-174x174.jpg 174w, https:\/\/sites.usp.br\/iberoamericanoralhealth\/wp-content\/uploads\/sites\/642\/2020\/01\/download-1-45x45.jpg 45w\" sizes=\"(max-width: 150px) 100vw, 150px\" title=\"download (1)\" alt=\"\" \t\tclass=\"so-widget-image\"\/>\n\t<\/div>\n\n<\/div><\/div><div id=\"panel-2535-3-0-1\" class=\"so-panel widget widget_sow-headline panel-last-child\" data-index=\"12\" ><div\n\t\t\t\n\t\t\tclass=\"so-widget-sow-headline so-widget-sow-headline-default-7a90836226cb-2535 so-widget-fittext-wrapper\"\n\t\t\t data-fit-text-compressor=\"0.85\"\n\t\t><div class=\"sow-headline-container \">\n\t\t\t\t\t\t\t<h5 class=\"sow-headline\">\n\t\t\t\t\t\t\t\t\t\t\t\t\t<a href=\"http:\/\/lattes.cnpq.br\/8888018235435418\" >\n\t\t\t\t\t\t\t\tAnt\u00f4nio Carlos Frias<\/a>\t\t\t\t\t\t<\/h5>\n\t\t\t\t\t\t\t\t\t\t\t<div class=\"decoration\">\n\t\t\t\t\t\t<div class=\"decoration-inside\"><\/div>\n\t\t\t\t\t<\/div>\n\t\t\t\t\t\t\t\t\t\t\t<p class=\"sow-sub-headline\">\n\t\t\t\t\t\t\t\t\t\t\t\t\t<a href=\"http:\/\/lattes.cnpq.br\/8888018235435418\" >\n\t\t\t\t\t\t\t\tProfessor da Faculdade de Odontologia da Universidade de S\u00e3o Paulo (USP)<\/a>\t\t\t\t\t\t<\/p>\n\t\t\t\t\t\t<\/div>\n<\/div><\/div><\/div><div id=\"pgc-2535-3-1\"  class=\"panel-grid-cell\" ><div id=\"panel-2535-3-1-0\" class=\"so-panel widget widget_sow-image panel-first-child\" data-index=\"13\" ><div\n\t\t\t\n\t\t\tclass=\"so-widget-sow-image so-widget-sow-image-default-c67d20f9f743-2535\"\n\t\t\t\n\t\t>\n<div class=\"sow-image-container\">\n\t\t<img \n\tsrc=\"https:\/\/sites.usp.br\/iberoamericanoralhealth\/wp-content\/uploads\/sites\/642\/2020\/06\/Dr.-Ernesto-Villagr\u00e1n-Col\u00f3n-e1592590471784-150x150.jpeg\" width=\"150\" height=\"150\" srcset=\"https:\/\/sites.usp.br\/iberoamericanoralhealth\/wp-content\/uploads\/sites\/642\/2020\/06\/Dr.-Ernesto-Villagr\u00e1n-Col\u00f3n-e1592590471784-150x150.jpeg 150w, https:\/\/sites.usp.br\/iberoamericanoralhealth\/wp-content\/uploads\/sites\/642\/2020\/06\/Dr.-Ernesto-Villagr\u00e1n-Col\u00f3n-e1592590471784-250x250.jpeg 250w, https:\/\/sites.usp.br\/iberoamericanoralhealth\/wp-content\/uploads\/sites\/642\/2020\/06\/Dr.-Ernesto-Villagr\u00e1n-Col\u00f3n-e1592590471784-174x174.jpeg 174w, https:\/\/sites.usp.br\/iberoamericanoralhealth\/wp-content\/uploads\/sites\/642\/2020\/06\/Dr.-Ernesto-Villagr\u00e1n-Col\u00f3n-e1592590471784-45x45.jpeg 45w, https:\/\/sites.usp.br\/iberoamericanoralhealth\/wp-content\/uploads\/sites\/642\/2020\/06\/Dr.-Ernesto-Villagr\u00e1n-Col\u00f3n-e1592590471784-200x200.jpeg 200w\" sizes=\"(max-width: 150px) 100vw, 150px\" title=\"Dr.-Ernesto-Villagr\u00e1n-Col\u00f3n\" alt=\"\" \t\tclass=\"so-widget-image\"\/>\n\t<\/div>\n\n<\/div><\/div><div id=\"panel-2535-3-1-1\" class=\"so-panel widget widget_sow-headline panel-last-child\" data-index=\"14\" ><div\n\t\t\t\n\t\t\tclass=\"so-widget-sow-headline so-widget-sow-headline-default-7a90836226cb-2535 so-widget-fittext-wrapper\"\n\t\t\t data-fit-text-compressor=\"0.85\"\n\t\t><div class=\"sow-headline-container \">\n\t\t\t\t\t\t\t<h5 class=\"sow-headline\">\n\t\t\t\t\t\t\t\t\t\t\t\t\t<a href=\"https:\/\/www.linkedin.com\/in\/ernesto-villagr%C3%A1n-4681386b\/?originalSubdomain=gt\" >\n\t\t\t\t\t\t\t\tErnesto Villagr\u00e1n<\/a>\t\t\t\t\t\t<\/h5>\n\t\t\t\t\t\t\t\t\t\t\t<div class=\"decoration\">\n\t\t\t\t\t\t<div class=\"decoration-inside\"><\/div>\n\t\t\t\t\t<\/div>\n\t\t\t\t\t\t\t\t\t\t\t<p class=\"sow-sub-headline\">\n\t\t\t\t\t\t\t\t\t\t\t\t\t<a href=\"https:\/\/www.linkedin.com\/in\/ernesto-villagr%C3%A1n-4681386b\/?originalSubdomain=gt\" >\n\t\t\t\t\t\t\t\tUniversidad San Carlos de Guatemala - Guatemala<\/a>\t\t\t\t\t\t<\/p>\n\t\t\t\t\t\t<\/div>\n<\/div><\/div><\/div><\/div><div id=\"pg-2535-4\"  class=\"panel-grid panel-no-style\" ><div id=\"pgc-2535-4-0\"  class=\"panel-grid-cell\" ><div id=\"panel-2535-4-0-0\" class=\"so-panel widget widget_sow-image panel-first-child\" data-index=\"15\" ><div\n\t\t\t\n\t\t\tclass=\"so-widget-sow-image so-widget-sow-image-default-c67d20f9f743-2535\"\n\t\t\t\n\t\t>\n<div class=\"sow-image-container\">\n\t\t<img \n\tsrc=\"https:\/\/sites.usp.br\/iberoamericanoralhealth\/wp-content\/uploads\/sites\/642\/2020\/01\/download-2-150x150.jpg\" width=\"150\" height=\"150\" srcset=\"https:\/\/sites.usp.br\/iberoamericanoralhealth\/wp-content\/uploads\/sites\/642\/2020\/01\/download-2-150x150.jpg 150w, https:\/\/sites.usp.br\/iberoamericanoralhealth\/wp-content\/uploads\/sites\/642\/2020\/01\/download-2-174x174.jpg 174w, https:\/\/sites.usp.br\/iberoamericanoralhealth\/wp-content\/uploads\/sites\/642\/2020\/01\/download-2-45x45.jpg 45w, https:\/\/sites.usp.br\/iberoamericanoralhealth\/wp-content\/uploads\/sites\/642\/2020\/01\/download-2-200x200.jpg 200w\" sizes=\"(max-width: 150px) 100vw, 150px\" title=\"download (2)\" alt=\"\" \t\tclass=\"so-widget-image\"\/>\n\t<\/div>\n\n<\/div><\/div><div id=\"panel-2535-4-0-1\" class=\"so-panel widget widget_sow-headline panel-last-child\" data-index=\"16\" ><div\n\t\t\t\n\t\t\tclass=\"so-widget-sow-headline so-widget-sow-headline-default-7a90836226cb-2535 so-widget-fittext-wrapper\"\n\t\t\t data-fit-text-compressor=\"0.85\"\n\t\t><div class=\"sow-headline-container \">\n\t\t\t\t\t\t\t<h5 class=\"sow-headline\">\n\t\t\t\t\t\t\t\t\t\t\t\t\t<a href=\"https:\/\/www.uchile.cl\/portafolio-academico\/impresion.jsf?username=drmarcocornejo\" >\n\t\t\t\t\t\t\t\tMarco Antonio Cornejo Ovallle<\/a>\t\t\t\t\t\t<\/h5>\n\t\t\t\t\t\t\t\t\t\t\t<div class=\"decoration\">\n\t\t\t\t\t\t<div class=\"decoration-inside\"><\/div>\n\t\t\t\t\t<\/div>\n\t\t\t\t\t\t\t\t\t\t\t<p class=\"sow-sub-headline\">\n\t\t\t\t\t\t\t\t\t\t\t\t\t<a href=\"https:\/\/www.uchile.cl\/portafolio-academico\/impresion.jsf?username=drmarcocornejo\" >\n\t\t\t\t\t\t\t\tUniversidad de Chile <\/a>\t\t\t\t\t\t<\/p>\n\t\t\t\t\t\t<\/div>\n<\/div><\/div><\/div><div id=\"pgc-2535-4-1\"  class=\"panel-grid-cell\" ><div id=\"panel-2535-4-1-0\" class=\"so-panel widget widget_sow-image panel-first-child\" data-index=\"17\" ><div\n\t\t\t\n\t\t\tclass=\"so-widget-sow-image so-widget-sow-image-default-c67d20f9f743-2535\"\n\t\t\t\n\t\t>\n<div class=\"sow-image-container\">\n\t\t<img \n\tsrc=\"https:\/\/sites.usp.br\/iberoamericanoralhealth\/wp-content\/uploads\/sites\/642\/2020\/01\/gabriel-150x150.jpg\" width=\"150\" height=\"150\" srcset=\"https:\/\/sites.usp.br\/iberoamericanoralhealth\/wp-content\/uploads\/sites\/642\/2020\/01\/gabriel-150x150.jpg 150w, https:\/\/sites.usp.br\/iberoamericanoralhealth\/wp-content\/uploads\/sites\/642\/2020\/01\/gabriel-174x174.jpg 174w, https:\/\/sites.usp.br\/iberoamericanoralhealth\/wp-content\/uploads\/sites\/642\/2020\/01\/gabriel-45x45.jpg 45w, https:\/\/sites.usp.br\/iberoamericanoralhealth\/wp-content\/uploads\/sites\/642\/2020\/01\/gabriel-200x200.jpg 200w, https:\/\/sites.usp.br\/iberoamericanoralhealth\/wp-content\/uploads\/sites\/642\/2020\/01\/gabriel.jpg 225w\" sizes=\"(max-width: 150px) 100vw, 150px\" alt=\"\" \t\tclass=\"so-widget-image\"\/>\n\t<\/div>\n\n<\/div><\/div><div id=\"panel-2535-4-1-1\" class=\"so-panel widget widget_sow-headline panel-last-child\" data-index=\"18\" ><div\n\t\t\t\n\t\t\tclass=\"so-widget-sow-headline so-widget-sow-headline-default-7a90836226cb-2535 so-widget-fittext-wrapper\"\n\t\t\t data-fit-text-compressor=\"0.85\"\n\t\t><div class=\"sow-headline-container \">\n\t\t\t\t\t\t\t<h5 class=\"sow-headline\">\n\t\t\t\t\t\t\t\t\t\t\t\t\t<a href=\"https:\/\/www.researchgate.net\/profile\/Gabriel_Otalvaro_Castro\" >\n\t\t\t\t\t\t\t\tGabriel Jaime Ot\u00e1lvaro Castro<\/a>\t\t\t\t\t\t<\/h5>\n\t\t\t\t\t\t\t\t\t\t\t<div class=\"decoration\">\n\t\t\t\t\t\t<div class=\"decoration-inside\"><\/div>\n\t\t\t\t\t<\/div>\n\t\t\t\t\t\t\t\t\t\t\t<p class=\"sow-sub-headline\">\n\t\t\t\t\t\t\t\t\t\t\t\t\t<a href=\"https:\/\/www.researchgate.net\/profile\/Gabriel_Otalvaro_Castro\" >\n\t\t\t\t\t\t\t\tUniversidad de Antioquia - Col\u00f4mbia<\/a>\t\t\t\t\t\t<\/p>\n\t\t\t\t\t\t<\/div>\n<\/div><\/div><\/div><\/div><div id=\"pg-2535-5\"  class=\"panel-grid panel-no-style\" ><div id=\"pgc-2535-5-0\"  class=\"panel-grid-cell\" ><div id=\"panel-2535-5-0-0\" class=\"so-panel widget widget_sow-image panel-first-child\" data-index=\"19\" ><div\n\t\t\t\n\t\t\tclass=\"so-widget-sow-image so-widget-sow-image-default-c67d20f9f743-2535\"\n\t\t\t\n\t\t>\n<div class=\"sow-image-container\">\n\t\t<img \n\tsrc=\"https:\/\/sites.usp.br\/iberoamericanoralhealth\/wp-content\/uploads\/sites\/642\/2020\/06\/gabrielabiazevic-150x150.jpg\" width=\"150\" height=\"150\" srcset=\"https:\/\/sites.usp.br\/iberoamericanoralhealth\/wp-content\/uploads\/sites\/642\/2020\/06\/gabrielabiazevic-150x150.jpg 150w, https:\/\/sites.usp.br\/iberoamericanoralhealth\/wp-content\/uploads\/sites\/642\/2020\/06\/gabrielabiazevic-250x250.jpg 250w, https:\/\/sites.usp.br\/iberoamericanoralhealth\/wp-content\/uploads\/sites\/642\/2020\/06\/gabrielabiazevic-174x174.jpg 174w, https:\/\/sites.usp.br\/iberoamericanoralhealth\/wp-content\/uploads\/sites\/642\/2020\/06\/gabrielabiazevic-45x45.jpg 45w, https:\/\/sites.usp.br\/iberoamericanoralhealth\/wp-content\/uploads\/sites\/642\/2020\/06\/gabrielabiazevic-200x200.jpg 200w\" sizes=\"(max-width: 150px) 100vw, 150px\" alt=\"\" \t\tclass=\"so-widget-image\"\/>\n\t<\/div>\n\n<\/div><\/div><div id=\"panel-2535-5-0-1\" class=\"so-panel widget widget_sow-headline panel-last-child\" data-index=\"20\" ><div\n\t\t\t\n\t\t\tclass=\"so-widget-sow-headline so-widget-sow-headline-default-7a90836226cb-2535 so-widget-fittext-wrapper\"\n\t\t\t data-fit-text-compressor=\"0.85\"\n\t\t><div class=\"sow-headline-container \">\n\t\t\t\t\t\t\t<h5 class=\"sow-headline\">\n\t\t\t\t\t\t\t\t\t\t\t\t\t<a href=\"https:\/\/bv.fapesp.br\/pt\/pesquisador\/69296\/maria-gabriela-haye-biazevic\/\" >\n\t\t\t\t\t\t\t\tMaria Gabriela Haye Biazevic<\/a>\t\t\t\t\t\t<\/h5>\n\t\t\t\t\t\t\t\t\t\t\t<div class=\"decoration\">\n\t\t\t\t\t\t<div class=\"decoration-inside\"><\/div>\n\t\t\t\t\t<\/div>\n\t\t\t\t\t\t\t\t\t\t\t<p class=\"sow-sub-headline\">\n\t\t\t\t\t\t\t\t\t\t\t\t\t<a href=\"https:\/\/bv.fapesp.br\/pt\/pesquisador\/69296\/maria-gabriela-haye-biazevic\/\" >\n\t\t\t\t\t\t\t\tProfessora da Faculdade de Odontologia da Universidade de S\u00e3o Paulo (USP)<\/a>\t\t\t\t\t\t<\/p>\n\t\t\t\t\t\t<\/div>\n<\/div><\/div><\/div><div id=\"pgc-2535-5-1\"  class=\"panel-grid-cell\" ><div id=\"panel-2535-5-1-0\" class=\"so-panel widget widget_sow-image panel-first-child\" data-index=\"21\" ><div\n\t\t\t\n\t\t\tclass=\"so-widget-sow-image so-widget-sow-image-default-c67d20f9f743-2535\"\n\t\t\t\n\t\t>\n<div class=\"sow-image-container\">\n\t\t<img \n\tsrc=\"https:\/\/sites.usp.br\/iberoamericanoralhealth\/wp-content\/uploads\/sites\/642\/2020\/06\/dorivalpedroso-150x150.jpg\" width=\"150\" height=\"150\" srcset=\"https:\/\/sites.usp.br\/iberoamericanoralhealth\/wp-content\/uploads\/sites\/642\/2020\/06\/dorivalpedroso-150x150.jpg 150w, https:\/\/sites.usp.br\/iberoamericanoralhealth\/wp-content\/uploads\/sites\/642\/2020\/06\/dorivalpedroso-174x174.jpg 174w, https:\/\/sites.usp.br\/iberoamericanoralhealth\/wp-content\/uploads\/sites\/642\/2020\/06\/dorivalpedroso-45x45.jpg 45w, https:\/\/sites.usp.br\/iberoamericanoralhealth\/wp-content\/uploads\/sites\/642\/2020\/06\/dorivalpedroso-200x200.jpg 200w, https:\/\/sites.usp.br\/iberoamericanoralhealth\/wp-content\/uploads\/sites\/642\/2020\/06\/dorivalpedroso.jpg 224w\" sizes=\"(max-width: 150px) 100vw, 150px\" alt=\"\" \t\tclass=\"so-widget-image\"\/>\n\t<\/div>\n\n<\/div><\/div><div id=\"panel-2535-5-1-1\" class=\"so-panel widget widget_sow-headline panel-last-child\" data-index=\"22\" ><div\n\t\t\t\n\t\t\tclass=\"so-widget-sow-headline so-widget-sow-headline-default-7a90836226cb-2535 so-widget-fittext-wrapper\"\n\t\t\t data-fit-text-compressor=\"0.85\"\n\t\t><div class=\"sow-headline-container \">\n\t\t\t\t\t\t\t<h5 class=\"sow-headline\">\n\t\t\t\t\t\t\t\t\t\t\t\t\t<a href=\"http:\/\/lattes.cnpq.br\/8604692031991516\" >\n\t\t\t\t\t\t\t\tDorival Pedroso da Silva<\/a>\t\t\t\t\t\t<\/h5>\n\t\t\t\t\t\t\t\t\t\t\t<div class=\"decoration\">\n\t\t\t\t\t\t<div class=\"decoration-inside\"><\/div>\n\t\t\t\t\t<\/div>\n\t\t\t\t\t\t\t\t\t\t\t<p class=\"sow-sub-headline\">\n\t\t\t\t\t\t\t\t\t\t\t\t\t<a href=\"http:\/\/lattes.cnpq.br\/8604692031991516\" >\n\t\t\t\t\t\t\t\tProfessor da Faculdade de Odontologia da Universidade de S\u00e3o Paulo (USP)<\/a>\t\t\t\t\t\t<\/p>\n\t\t\t\t\t\t<\/div>\n<\/div><\/div><\/div><\/div><div id=\"pg-2535-6\"  class=\"panel-grid panel-has-style\" ><div class=\"siteorigin-panels-stretch panel-row-style panel-row-style-for-2535-6\" data-stretch-type=\"full-stretched\" ><div id=\"pgc-2535-6-0\"  class=\"panel-grid-cell\" ><div id=\"panel-2535-6-0-0\" class=\"so-panel widget widget_sow-hero panel-first-child panel-last-child\" data-index=\"23\" ><div\n\t\t\t\n\t\t\tclass=\"so-widget-sow-hero so-widget-sow-hero-default-207f64946830-2535 so-widget-fittext-wrapper\"\n\t\t\t data-fit-text-compressor=\"0.85\"\n\t\t>\t\t\t\t<div class=\"sow-slider-base\" style=\"display: none\" tabindex=\"0\">\n\t\t\t\t\t<ul\n\t\t\t\t\tclass=\"sow-slider-images\"\n\t\t\t\t\tdata-settings=\"{&quot;pagination&quot;:true,&quot;speed&quot;:800,&quot;timeout&quot;:8000,&quot;paused&quot;:false,&quot;pause_on_hover&quot;:false,&quot;swipe&quot;:true,&quot;nav_always_show_desktop&quot;:&quot;&quot;,&quot;nav_always_show_mobile&quot;:&quot;&quot;,&quot;breakpoint&quot;:&quot;780px&quot;,&quot;unmute&quot;:false,&quot;anchor&quot;:null}\"\n\t\t\t\t\t\t\t\t\t\tdata-anchor-id=\"\"\n\t\t\t\t>\t\t<li class=\"sow-slider-image  sow-slider-image-cover\" style=\"visibility: visible;;background-color: #333333\" >\n\t\t\t\t\t<div class=\"sow-slider-image-container\">\n\t\t\t<div class=\"sow-slider-image-wrapper\">\n\t\t\t\t<h3 style=\"text-align: center\">Rede Brasil<\/h3>\n\t\t\t<\/div>\n\t\t<\/div>\n\t\t<div class=\"sow-slider-image-overlay sow-slider-image-cover\" style=\"opacity: 0.8;background-image: url(https:\/\/sites.usp.br\/iberoamericanoralhealth\/wp-content\/uploads\/sites\/642\/2020\/06\/57e4d54a4a51ab14f6d1867dda79307f1137c3e45658734a74297bd497_1920.png)\"  ><\/div>\t\t<\/li>\n\t\t<\/ul>\t\t\t\t<ol class=\"sow-slider-pagination\">\n\t\t\t\t\t\t\t\t\t\t\t<li><a href=\"#\" data-goto=\"0\" aria-label=\"Display slide 1\"><\/a><\/li>\n\t\t\t\t\t\t\t\t\t<\/ol>\n\n\t\t\t\t<div class=\"sow-slide-nav sow-slide-nav-next\">\n\t\t\t\t\t<a href=\"#\" data-goto=\"next\" aria-label=\"Next slide\" data-action=\"next\">\n\t\t\t\t\t\t<em class=\"sow-sld-icon-thin-right\"><\/em>\n\t\t\t\t\t<\/a>\n\t\t\t\t<\/div>\n\n\t\t\t\t<div class=\"sow-slide-nav sow-slide-nav-prev\">\n\t\t\t\t\t<a href=\"#\" data-goto=\"previous\" aria-label=\"Previous slide\" data-action=\"prev\">\n\t\t\t\t\t\t<em class=\"sow-sld-icon-thin-left\"><\/em>\n\t\t\t\t\t<\/a>\n\t\t\t\t<\/div>\n\t\t\t\t<\/div><\/div><\/div><\/div><\/div><\/div><div id=\"pg-2535-7\"  class=\"panel-grid panel-no-style\" ><div id=\"pgc-2535-7-0\"  class=\"panel-grid-cell\" ><div id=\"panel-2535-7-0-0\" class=\"so-panel widget widget_sow-image panel-first-child\" data-index=\"24\" ><div\n\t\t\t\n\t\t\tclass=\"so-widget-sow-image so-widget-sow-image-default-c67d20f9f743-2535\"\n\t\t\t\n\t\t>\n<div class=\"sow-image-container\">\n\t\t<img \n\tsrc=\"https:\/\/sites.usp.br\/iberoamericanoralhealth\/wp-content\/uploads\/sites\/642\/2020\/06\/marciaalves-150x150.jpg\" width=\"150\" height=\"150\" srcset=\"https:\/\/sites.usp.br\/iberoamericanoralhealth\/wp-content\/uploads\/sites\/642\/2020\/06\/marciaalves-150x150.jpg 150w, https:\/\/sites.usp.br\/iberoamericanoralhealth\/wp-content\/uploads\/sites\/642\/2020\/06\/marciaalves-250x250.jpg 250w, https:\/\/sites.usp.br\/iberoamericanoralhealth\/wp-content\/uploads\/sites\/642\/2020\/06\/marciaalves-174x174.jpg 174w, https:\/\/sites.usp.br\/iberoamericanoralhealth\/wp-content\/uploads\/sites\/642\/2020\/06\/marciaalves-45x45.jpg 45w, https:\/\/sites.usp.br\/iberoamericanoralhealth\/wp-content\/uploads\/sites\/642\/2020\/06\/marciaalves-200x200.jpg 200w\" sizes=\"(max-width: 150px) 100vw, 150px\" alt=\"\" \t\tclass=\"so-widget-image\"\/>\n\t<\/div>\n\n<\/div><\/div><div id=\"panel-2535-7-0-1\" class=\"so-panel widget widget_sow-headline panel-last-child\" data-index=\"25\" ><div\n\t\t\t\n\t\t\tclass=\"so-widget-sow-headline so-widget-sow-headline-default-7a90836226cb-2535 so-widget-fittext-wrapper\"\n\t\t\t data-fit-text-compressor=\"0.85\"\n\t\t><div class=\"sow-headline-container \">\n\t\t\t\t\t\t\t<h5 class=\"sow-headline\">\n\t\t\t\t\t\t\t\t\t\t\t\t\t<a href=\"http:\/\/lattes.cnpq.br\/3821889638125721\" >\n\t\t\t\t\t\t\t\tM\u00e1rcia Pereira Alves dos Santos<\/a>\t\t\t\t\t\t<\/h5>\n\t\t\t\t\t\t\t\t\t\t\t<div class=\"decoration\">\n\t\t\t\t\t\t<div class=\"decoration-inside\"><\/div>\n\t\t\t\t\t<\/div>\n\t\t\t\t\t\t\t\t\t\t\t<p class=\"sow-sub-headline\">\n\t\t\t\t\t\t\t\t\t\t\t\t\t<a href=\"http:\/\/lattes.cnpq.br\/3821889638125721\" >\n\t\t\t\t\t\t\t\tProfessora da Universidade Federal do Rio de Janeiro (UFRJ).<\/a>\t\t\t\t\t\t<\/p>\n\t\t\t\t\t\t<\/div>\n<\/div><\/div><\/div><div id=\"pgc-2535-7-1\"  class=\"panel-grid-cell\" ><div id=\"panel-2535-7-1-0\" class=\"so-panel widget widget_sow-image panel-first-child\" data-index=\"26\" ><div\n\t\t\t\n\t\t\tclass=\"so-widget-sow-image so-widget-sow-image-default-c67d20f9f743-2535\"\n\t\t\t\n\t\t>\n<div class=\"sow-image-container\">\n\t\t<img \n\tsrc=\"https:\/\/sites.usp.br\/iberoamericanoralhealth\/wp-content\/uploads\/sites\/642\/2020\/06\/nilcema-150x150.jpg\" width=\"150\" height=\"150\" srcset=\"https:\/\/sites.usp.br\/iberoamericanoralhealth\/wp-content\/uploads\/sites\/642\/2020\/06\/nilcema-150x150.jpg 150w, https:\/\/sites.usp.br\/iberoamericanoralhealth\/wp-content\/uploads\/sites\/642\/2020\/06\/nilcema-45x45.jpg 45w\" sizes=\"(max-width: 150px) 100vw, 150px\" alt=\"\" \t\tclass=\"so-widget-image\"\/>\n\t<\/div>\n\n<\/div><\/div><div id=\"panel-2535-7-1-1\" class=\"so-panel widget widget_sow-headline panel-last-child\" data-index=\"27\" ><div\n\t\t\t\n\t\t\tclass=\"so-widget-sow-headline so-widget-sow-headline-default-7a90836226cb-2535 so-widget-fittext-wrapper\"\n\t\t\t data-fit-text-compressor=\"0.85\"\n\t\t><div class=\"sow-headline-container \">\n\t\t\t\t\t\t\t<h5 class=\"sow-headline\">\n\t\t\t\t\t\t\t\t\t\t\t\t\t<a href=\"http:\/\/lattes.cnpq.br\/6330860061557574\" >\n\t\t\t\t\t\t\t\tNilcema Figueiredo<\/a>\t\t\t\t\t\t<\/h5>\n\t\t\t\t\t\t\t\t\t\t\t<div class=\"decoration\">\n\t\t\t\t\t\t<div class=\"decoration-inside\"><\/div>\n\t\t\t\t\t<\/div>\n\t\t\t\t\t\t\t\t\t\t\t<p class=\"sow-sub-headline\">\n\t\t\t\t\t\t\t\t\t\t\t\t\t<a href=\"http:\/\/lattes.cnpq.br\/6330860061557574\" >\n\t\t\t\t\t\t\t\tProfessora da Universidade Federal de Pernambuco (UFPE)<\/a>\t\t\t\t\t\t<\/p>\n\t\t\t\t\t\t<\/div>\n<\/div><\/div><\/div><\/div><div id=\"pg-2535-8\"  class=\"panel-grid panel-no-style\" ><div id=\"pgc-2535-8-0\"  class=\"panel-grid-cell\" ><div id=\"panel-2535-8-0-0\" class=\"so-panel widget widget_sow-image panel-first-child\" data-index=\"28\" ><div\n\t\t\t\n\t\t\tclass=\"so-widget-sow-image so-widget-sow-image-default-c67d20f9f743-2535\"\n\t\t\t\n\t\t>\n<div class=\"sow-image-container\">\n\t\t<img \n\tsrc=\"https:\/\/sites.usp.br\/iberoamericanoralhealth\/wp-content\/uploads\/sites\/642\/2020\/06\/edson-hilan-150x150.jpg\" width=\"150\" height=\"150\" srcset=\"https:\/\/sites.usp.br\/iberoamericanoralhealth\/wp-content\/uploads\/sites\/642\/2020\/06\/edson-hilan-150x150.jpg 150w, https:\/\/sites.usp.br\/iberoamericanoralhealth\/wp-content\/uploads\/sites\/642\/2020\/06\/edson-hilan-174x174.jpg 174w, https:\/\/sites.usp.br\/iberoamericanoralhealth\/wp-content\/uploads\/sites\/642\/2020\/06\/edson-hilan-45x45.jpg 45w, https:\/\/sites.usp.br\/iberoamericanoralhealth\/wp-content\/uploads\/sites\/642\/2020\/06\/edson-hilan-200x200.jpg 200w\" sizes=\"(max-width: 150px) 100vw, 150px\" title=\"edson hilan\" alt=\"\" \t\tclass=\"so-widget-image\"\/>\n\t<\/div>\n\n<\/div><\/div><div id=\"panel-2535-8-0-1\" class=\"so-panel widget widget_sow-headline panel-last-child\" data-index=\"29\" ><div\n\t\t\t\n\t\t\tclass=\"so-widget-sow-headline so-widget-sow-headline-default-7a90836226cb-2535 so-widget-fittext-wrapper\"\n\t\t\t data-fit-text-compressor=\"0.85\"\n\t\t><div class=\"sow-headline-container \">\n\t\t\t\t\t\t\t<h5 class=\"sow-headline\">\n\t\t\t\t\t\t\t\t\t\t\t\t\t<a href=\"http:\/\/buscatextual.cnpq.br\/buscatextual\/visualizacv.do?id=K4299857A6\" >\n\t\t\t\t\t\t\t\tEdson Hilan Gomes de Lucena<\/a>\t\t\t\t\t\t<\/h5>\n\t\t\t\t\t\t\t\t\t\t\t<div class=\"decoration\">\n\t\t\t\t\t\t<div class=\"decoration-inside\"><\/div>\n\t\t\t\t\t<\/div>\n\t\t\t\t\t\t\t\t\t\t\t<p class=\"sow-sub-headline\">\n\t\t\t\t\t\t\t\t\t\t\t\t\t<a href=\"http:\/\/buscatextual.cnpq.br\/buscatextual\/visualizacv.do?id=K4299857A6\" >\n\t\t\t\t\t\t\t\tProfessor Adjunto do Departamento de Cl\u00ednica e Odontologia Social da Universidade Federal da Para\u00edba (UFPB).<\/a>\t\t\t\t\t\t<\/p>\n\t\t\t\t\t\t<\/div>\n<\/div><\/div><\/div><div id=\"pgc-2535-8-1\"  class=\"panel-grid-cell\" ><div id=\"panel-2535-8-1-0\" class=\"so-panel widget widget_sow-image panel-first-child\" data-index=\"30\" ><div\n\t\t\t\n\t\t\tclass=\"so-widget-sow-image so-widget-sow-image-default-c67d20f9f743-2535\"\n\t\t\t\n\t\t>\n<div class=\"sow-image-container\">\n\t\t<img \n\tsrc=\"https:\/\/sites.usp.br\/iberoamericanoralhealth\/wp-content\/uploads\/sites\/642\/2020\/06\/edgardmichel-144x150.jpg\" width=\"144\" height=\"150\" sizes=\"(max-width: 144px) 100vw, 144px\" alt=\"\" \t\tclass=\"so-widget-image\"\/>\n\t<\/div>\n\n<\/div><\/div><div id=\"panel-2535-8-1-1\" class=\"so-panel widget widget_sow-headline panel-last-child\" data-index=\"31\" ><div\n\t\t\t\n\t\t\tclass=\"so-widget-sow-headline so-widget-sow-headline-default-7a90836226cb-2535 so-widget-fittext-wrapper\"\n\t\t\t data-fit-text-compressor=\"0.85\"\n\t\t><div class=\"sow-headline-container \">\n\t\t\t\t\t\t\t<h5 class=\"sow-headline\">\n\t\t\t\t\t\t\t\t\t\t\t\t\t<a href=\"http:\/\/lattes.cnpq.br\/1071530618471268\" >\n\t\t\t\t\t\t\t\tEdgard Michel Crosato<\/a>\t\t\t\t\t\t<\/h5>\n\t\t\t\t\t\t\t\t\t\t\t<div class=\"decoration\">\n\t\t\t\t\t\t<div class=\"decoration-inside\"><\/div>\n\t\t\t\t\t<\/div>\n\t\t\t\t\t\t\t\t\t\t\t<p class=\"sow-sub-headline\">\n\t\t\t\t\t\t\t\t\t\t\t\t\t<a href=\"http:\/\/lattes.cnpq.br\/1071530618471268\" >\n\t\t\t\t\t\t\t\tProfessor Faculdade Odontologia (USP)<\/a>\t\t\t\t\t\t<\/p>\n\t\t\t\t\t\t<\/div>\n<\/div><\/div><\/div><\/div><div id=\"pg-2535-9\"  class=\"panel-grid panel-no-style\" ><div id=\"pgc-2535-9-0\"  class=\"panel-grid-cell\" ><div id=\"panel-2535-9-0-0\" class=\"so-panel widget widget_sow-image panel-first-child\" data-index=\"32\" ><div\n\t\t\t\n\t\t\tclass=\"so-widget-sow-image so-widget-sow-image-default-c67d20f9f743-2535\"\n\t\t\t\n\t\t>\n<div class=\"sow-image-container\">\n\t\t<img \n\tsrc=\"https:\/\/sites.usp.br\/iberoamericanoralhealth\/wp-content\/uploads\/sites\/642\/2020\/06\/paulogoes-150x150.jpg\" width=\"150\" height=\"150\" srcset=\"https:\/\/sites.usp.br\/iberoamericanoralhealth\/wp-content\/uploads\/sites\/642\/2020\/06\/paulogoes-150x150.jpg 150w, https:\/\/sites.usp.br\/iberoamericanoralhealth\/wp-content\/uploads\/sites\/642\/2020\/06\/paulogoes-250x250.jpg 250w, https:\/\/sites.usp.br\/iberoamericanoralhealth\/wp-content\/uploads\/sites\/642\/2020\/06\/paulogoes-174x174.jpg 174w, https:\/\/sites.usp.br\/iberoamericanoralhealth\/wp-content\/uploads\/sites\/642\/2020\/06\/paulogoes-45x45.jpg 45w, https:\/\/sites.usp.br\/iberoamericanoralhealth\/wp-content\/uploads\/sites\/642\/2020\/06\/paulogoes-200x200.jpg 200w\" sizes=\"(max-width: 150px) 100vw, 150px\" alt=\"\" \t\tclass=\"so-widget-image\"\/>\n\t<\/div>\n\n<\/div><\/div><div id=\"panel-2535-9-0-1\" class=\"so-panel widget widget_sow-headline panel-last-child\" data-index=\"33\" ><div\n\t\t\t\n\t\t\tclass=\"so-widget-sow-headline so-widget-sow-headline-default-7a90836226cb-2535 so-widget-fittext-wrapper\"\n\t\t\t data-fit-text-compressor=\"0.85\"\n\t\t><div class=\"sow-headline-container \">\n\t\t\t\t\t\t\t<h5 class=\"sow-headline\">\n\t\t\t\t\t\t\t\t\t\t\t\t\t<a href=\"http:\/\/lattes.cnpq.br\/0012675796289882\" >\n\t\t\t\t\t\t\t\tPaulo Savio Angeiras de Goes<\/a>\t\t\t\t\t\t<\/h5>\n\t\t\t\t\t\t\t\t\t\t\t<div class=\"decoration\">\n\t\t\t\t\t\t<div class=\"decoration-inside\"><\/div>\n\t\t\t\t\t<\/div>\n\t\t\t\t\t\t\t\t\t\t\t<p class=\"sow-sub-headline\">\n\t\t\t\t\t\t\t\t\t\t\t\t\t<a href=\"http:\/\/lattes.cnpq.br\/0012675796289882\" >\n\t\t\t\t\t\t\t\tProfessor da Universidade Federal de Pernambuco (UFPE).<\/a>\t\t\t\t\t\t<\/p>\n\t\t\t\t\t\t<\/div>\n<\/div><\/div><\/div><div id=\"pgc-2535-9-1\"  class=\"panel-grid-cell\" ><div id=\"panel-2535-9-1-0\" class=\"so-panel widget widget_sow-image panel-first-child\" data-index=\"34\" ><div\n\t\t\t\n\t\t\tclass=\"so-widget-sow-image so-widget-sow-image-default-c67d20f9f743-2535\"\n\t\t\t\n\t\t>\n<div class=\"sow-image-container\">\n\t\t\t<a href=\"http:\/\/lattes.cnpq.br\/6257987995944855\"\n\t\t\t\t\t>\n\t\t\t<img \n\tsrc=\"https:\/\/sites.usp.br\/iberoamericanoralhealth\/wp-content\/uploads\/sites\/642\/2020\/06\/petroniomarteli-150x150.jpg\" width=\"150\" height=\"150\" srcset=\"https:\/\/sites.usp.br\/iberoamericanoralhealth\/wp-content\/uploads\/sites\/642\/2020\/06\/petroniomarteli-150x150.jpg 150w, https:\/\/sites.usp.br\/iberoamericanoralhealth\/wp-content\/uploads\/sites\/642\/2020\/06\/petroniomarteli-250x250.jpg 250w, https:\/\/sites.usp.br\/iberoamericanoralhealth\/wp-content\/uploads\/sites\/642\/2020\/06\/petroniomarteli-174x174.jpg 174w, https:\/\/sites.usp.br\/iberoamericanoralhealth\/wp-content\/uploads\/sites\/642\/2020\/06\/petroniomarteli-45x45.jpg 45w, https:\/\/sites.usp.br\/iberoamericanoralhealth\/wp-content\/uploads\/sites\/642\/2020\/06\/petroniomarteli-200x200.jpg 200w\" sizes=\"(max-width: 150px) 100vw, 150px\" alt=\"\" \t\tclass=\"so-widget-image\"\/>\n\t\t\t<\/a><\/div>\n\n<\/div><\/div><div id=\"panel-2535-9-1-1\" class=\"so-panel widget widget_sow-headline panel-last-child\" data-index=\"35\" ><div\n\t\t\t\n\t\t\tclass=\"so-widget-sow-headline so-widget-sow-headline-default-7a90836226cb-2535 so-widget-fittext-wrapper\"\n\t\t\t data-fit-text-compressor=\"0.85\"\n\t\t><div class=\"sow-headline-container \">\n\t\t\t\t\t\t\t<h5 class=\"sow-headline\">\n\t\t\t\t\t\t\t\t\t\t\t\t\t<a href=\"http:\/\/lattes.cnpq.br\/6257987995944855\" >\n\t\t\t\t\t\t\t\tPetr\u00f4nio Jos\u00e9 de Lima Martelli<\/a>\t\t\t\t\t\t<\/h5>\n\t\t\t\t\t\t\t\t\t\t\t<div class=\"decoration\">\n\t\t\t\t\t\t<div class=\"decoration-inside\"><\/div>\n\t\t\t\t\t<\/div>\n\t\t\t\t\t\t\t\t\t\t\t<p class=\"sow-sub-headline\">\n\t\t\t\t\t\t\t\t\t\t\t\t\t<a href=\"http:\/\/lattes.cnpq.br\/6257987995944855\" >\n\t\t\t\t\t\t\t\tProfessor da Universidade Federal de Pernambuco (UFPE)<\/a>\t\t\t\t\t\t<\/p>\n\t\t\t\t\t\t<\/div>\n<\/div><\/div><\/div><\/div><div id=\"pg-2535-10\"  class=\"panel-grid panel-no-style\" ><div id=\"pgc-2535-10-0\"  class=\"panel-grid-cell\" ><div id=\"panel-2535-10-0-0\" class=\"so-panel widget widget_sow-image panel-first-child\" data-index=\"36\" ><div\n\t\t\t\n\t\t\tclass=\"so-widget-sow-image so-widget-sow-image-default-c67d20f9f743-2535\"\n\t\t\t\n\t\t>\n<div class=\"sow-image-container\">\n\t\t<img \n\tsrc=\"https:\/\/sites.usp.br\/iberoamericanoralhealth\/wp-content\/uploads\/sites\/642\/2020\/06\/Yuri_Cavalcanti3-150x150.jpg\" width=\"150\" height=\"150\" srcset=\"https:\/\/sites.usp.br\/iberoamericanoralhealth\/wp-content\/uploads\/sites\/642\/2020\/06\/Yuri_Cavalcanti3-150x150.jpg 150w, https:\/\/sites.usp.br\/iberoamericanoralhealth\/wp-content\/uploads\/sites\/642\/2020\/06\/Yuri_Cavalcanti3-300x300.jpg 300w, https:\/\/sites.usp.br\/iberoamericanoralhealth\/wp-content\/uploads\/sites\/642\/2020\/06\/Yuri_Cavalcanti3-250x250.jpg 250w, https:\/\/sites.usp.br\/iberoamericanoralhealth\/wp-content\/uploads\/sites\/642\/2020\/06\/Yuri_Cavalcanti3-174x174.jpg 174w, https:\/\/sites.usp.br\/iberoamericanoralhealth\/wp-content\/uploads\/sites\/642\/2020\/06\/Yuri_Cavalcanti3-45x45.jpg 45w, https:\/\/sites.usp.br\/iberoamericanoralhealth\/wp-content\/uploads\/sites\/642\/2020\/06\/Yuri_Cavalcanti3-200x200.jpg 200w, https:\/\/sites.usp.br\/iberoamericanoralhealth\/wp-content\/uploads\/sites\/642\/2020\/06\/Yuri_Cavalcanti3-400x400.jpg 400w, https:\/\/sites.usp.br\/iberoamericanoralhealth\/wp-content\/uploads\/sites\/642\/2020\/06\/Yuri_Cavalcanti3.jpg 512w\" sizes=\"(max-width: 150px) 100vw, 150px\" alt=\"\" \t\tclass=\"so-widget-image\"\/>\n\t<\/div>\n\n<\/div><\/div><div id=\"panel-2535-10-0-1\" class=\"so-panel widget widget_sow-headline panel-last-child\" data-index=\"37\" ><div\n\t\t\t\n\t\t\tclass=\"so-widget-sow-headline so-widget-sow-headline-default-7a90836226cb-2535 so-widget-fittext-wrapper\"\n\t\t\t data-fit-text-compressor=\"0.85\"\n\t\t><div class=\"sow-headline-container \">\n\t\t\t\t\t\t\t<h5 class=\"sow-headline\">\n\t\t\t\t\t\t\t\t\t\t\t\t\t<a href=\"https:\/\/orcid.org\/0000-0002-3570-9904\" >\n\t\t\t\t\t\t\t\tYuri Cavalcanti<\/a>\t\t\t\t\t\t<\/h5>\n\t\t\t\t\t\t\t\t\t\t\t<div class=\"decoration\">\n\t\t\t\t\t\t<div class=\"decoration-inside\"><\/div>\n\t\t\t\t\t<\/div>\n\t\t\t\t\t\t\t\t\t\t\t<p class=\"sow-sub-headline\">\n\t\t\t\t\t\t\t\t\t\t\t\t\t<a href=\"https:\/\/orcid.org\/0000-0002-3570-9904\" >\n\t\t\t\t\t\t\t\tProfessor da Universidade Federal da Para\u00edba (UFPB).<\/a>\t\t\t\t\t\t<\/p>\n\t\t\t\t\t\t<\/div>\n<\/div><\/div><\/div><div id=\"pgc-2535-10-1\"  class=\"panel-grid-cell\" ><div id=\"panel-2535-10-1-0\" class=\"so-panel widget widget_sow-image panel-first-child\" data-index=\"38\" ><div\n\t\t\t\n\t\t\tclass=\"so-widget-sow-image so-widget-sow-image-default-c67d20f9f743-2535\"\n\t\t\t\n\t\t>\n<div class=\"sow-image-container\">\n\t\t\t<a href=\"http:\/\/lattes.cnpq.br\/0708159661009572\"\n\t\t\t\t\t>\n\t\t\t<img \n\tsrc=\"https:\/\/sites.usp.br\/iberoamericanoralhealth\/wp-content\/uploads\/sites\/642\/2020\/06\/marcoswerneck-150x150.jpg\" width=\"150\" height=\"150\" srcset=\"https:\/\/sites.usp.br\/iberoamericanoralhealth\/wp-content\/uploads\/sites\/642\/2020\/06\/marcoswerneck-150x150.jpg 150w, https:\/\/sites.usp.br\/iberoamericanoralhealth\/wp-content\/uploads\/sites\/642\/2020\/06\/marcoswerneck-250x250.jpg 250w, https:\/\/sites.usp.br\/iberoamericanoralhealth\/wp-content\/uploads\/sites\/642\/2020\/06\/marcoswerneck-174x174.jpg 174w, https:\/\/sites.usp.br\/iberoamericanoralhealth\/wp-content\/uploads\/sites\/642\/2020\/06\/marcoswerneck-45x45.jpg 45w, https:\/\/sites.usp.br\/iberoamericanoralhealth\/wp-content\/uploads\/sites\/642\/2020\/06\/marcoswerneck-200x200.jpg 200w\" sizes=\"(max-width: 150px) 100vw, 150px\" alt=\"\" \t\tclass=\"so-widget-image\"\/>\n\t\t\t<\/a><\/div>\n\n<\/div><\/div><div id=\"panel-2535-10-1-1\" class=\"so-panel widget widget_sow-headline panel-last-child\" data-index=\"39\" ><div\n\t\t\t\n\t\t\tclass=\"so-widget-sow-headline so-widget-sow-headline-default-7a90836226cb-2535 so-widget-fittext-wrapper\"\n\t\t\t data-fit-text-compressor=\"0.85\"\n\t\t><div class=\"sow-headline-container \">\n\t\t\t\t\t\t\t<h5 class=\"sow-headline\">\n\t\t\t\t\t\t\t\t\t\t\t\t\t<a href=\"http:\/\/lattes.cnpq.br\/0708159661009572\" >\n\t\t\t\t\t\t\t\tMarcos Azeredo Furquim Werneck<\/a>\t\t\t\t\t\t<\/h5>\n\t\t\t\t\t\t\t\t\t\t\t<div class=\"decoration\">\n\t\t\t\t\t\t<div class=\"decoration-inside\"><\/div>\n\t\t\t\t\t<\/div>\n\t\t\t\t\t\t\t\t\t\t\t<p class=\"sow-sub-headline\">\n\t\t\t\t\t\t\t\t\t\t\t\t\t<a href=\"http:\/\/lattes.cnpq.br\/0708159661009572\" >\n\t\t\t\t\t\t\t\tProfessor da Universidade Federal de Minas Gerais (UFMG).<\/a>\t\t\t\t\t\t<\/p>\n\t\t\t\t\t\t<\/div>\n<\/div><\/div><\/div><\/div><div id=\"pg-2535-11\"  class=\"panel-grid panel-no-style\" ><div id=\"pgc-2535-11-0\"  class=\"panel-grid-cell\" ><div id=\"panel-2535-11-0-0\" class=\"so-panel widget widget_sow-hero panel-first-child panel-last-child\" data-index=\"40\" ><div\n\t\t\t\n\t\t\tclass=\"so-widget-sow-hero so-widget-sow-hero-default-207f64946830-2535 so-widget-fittext-wrapper\"\n\t\t\t data-fit-text-compressor=\"0.85\"\n\t\t>\t\t\t\t<div class=\"sow-slider-base\" style=\"display: none\" tabindex=\"0\">\n\t\t\t\t\t<ul\n\t\t\t\t\tclass=\"sow-slider-images\"\n\t\t\t\t\tdata-settings=\"{&quot;pagination&quot;:true,&quot;speed&quot;:800,&quot;timeout&quot;:8000,&quot;paused&quot;:false,&quot;pause_on_hover&quot;:false,&quot;swipe&quot;:true,&quot;nav_always_show_desktop&quot;:&quot;&quot;,&quot;nav_always_show_mobile&quot;:&quot;&quot;,&quot;breakpoint&quot;:&quot;780px&quot;,&quot;unmute&quot;:false,&quot;anchor&quot;:null}\"\n\t\t\t\t\t\t\t\t\t\tdata-anchor-id=\"\"\n\t\t\t\t>\t\t<li class=\"sow-slider-image  sow-slider-image-cover\" style=\"visibility: visible;;background-color: #333333\" >\n\t\t\t\t\t<div class=\"sow-slider-image-container\">\n\t\t\t<div class=\"sow-slider-image-wrapper\">\n\t\t\t\t<h3 style=\"text-align: center\">Alunos Rede Ibero e Brasil<\/h3>\n\t\t\t<\/div>\n\t\t<\/div>\n\t\t<div class=\"sow-slider-image-overlay sow-slider-image-cover\" style=\"opacity: 0.8;background-image: url(https:\/\/sites.usp.br\/iberoamericanoralhealth\/wp-content\/uploads\/sites\/642\/2020\/06\/54e1d2474a56a914f6d1867dda79307f1137c3e45658734c7d297cd395_1920.png)\"  ><\/div>\t\t<\/li>\n\t\t<\/ul>\t\t\t\t<ol class=\"sow-slider-pagination\">\n\t\t\t\t\t\t\t\t\t\t\t<li><a href=\"#\" data-goto=\"0\" aria-label=\"Display slide 1\"><\/a><\/li>\n\t\t\t\t\t\t\t\t\t<\/ol>\n\n\t\t\t\t<div class=\"sow-slide-nav sow-slide-nav-next\">\n\t\t\t\t\t<a href=\"#\" data-goto=\"next\" aria-label=\"Next slide\" data-action=\"next\">\n\t\t\t\t\t\t<em class=\"sow-sld-icon-thin-right\"><\/em>\n\t\t\t\t\t<\/a>\n\t\t\t\t<\/div>\n\n\t\t\t\t<div class=\"sow-slide-nav sow-slide-nav-prev\">\n\t\t\t\t\t<a href=\"#\" data-goto=\"previous\" aria-label=\"Previous slide\" data-action=\"prev\">\n\t\t\t\t\t\t<em class=\"sow-sld-icon-thin-left\"><\/em>\n\t\t\t\t\t<\/a>\n\t\t\t\t<\/div>\n\t\t\t\t<\/div><\/div><\/div><\/div><\/div><div id=\"pg-2535-12\"  class=\"panel-grid panel-no-style\" ><div id=\"pgc-2535-12-0\"  class=\"panel-grid-cell\" ><div id=\"panel-2535-12-0-0\" class=\"so-panel widget widget_sow-image panel-first-child\" data-index=\"41\" ><div\n\t\t\t\n\t\t\tclass=\"so-widget-sow-image so-widget-sow-image-default-c67d20f9f743-2535\"\n\t\t\t\n\t\t>\n<div class=\"sow-image-container\">\n\t\t<img \n\tsrc=\"https:\/\/sites.usp.br\/iberoamericanoralhealth\/wp-content\/uploads\/sites\/642\/2020\/01\/marilopes-150x150.png\" width=\"150\" height=\"150\" srcset=\"https:\/\/sites.usp.br\/iberoamericanoralhealth\/wp-content\/uploads\/sites\/642\/2020\/01\/marilopes-150x150.png 150w, https:\/\/sites.usp.br\/iberoamericanoralhealth\/wp-content\/uploads\/sites\/642\/2020\/01\/marilopes-174x174.png 174w, https:\/\/sites.usp.br\/iberoamericanoralhealth\/wp-content\/uploads\/sites\/642\/2020\/01\/marilopes-45x45.png 45w, https:\/\/sites.usp.br\/iberoamericanoralhealth\/wp-content\/uploads\/sites\/642\/2020\/01\/marilopes-200x200.png 200w\" sizes=\"(max-width: 150px) 100vw, 150px\" alt=\"\" \t\tclass=\"so-widget-image\"\/>\n\t<\/div>\n\n<\/div><\/div><div id=\"panel-2535-12-0-1\" class=\"so-panel widget widget_sow-headline panel-last-child\" data-index=\"42\" ><div\n\t\t\t\n\t\t\tclass=\"so-widget-sow-headline so-widget-sow-headline-default-e21e97baf0d0-2535 so-widget-fittext-wrapper\"\n\t\t\t data-fit-text-compressor=\"0.85\"\n\t\t><div class=\"sow-headline-container \">\n\t\t\t\t\t\t\t<h5 class=\"sow-headline\">\n\t\t\t\t\t\t\t\t\t\t\t\t\t<a href=\"http:\/\/lattes.cnpq.br\/7934795769472744\" >\n\t\t\t\t\t\t\t\tMariana Lopes Galante<\/a>\t\t\t\t\t\t<\/h5>\n\t\t\t\t\t\t\t\t\t\t\t<div class=\"decoration\">\n\t\t\t\t\t\t<div class=\"decoration-inside\"><\/div>\n\t\t\t\t\t<\/div>\n\t\t\t\t\t\t\t\t\t\t\t<p class=\"sow-sub-headline\">\n\t\t\t\t\t\t\t\t\t\t\t\t\t<a href=\"http:\/\/lattes.cnpq.br\/7934795769472744\" >\n\t\t\t\t\t\t\t\tDoutoranda Faculdade Odontologia USP<\/a>\t\t\t\t\t\t<\/p>\n\t\t\t\t\t\t<\/div>\n<\/div><\/div><\/div><div id=\"pgc-2535-12-1\"  class=\"panel-grid-cell\" ><div id=\"panel-2535-12-1-0\" class=\"so-panel widget widget_sow-image panel-first-child\" data-index=\"43\" ><div\n\t\t\t\n\t\t\tclass=\"so-widget-sow-image so-widget-sow-image-default-c67d20f9f743-2535\"\n\t\t\t\n\t\t>\n<div class=\"sow-image-container\">\n\t\t<img \n\tsrc=\"https:\/\/sites.usp.br\/iberoamericanoralhealth\/wp-content\/uploads\/sites\/642\/2020\/01\/WhatsApp-Image-2020-01-21-at-15.07.35-150x150.jpeg\" width=\"150\" height=\"150\" srcset=\"https:\/\/sites.usp.br\/iberoamericanoralhealth\/wp-content\/uploads\/sites\/642\/2020\/01\/WhatsApp-Image-2020-01-21-at-15.07.35-150x150.jpeg 150w, https:\/\/sites.usp.br\/iberoamericanoralhealth\/wp-content\/uploads\/sites\/642\/2020\/01\/WhatsApp-Image-2020-01-21-at-15.07.35-250x250.jpeg 250w, https:\/\/sites.usp.br\/iberoamericanoralhealth\/wp-content\/uploads\/sites\/642\/2020\/01\/WhatsApp-Image-2020-01-21-at-15.07.35-174x174.jpeg 174w, https:\/\/sites.usp.br\/iberoamericanoralhealth\/wp-content\/uploads\/sites\/642\/2020\/01\/WhatsApp-Image-2020-01-21-at-15.07.35-45x45.jpeg 45w, https:\/\/sites.usp.br\/iberoamericanoralhealth\/wp-content\/uploads\/sites\/642\/2020\/01\/WhatsApp-Image-2020-01-21-at-15.07.35-200x200.jpeg 200w\" sizes=\"(max-width: 150px) 100vw, 150px\" title=\"WhatsApp Image 2020-01-21 at 15.07.35\" alt=\"\" \t\tclass=\"so-widget-image\"\/>\n\t<\/div>\n\n<\/div><\/div><div id=\"panel-2535-12-1-1\" class=\"so-panel widget widget_sow-headline panel-last-child\" data-index=\"44\" ><div\n\t\t\t\n\t\t\tclass=\"so-widget-sow-headline so-widget-sow-headline-default-e21e97baf0d0-2535 so-widget-fittext-wrapper\"\n\t\t\t data-fit-text-compressor=\"0.85\"\n\t\t><div class=\"sow-headline-container \">\n\t\t\t\t\t\t\t<h5 class=\"sow-headline\">\n\t\t\t\t\t\t\t\t\t\t\t\t\t<a href=\"http:\/\/lattes.cnpq.br\/4645338288852154\" >\n\t\t\t\t\t\t\t\tF\u00e1bio Carneiro Martins<\/a>\t\t\t\t\t\t<\/h5>\n\t\t\t\t\t\t\t\t\t\t\t<div class=\"decoration\">\n\t\t\t\t\t\t<div class=\"decoration-inside\"><\/div>\n\t\t\t\t\t<\/div>\n\t\t\t\t\t\t\t\t\t\t\t<p class=\"sow-sub-headline\">\n\t\t\t\t\t\t\t\t\t\t\t\t\t<a href=\"http:\/\/lattes.cnpq.br\/4645338288852154\" >\n\t\t\t\t\t\t\t\tDoutorando Faculdade Odontologia USP<\/a>\t\t\t\t\t\t<\/p>\n\t\t\t\t\t\t<\/div>\n<\/div><\/div><\/div><\/div><div id=\"pg-2535-13\"  class=\"panel-grid panel-no-style\" ><div id=\"pgc-2535-13-0\"  class=\"panel-grid-cell\" ><div id=\"panel-2535-13-0-0\" class=\"so-panel widget widget_sow-image panel-first-child\" data-index=\"45\" ><div\n\t\t\t\n\t\t\tclass=\"so-widget-sow-image so-widget-sow-image-default-c67d20f9f743-2535\"\n\t\t\t\n\t\t>\n<div class=\"sow-image-container\">\n\t\t<img \n\tsrc=\"https:\/\/sites.usp.br\/iberoamericanoralhealth\/wp-content\/uploads\/sites\/642\/2020\/01\/WhatsApp-Image-2020-01-21-at-15.10.52-150x150.jpeg\" width=\"150\" height=\"150\" srcset=\"https:\/\/sites.usp.br\/iberoamericanoralhealth\/wp-content\/uploads\/sites\/642\/2020\/01\/WhatsApp-Image-2020-01-21-at-15.10.52-150x150.jpeg 150w, https:\/\/sites.usp.br\/iberoamericanoralhealth\/wp-content\/uploads\/sites\/642\/2020\/01\/WhatsApp-Image-2020-01-21-at-15.10.52-250x250.jpeg 250w, https:\/\/sites.usp.br\/iberoamericanoralhealth\/wp-content\/uploads\/sites\/642\/2020\/01\/WhatsApp-Image-2020-01-21-at-15.10.52-174x174.jpeg 174w, https:\/\/sites.usp.br\/iberoamericanoralhealth\/wp-content\/uploads\/sites\/642\/2020\/01\/WhatsApp-Image-2020-01-21-at-15.10.52-45x45.jpeg 45w, https:\/\/sites.usp.br\/iberoamericanoralhealth\/wp-content\/uploads\/sites\/642\/2020\/01\/WhatsApp-Image-2020-01-21-at-15.10.52-200x200.jpeg 200w\" sizes=\"(max-width: 150px) 100vw, 150px\" title=\"WhatsApp Image 2020-01-21 at 15.10.52\" alt=\"\" \t\tclass=\"so-widget-image\"\/>\n\t<\/div>\n\n<\/div><\/div><div id=\"panel-2535-13-0-1\" class=\"so-panel widget widget_sow-headline panel-last-child\" data-index=\"46\" ><div\n\t\t\t\n\t\t\tclass=\"so-widget-sow-headline so-widget-sow-headline-default-e21e97baf0d0-2535 so-widget-fittext-wrapper\"\n\t\t\t data-fit-text-compressor=\"0.85\"\n\t\t><div class=\"sow-headline-container \">\n\t\t\t\t\t\t\t<h5 class=\"sow-headline\">\n\t\t\t\t\t\t\t\t\t\t\t\t\t<a href=\"http:\/\/lattes.cnpq.br\/0283007064975054\" >\n\t\t\t\t\t\t\t\tJana\u00edna Bergoli Galeazzi<\/a>\t\t\t\t\t\t<\/h5>\n\t\t\t\t\t\t\t\t\t\t\t<div class=\"decoration\">\n\t\t\t\t\t\t<div class=\"decoration-inside\"><\/div>\n\t\t\t\t\t<\/div>\n\t\t\t\t\t\t\t\t\t\t\t<p class=\"sow-sub-headline\">\n\t\t\t\t\t\t\t\t\t\t\t\t\t<a href=\"http:\/\/lattes.cnpq.br\/0283007064975054\" >\n\t\t\t\t\t\t\t\tMestranda Faculdade Odontologia USP<\/a>\t\t\t\t\t\t<\/p>\n\t\t\t\t\t\t<\/div>\n<\/div><\/div><\/div><div id=\"pgc-2535-13-1\"  class=\"panel-grid-cell\" ><div id=\"panel-2535-13-1-0\" class=\"so-panel widget widget_sow-image panel-first-child\" data-index=\"47\" ><div\n\t\t\t\n\t\t\tclass=\"so-widget-sow-image so-widget-sow-image-default-c67d20f9f743-2535\"\n\t\t\t\n\t\t>\n<div class=\"sow-image-container\">\n\t\t<img \n\tsrc=\"https:\/\/sites.usp.br\/iberoamericanoralhealth\/wp-content\/uploads\/sites\/642\/2020\/01\/WhatsApp-Image-2020-01-21-at-15.15.14-150x150.jpeg\" width=\"150\" height=\"150\" srcset=\"https:\/\/sites.usp.br\/iberoamericanoralhealth\/wp-content\/uploads\/sites\/642\/2020\/01\/WhatsApp-Image-2020-01-21-at-15.15.14-150x150.jpeg 150w, https:\/\/sites.usp.br\/iberoamericanoralhealth\/wp-content\/uploads\/sites\/642\/2020\/01\/WhatsApp-Image-2020-01-21-at-15.15.14-174x174.jpeg 174w, https:\/\/sites.usp.br\/iberoamericanoralhealth\/wp-content\/uploads\/sites\/642\/2020\/01\/WhatsApp-Image-2020-01-21-at-15.15.14-45x45.jpeg 45w\" sizes=\"(max-width: 150px) 100vw, 150px\" title=\"fernandaguedes\" alt=\"\" \t\tclass=\"so-widget-image\"\/>\n\t<\/div>\n\n<\/div><\/div><div id=\"panel-2535-13-1-1\" class=\"so-panel widget widget_sow-headline panel-last-child\" data-index=\"48\" ><div\n\t\t\t\n\t\t\tclass=\"so-widget-sow-headline so-widget-sow-headline-default-e21e97baf0d0-2535 so-widget-fittext-wrapper\"\n\t\t\t data-fit-text-compressor=\"0.85\"\n\t\t><div class=\"sow-headline-container \">\n\t\t\t\t\t\t\t<h5 class=\"sow-headline\">\n\t\t\t\t\t\t\t\t\t\t\t\t\t<a href=\"http:\/\/lattes.cnpq.br\/7797175800373581\" >\n\t\t\t\t\t\t\t\tFernanda Guedes Bomfim Antequera<\/a>\t\t\t\t\t\t<\/h5>\n\t\t\t\t\t\t\t\t\t\t\t<div class=\"decoration\">\n\t\t\t\t\t\t<div class=\"decoration-inside\"><\/div>\n\t\t\t\t\t<\/div>\n\t\t\t\t\t\t\t\t\t\t\t<p class=\"sow-sub-headline\">\n\t\t\t\t\t\t\t\t\t\t\t\t\t<a href=\"http:\/\/lattes.cnpq.br\/7797175800373581\" >\n\t\t\t\t\t\t\t\tMestranda Faculdade Odontologia USP<\/a>\t\t\t\t\t\t<\/p>\n\t\t\t\t\t\t<\/div>\n<\/div><\/div><\/div><\/div><div id=\"pg-2535-14\"  class=\"panel-grid panel-no-style\" ><div id=\"pgc-2535-14-0\"  class=\"panel-grid-cell\" ><div id=\"panel-2535-14-0-0\" class=\"so-panel widget widget_sow-image panel-first-child\" data-index=\"49\" ><div\n\t\t\t\n\t\t\tclass=\"so-widget-sow-image so-widget-sow-image-default-c67d20f9f743-2535\"\n\t\t\t\n\t\t>\n<div class=\"sow-image-container\">\n\t\t<img \n\tsrc=\"https:\/\/sites.usp.br\/iberoamericanoralhealth\/wp-content\/uploads\/sites\/642\/2020\/06\/duber-150x150.jpeg\" width=\"150\" height=\"150\" srcset=\"https:\/\/sites.usp.br\/iberoamericanoralhealth\/wp-content\/uploads\/sites\/642\/2020\/06\/duber-150x150.jpeg 150w, https:\/\/sites.usp.br\/iberoamericanoralhealth\/wp-content\/uploads\/sites\/642\/2020\/06\/duber-250x250.jpeg 250w, https:\/\/sites.usp.br\/iberoamericanoralhealth\/wp-content\/uploads\/sites\/642\/2020\/06\/duber-174x174.jpeg 174w, https:\/\/sites.usp.br\/iberoamericanoralhealth\/wp-content\/uploads\/sites\/642\/2020\/06\/duber-45x45.jpeg 45w, https:\/\/sites.usp.br\/iberoamericanoralhealth\/wp-content\/uploads\/sites\/642\/2020\/06\/duber-200x200.jpeg 200w\" sizes=\"(max-width: 150px) 100vw, 150px\" alt=\"\" \t\tclass=\"so-widget-image\"\/>\n\t<\/div>\n\n<\/div><\/div><div id=\"panel-2535-14-0-1\" class=\"so-panel widget widget_sow-headline panel-last-child\" data-index=\"50\" ><div\n\t\t\t\n\t\t\tclass=\"so-widget-sow-headline so-widget-sow-headline-default-e21e97baf0d0-2535 so-widget-fittext-wrapper\"\n\t\t\t data-fit-text-compressor=\"0.85\"\n\t\t><div class=\"sow-headline-container \">\n\t\t\t\t\t\t\t<h5 class=\"sow-headline\">\n\t\t\t\t\t\t\t\t\t\t\t\t\t<a href=\"http:\/\/lattes.cnpq.br\/4669512315210234\" >\n\t\t\t\t\t\t\t\tDuber Ignacio Osorio Bustamante<\/a>\t\t\t\t\t\t<\/h5>\n\t\t\t\t\t\t\t\t\t\t\t<div class=\"decoration\">\n\t\t\t\t\t\t<div class=\"decoration-inside\"><\/div>\n\t\t\t\t\t<\/div>\n\t\t\t\t\t\t\t\t\t\t\t<p class=\"sow-sub-headline\">\n\t\t\t\t\t\t\t\t\t\t\t\t\t<a href=\"http:\/\/lattes.cnpq.br\/4669512315210234\" >\n\t\t\t\t\t\t\t\tMestrando Faculdade Odontologia USP<\/a>\t\t\t\t\t\t<\/p>\n\t\t\t\t\t\t<\/div>\n<\/div><\/div><\/div><div id=\"pgc-2535-14-1\"  class=\"panel-grid-cell\" ><div id=\"panel-2535-14-1-0\" class=\"so-panel widget widget_sow-image panel-first-child\" data-index=\"51\" ><div\n\t\t\t\n\t\t\tclass=\"so-widget-sow-image so-widget-sow-image-default-c67d20f9f743-2535\"\n\t\t\t\n\t\t>\n<div class=\"sow-image-container\">\n\t\t<img \n\tsrc=\"https:\/\/sites.usp.br\/iberoamericanoralhealth\/wp-content\/uploads\/sites\/642\/2020\/06\/aldelany-150x150.jpg\" width=\"150\" height=\"150\" srcset=\"https:\/\/sites.usp.br\/iberoamericanoralhealth\/wp-content\/uploads\/sites\/642\/2020\/06\/aldelany-150x150.jpg 150w, https:\/\/sites.usp.br\/iberoamericanoralhealth\/wp-content\/uploads\/sites\/642\/2020\/06\/aldelany-250x250.jpg 250w, https:\/\/sites.usp.br\/iberoamericanoralhealth\/wp-content\/uploads\/sites\/642\/2020\/06\/aldelany-174x174.jpg 174w, https:\/\/sites.usp.br\/iberoamericanoralhealth\/wp-content\/uploads\/sites\/642\/2020\/06\/aldelany-45x45.jpg 45w, https:\/\/sites.usp.br\/iberoamericanoralhealth\/wp-content\/uploads\/sites\/642\/2020\/06\/aldelany-200x200.jpg 200w\" sizes=\"(max-width: 150px) 100vw, 150px\" alt=\"\" \t\tclass=\"so-widget-image\"\/>\n\t<\/div>\n\n<\/div><\/div><div id=\"panel-2535-14-1-1\" class=\"so-panel widget widget_sow-headline panel-last-child\" data-index=\"52\" ><div\n\t\t\t\n\t\t\tclass=\"so-widget-sow-headline so-widget-sow-headline-default-e21e97baf0d0-2535 so-widget-fittext-wrapper\"\n\t\t\t data-fit-text-compressor=\"0.85\"\n\t\t><div class=\"sow-headline-container \">\n\t\t\t\t\t\t\t<h5 class=\"sow-headline\">\n\t\t\t\t\t\t\t\t\t\t\t\t\t<a href=\"http:\/\/lattes.cnpq.br\/6262460080854496\" >\n\t\t\t\t\t\t\t\tAldelany Ramalho Freire <\/a>\t\t\t\t\t\t<\/h5>\n\t\t\t\t\t\t\t\t\t\t\t<div class=\"decoration\">\n\t\t\t\t\t\t<div class=\"decoration-inside\"><\/div>\n\t\t\t\t\t<\/div>\n\t\t\t\t\t\t\t\t\t\t\t<p class=\"sow-sub-headline\">\n\t\t\t\t\t\t\t\t\t\t\t\t\t<a href=\"http:\/\/lattes.cnpq.br\/6262460080854496\" >\n\t\t\t\t\t\t\t\t Doutoranda Universidade Federal Paraiba (UFPB)<\/a>\t\t\t\t\t\t<\/p>\n\t\t\t\t\t\t<\/div>\n<\/div><\/div><\/div><\/div><div id=\"pg-2535-15\"  class=\"panel-grid panel-no-style\" ><div id=\"pgc-2535-15-0\"  class=\"panel-grid-cell\" ><div id=\"panel-2535-15-0-0\" class=\"so-panel widget widget_sow-image panel-first-child\" data-index=\"53\" ><div\n\t\t\t\n\t\t\tclass=\"so-widget-sow-image so-widget-sow-image-default-c67d20f9f743-2535\"\n\t\t\t\n\t\t>\n<div class=\"sow-image-container\">\n\t\t<img \n\tsrc=\"https:\/\/sites.usp.br\/iberoamericanoralhealth\/wp-content\/uploads\/sites\/642\/2020\/01\/WhatsApp-Image-2020-01-22-at-14.42.52-1-150x150.jpeg\" width=\"150\" height=\"150\" srcset=\"https:\/\/sites.usp.br\/iberoamericanoralhealth\/wp-content\/uploads\/sites\/642\/2020\/01\/WhatsApp-Image-2020-01-22-at-14.42.52-1-150x150.jpeg 150w, https:\/\/sites.usp.br\/iberoamericanoralhealth\/wp-content\/uploads\/sites\/642\/2020\/01\/WhatsApp-Image-2020-01-22-at-14.42.52-1-250x250.jpeg 250w, https:\/\/sites.usp.br\/iberoamericanoralhealth\/wp-content\/uploads\/sites\/642\/2020\/01\/WhatsApp-Image-2020-01-22-at-14.42.52-1-174x174.jpeg 174w, https:\/\/sites.usp.br\/iberoamericanoralhealth\/wp-content\/uploads\/sites\/642\/2020\/01\/WhatsApp-Image-2020-01-22-at-14.42.52-1-45x45.jpeg 45w, https:\/\/sites.usp.br\/iberoamericanoralhealth\/wp-content\/uploads\/sites\/642\/2020\/01\/WhatsApp-Image-2020-01-22-at-14.42.52-1-200x200.jpeg 200w\" sizes=\"(max-width: 150px) 100vw, 150px\" title=\"WhatsApp Image 2020-01-22 at 14.42.52 (1)\" alt=\"\" \t\tclass=\"so-widget-image\"\/>\n\t<\/div>\n\n<\/div><\/div><div id=\"panel-2535-15-0-1\" class=\"so-panel widget widget_sow-headline panel-last-child\" data-index=\"54\" ><div\n\t\t\t\n\t\t\tclass=\"so-widget-sow-headline so-widget-sow-headline-default-e21e97baf0d0-2535 so-widget-fittext-wrapper\"\n\t\t\t data-fit-text-compressor=\"0.85\"\n\t\t><div class=\"sow-headline-container \">\n\t\t\t\t\t\t\t<h5 class=\"sow-headline\">\n\t\t\t\t\t\t\t\t\t\t\t\t\t<a href=\"http:\/\/lattes.cnpq.br\/2321131382477839\" >\n\t\t\t\t\t\t\t\tAmanda Iida Giraldes<\/a>\t\t\t\t\t\t<\/h5>\n\t\t\t\t\t\t\t\t\t\t\t<div class=\"decoration\">\n\t\t\t\t\t\t<div class=\"decoration-inside\"><\/div>\n\t\t\t\t\t<\/div>\n\t\t\t\t\t\t\t\t\t\t\t<p class=\"sow-sub-headline\">\n\t\t\t\t\t\t\t\t\t\t\t\t\t<a href=\"http:\/\/lattes.cnpq.br\/2321131382477839\" >\n\t\t\t\t\t\t\t\tInicia\u00e7\u00e3o Cient\u00edfica Faculdade Odontologia USP<\/a>\t\t\t\t\t\t<\/p>\n\t\t\t\t\t\t<\/div>\n<\/div><\/div><\/div><div id=\"pgc-2535-15-1\"  class=\"panel-grid-cell\" ><div id=\"panel-2535-15-1-0\" class=\"so-panel widget widget_sow-image panel-first-child\" data-index=\"55\" ><div\n\t\t\t\n\t\t\tclass=\"so-widget-sow-image so-widget-sow-image-default-c67d20f9f743-2535\"\n\t\t\t\n\t\t>\n<div class=\"sow-image-container\">\n\t\t<img \n\tsrc=\"https:\/\/sites.usp.br\/iberoamericanoralhealth\/wp-content\/uploads\/sites\/642\/2020\/06\/cindy-150x150.jpg\" width=\"150\" height=\"150\" srcset=\"https:\/\/sites.usp.br\/iberoamericanoralhealth\/wp-content\/uploads\/sites\/642\/2020\/06\/cindy-150x150.jpg 150w, https:\/\/sites.usp.br\/iberoamericanoralhealth\/wp-content\/uploads\/sites\/642\/2020\/06\/cindy-174x174.jpg 174w, https:\/\/sites.usp.br\/iberoamericanoralhealth\/wp-content\/uploads\/sites\/642\/2020\/06\/cindy-45x45.jpg 45w, https:\/\/sites.usp.br\/iberoamericanoralhealth\/wp-content\/uploads\/sites\/642\/2020\/06\/cindy-200x200.jpg 200w\" sizes=\"(max-width: 150px) 100vw, 150px\" alt=\"\" \t\tclass=\"so-widget-image\"\/>\n\t<\/div>\n\n<\/div><\/div><div id=\"panel-2535-15-1-1\" class=\"so-panel widget widget_sow-headline panel-last-child\" data-index=\"56\" ><div\n\t\t\t\n\t\t\tclass=\"so-widget-sow-headline so-widget-sow-headline-default-e21e97baf0d0-2535 so-widget-fittext-wrapper\"\n\t\t\t data-fit-text-compressor=\"0.85\"\n\t\t><div class=\"sow-headline-container \">\n\t\t\t\t\t\t\t<h5 class=\"sow-headline\">\n\t\t\t\t\t\t\t\t\t\t\t\t\t<a href=\"http:\/\/lattes.cnpq.br\/0275333630526193\" >\n\t\t\t\t\t\t\t\tCindy Telma da Cruz Silva  <\/a>\t\t\t\t\t\t<\/h5>\n\t\t\t\t\t\t\t\t\t\t\t<div class=\"decoration\">\n\t\t\t\t\t\t<div class=\"decoration-inside\"><\/div>\n\t\t\t\t\t<\/div>\n\t\t\t\t\t\t\t\t\t\t\t<p class=\"sow-sub-headline\">\n\t\t\t\t\t\t\t\t\t\t\t\t\t<a href=\"http:\/\/lattes.cnpq.br\/0275333630526193\" >\n\t\t\t\t\t\t\t\tTutora Universidade Federal Rio de Janeiro (UFRJ)<\/a>\t\t\t\t\t\t<\/p>\n\t\t\t\t\t\t<\/div>\n<\/div><\/div><\/div><\/div><div id=\"pg-2535-16\"  class=\"panel-grid panel-no-style\" ><div id=\"pgc-2535-16-0\"  class=\"panel-grid-cell\" ><div id=\"panel-2535-16-0-0\" class=\"so-panel widget widget_sow-image panel-first-child\" data-index=\"57\" ><div\n\t\t\t\n\t\t\tclass=\"so-widget-sow-image so-widget-sow-image-default-c67d20f9f743-2535\"\n\t\t\t\n\t\t>\n<div class=\"sow-image-container\">\n\t\t<img \n\tsrc=\"https:\/\/sites.usp.br\/iberoamericanoralhealth\/wp-content\/uploads\/sites\/642\/2020\/01\/WhatsApp-Image-2020-01-21-at-16.08.31-150x150.jpeg\" width=\"150\" height=\"150\" srcset=\"https:\/\/sites.usp.br\/iberoamericanoralhealth\/wp-content\/uploads\/sites\/642\/2020\/01\/WhatsApp-Image-2020-01-21-at-16.08.31-150x150.jpeg 150w, https:\/\/sites.usp.br\/iberoamericanoralhealth\/wp-content\/uploads\/sites\/642\/2020\/01\/WhatsApp-Image-2020-01-21-at-16.08.31-300x300.jpeg 300w, https:\/\/sites.usp.br\/iberoamericanoralhealth\/wp-content\/uploads\/sites\/642\/2020\/01\/WhatsApp-Image-2020-01-21-at-16.08.31-1024x1024.jpeg 1024w, https:\/\/sites.usp.br\/iberoamericanoralhealth\/wp-content\/uploads\/sites\/642\/2020\/01\/WhatsApp-Image-2020-01-21-at-16.08.31-768x768.jpeg 768w, https:\/\/sites.usp.br\/iberoamericanoralhealth\/wp-content\/uploads\/sites\/642\/2020\/01\/WhatsApp-Image-2020-01-21-at-16.08.31-250x250.jpeg 250w, https:\/\/sites.usp.br\/iberoamericanoralhealth\/wp-content\/uploads\/sites\/642\/2020\/01\/WhatsApp-Image-2020-01-21-at-16.08.31-174x174.jpeg 174w, https:\/\/sites.usp.br\/iberoamericanoralhealth\/wp-content\/uploads\/sites\/642\/2020\/01\/WhatsApp-Image-2020-01-21-at-16.08.31-45x45.jpeg 45w, https:\/\/sites.usp.br\/iberoamericanoralhealth\/wp-content\/uploads\/sites\/642\/2020\/01\/WhatsApp-Image-2020-01-21-at-16.08.31-200x200.jpeg 200w, https:\/\/sites.usp.br\/iberoamericanoralhealth\/wp-content\/uploads\/sites\/642\/2020\/01\/WhatsApp-Image-2020-01-21-at-16.08.31-400x400.jpeg 400w, https:\/\/sites.usp.br\/iberoamericanoralhealth\/wp-content\/uploads\/sites\/642\/2020\/01\/WhatsApp-Image-2020-01-21-at-16.08.31.jpeg 1280w\" sizes=\"(max-width: 150px) 100vw, 150px\" title=\"WhatsApp Image 2020-01-21 at 16.08.31\" alt=\"\" \t\tclass=\"so-widget-image\"\/>\n\t<\/div>\n\n<\/div><\/div><div id=\"panel-2535-16-0-1\" class=\"so-panel widget widget_sow-headline panel-last-child\" data-index=\"58\" ><div\n\t\t\t\n\t\t\tclass=\"so-widget-sow-headline so-widget-sow-headline-default-e21e97baf0d0-2535 so-widget-fittext-wrapper\"\n\t\t\t data-fit-text-compressor=\"0.85\"\n\t\t><div class=\"sow-headline-container \">\n\t\t\t\t\t\t\t<h5 class=\"sow-headline\">\n\t\t\t\t\t\t\t\t\t\t\t\t\t<a href=\"http:\/\/lattes.cnpq.br\/1148808656082410\" >\n\t\t\t\t\t\t\t\tAline Neumann<\/a>\t\t\t\t\t\t<\/h5>\n\t\t\t\t\t\t\t\t\t\t\t<div class=\"decoration\">\n\t\t\t\t\t\t<div class=\"decoration-inside\"><\/div>\n\t\t\t\t\t<\/div>\n\t\t\t\t\t\t\t\t\t\t\t<p class=\"sow-sub-headline\">\n\t\t\t\t\t\t\t\t\t\t\t\t\t<a href=\"http:\/\/lattes.cnpq.br\/1148808656082410\" >\n\t\t\t\t\t\t\t\tInicia\u00e7\u00e3o Cient\u00edfica Faculdade Odontologia USP<\/a>\t\t\t\t\t\t<\/p>\n\t\t\t\t\t\t<\/div>\n<\/div><\/div><\/div><div id=\"pgc-2535-16-1\"  class=\"panel-grid-cell\" ><div id=\"panel-2535-16-1-0\" class=\"so-panel widget widget_sow-image panel-first-child\" data-index=\"59\" ><div\n\t\t\t\n\t\t\tclass=\"so-widget-sow-image so-widget-sow-image-default-c67d20f9f743-2535\"\n\t\t\t\n\t\t>\n<div class=\"sow-image-container\">\n\t\t<img \n\tsrc=\"https:\/\/sites.usp.br\/iberoamericanoralhealth\/wp-content\/uploads\/sites\/642\/2020\/01\/WhatsApp-Image-2020-01-24-at-17.07.36-150x150.jpeg\" width=\"150\" height=\"150\" srcset=\"https:\/\/sites.usp.br\/iberoamericanoralhealth\/wp-content\/uploads\/sites\/642\/2020\/01\/WhatsApp-Image-2020-01-24-at-17.07.36-150x150.jpeg 150w, https:\/\/sites.usp.br\/iberoamericanoralhealth\/wp-content\/uploads\/sites\/642\/2020\/01\/WhatsApp-Image-2020-01-24-at-17.07.36-250x250.jpeg 250w, https:\/\/sites.usp.br\/iberoamericanoralhealth\/wp-content\/uploads\/sites\/642\/2020\/01\/WhatsApp-Image-2020-01-24-at-17.07.36-174x174.jpeg 174w, https:\/\/sites.usp.br\/iberoamericanoralhealth\/wp-content\/uploads\/sites\/642\/2020\/01\/WhatsApp-Image-2020-01-24-at-17.07.36-45x45.jpeg 45w, https:\/\/sites.usp.br\/iberoamericanoralhealth\/wp-content\/uploads\/sites\/642\/2020\/01\/WhatsApp-Image-2020-01-24-at-17.07.36-200x200.jpeg 200w\" sizes=\"(max-width: 150px) 100vw, 150px\" title=\"WhatsApp Image 2020-01-24 at 17.07.36\" alt=\"\" \t\tclass=\"so-widget-image\"\/>\n\t<\/div>\n\n<\/div><\/div><div id=\"panel-2535-16-1-1\" class=\"so-panel widget widget_sow-headline panel-last-child\" data-index=\"60\" ><div\n\t\t\t\n\t\t\tclass=\"so-widget-sow-headline so-widget-sow-headline-default-e21e97baf0d0-2535 so-widget-fittext-wrapper\"\n\t\t\t data-fit-text-compressor=\"0.85\"\n\t\t><div class=\"sow-headline-container \">\n\t\t\t\t\t\t\t<h5 class=\"sow-headline\">\n\t\t\t\t\t\t\t\t\t\t\t\t\t<a href=\"http:\/\/lattes.cnpq.br\/4963325325004693\" >\n\t\t\t\t\t\t\t\tNicole Pischel<\/a>\t\t\t\t\t\t<\/h5>\n\t\t\t\t\t\t\t\t\t\t\t<div class=\"decoration\">\n\t\t\t\t\t\t<div class=\"decoration-inside\"><\/div>\n\t\t\t\t\t<\/div>\n\t\t\t\t\t\t\t\t\t\t\t<p class=\"sow-sub-headline\">\n\t\t\t\t\t\t\t\t\t\t\t\t\t<a href=\"http:\/\/lattes.cnpq.br\/4963325325004693\" >\n\t\t\t\t\t\t\t\tInicia\u00e7\u00e3o Cient\u00edfica Faculdade Odontologia USP<\/a>\t\t\t\t\t\t<\/p>\n\t\t\t\t\t\t<\/div>\n<\/div><\/div><\/div><\/div><div id=\"pg-2535-17\"  class=\"panel-grid panel-no-style\" ><div id=\"pgc-2535-17-0\"  class=\"panel-grid-cell\" ><div id=\"panel-2535-17-0-0\" class=\"so-panel widget widget_sow-image panel-first-child\" data-index=\"61\" ><div\n\t\t\t\n\t\t\tclass=\"so-widget-sow-image so-widget-sow-image-default-c67d20f9f743-2535\"\n\t\t\t\n\t\t>\n<div class=\"sow-image-container\">\n\t\t<img \n\tsrc=\"https:\/\/sites.usp.br\/iberoamericanoralhealth\/wp-content\/uploads\/sites\/642\/2020\/06\/rennis-150x150.jpg\" width=\"150\" height=\"150\" srcset=\"https:\/\/sites.usp.br\/iberoamericanoralhealth\/wp-content\/uploads\/sites\/642\/2020\/06\/rennis-150x150.jpg 150w, https:\/\/sites.usp.br\/iberoamericanoralhealth\/wp-content\/uploads\/sites\/642\/2020\/06\/rennis-250x250.jpg 250w, https:\/\/sites.usp.br\/iberoamericanoralhealth\/wp-content\/uploads\/sites\/642\/2020\/06\/rennis-174x174.jpg 174w, https:\/\/sites.usp.br\/iberoamericanoralhealth\/wp-content\/uploads\/sites\/642\/2020\/06\/rennis-45x45.jpg 45w, https:\/\/sites.usp.br\/iberoamericanoralhealth\/wp-content\/uploads\/sites\/642\/2020\/06\/rennis-200x200.jpg 200w\" sizes=\"(max-width: 150px) 100vw, 150px\" alt=\"\" \t\tclass=\"so-widget-image\"\/>\n\t<\/div>\n\n<\/div><\/div><div id=\"panel-2535-17-0-1\" class=\"so-panel widget widget_sow-headline panel-last-child\" data-index=\"62\" ><div\n\t\t\t\n\t\t\tclass=\"so-widget-sow-headline so-widget-sow-headline-default-e21e97baf0d0-2535 so-widget-fittext-wrapper\"\n\t\t\t data-fit-text-compressor=\"0.85\"\n\t\t><div class=\"sow-headline-container \">\n\t\t\t\t\t\t\t<h5 class=\"sow-headline\">\n\t\t\t\t\t\t\t\t\t\t\t\t\t<a href=\"http:\/\/lattes.cnpq.br\/1995641223881265\" >\n\t\t\t\t\t\t\t\tR\u00eannis Oliveira da Silva <\/a>\t\t\t\t\t\t<\/h5>\n\t\t\t\t\t\t\t\t\t\t\t<div class=\"decoration\">\n\t\t\t\t\t\t<div class=\"decoration-inside\"><\/div>\n\t\t\t\t\t<\/div>\n\t\t\t\t\t\t\t\t\t\t\t<p class=\"sow-sub-headline\">\n\t\t\t\t\t\t\t\t\t\t\t\t\t<a href=\"http:\/\/lattes.cnpq.br\/1995641223881265\" >\n\t\t\t\t\t\t\t\tMestrando Universidade Federal Paraiba (UFPB)<\/a>\t\t\t\t\t\t<\/p>\n\t\t\t\t\t\t<\/div>\n<\/div><\/div><\/div><div id=\"pgc-2535-17-1\"  class=\"panel-grid-cell\" ><div id=\"panel-2535-17-1-0\" class=\"so-panel widget widget_sow-image panel-first-child\" data-index=\"63\" ><div\n\t\t\t\n\t\t\tclass=\"so-widget-sow-image so-widget-sow-image-default-c67d20f9f743-2535\"\n\t\t\t\n\t\t>\n<div class=\"sow-image-container\">\n\t\t<img \n\tsrc=\"https:\/\/sites.usp.br\/iberoamericanoralhealth\/wp-content\/uploads\/sites\/642\/2020\/06\/valentinacolorado-150x150.jpg\" width=\"150\" height=\"150\" srcset=\"https:\/\/sites.usp.br\/iberoamericanoralhealth\/wp-content\/uploads\/sites\/642\/2020\/06\/valentinacolorado-150x150.jpg 150w, https:\/\/sites.usp.br\/iberoamericanoralhealth\/wp-content\/uploads\/sites\/642\/2020\/06\/valentinacolorado-250x250.jpg 250w, https:\/\/sites.usp.br\/iberoamericanoralhealth\/wp-content\/uploads\/sites\/642\/2020\/06\/valentinacolorado-174x174.jpg 174w, https:\/\/sites.usp.br\/iberoamericanoralhealth\/wp-content\/uploads\/sites\/642\/2020\/06\/valentinacolorado-45x45.jpg 45w, https:\/\/sites.usp.br\/iberoamericanoralhealth\/wp-content\/uploads\/sites\/642\/2020\/06\/valentinacolorado-200x200.jpg 200w\" sizes=\"(max-width: 150px) 100vw, 150px\" alt=\"\" \t\tclass=\"so-widget-image\"\/>\n\t<\/div>\n\n<\/div><\/div><div id=\"panel-2535-17-1-1\" class=\"so-panel widget widget_sow-headline panel-last-child\" data-index=\"64\" ><div\n\t\t\t\n\t\t\tclass=\"so-widget-sow-headline so-widget-sow-headline-default-e21e97baf0d0-2535 so-widget-fittext-wrapper\"\n\t\t\t data-fit-text-compressor=\"0.85\"\n\t\t><div class=\"sow-headline-container \">\n\t\t\t\t\t\t\t<h5 class=\"sow-headline\">\n\t\t\t\t\t\t\t\t\t\t\t\t\t<a href=\"https:\/\/co.linkedin.com\/in\/valentina-de-la-roche-colorado-b93505132\" >\n\t\t\t\t\t\t\t\tValentina de la Roche Colorado<\/a>\t\t\t\t\t\t<\/h5>\n\t\t\t\t\t\t\t\t\t\t\t<div class=\"decoration\">\n\t\t\t\t\t\t<div class=\"decoration-inside\"><\/div>\n\t\t\t\t\t<\/div>\n\t\t\t\t\t\t\t\t\t\t\t<p class=\"sow-sub-headline\">\n\t\t\t\t\t\t\t\t\t\t\t\t\t<a href=\"https:\/\/co.linkedin.com\/in\/valentina-de-la-roche-colorado-b93505132\" >\n\t\t\t\t\t\t\t\tMestranda Universidad Antioquia - Col\u00f4mbia<\/a>\t\t\t\t\t\t<\/p>\n\t\t\t\t\t\t<\/div>\n<\/div><\/div><\/div><\/div><div id=\"pg-2535-18\"  class=\"panel-grid panel-no-style\" ><div id=\"pgc-2535-18-0\"  class=\"panel-grid-cell\" ><div id=\"panel-2535-18-0-0\" class=\"so-panel widget widget_tag_cloud panel-first-child panel-last-child\" data-index=\"65\" ><h3 class=\"widget-title\">Tags<\/h3><div class=\"tagcloud\"><a href=\"https:\/\/sites.usp.br\/iberoamericanoralhealth\/tag\/iberoamericano\/\" class=\"tag-cloud-link tag-link-15 tag-link-position-1\" style=\"font-size: 8pt;\" aria-label=\"iberoamericano (6 itens)\">iberoamericano<\/a>\n<a href=\"https:\/\/sites.usp.br\/iberoamericanoralhealth\/tag\/observatorio-iberoamericano-de-politicas-publicas-saude-bucal\/\" class=\"tag-cloud-link tag-link-10 tag-link-position-2\" style=\"font-size: 8pt;\" aria-label=\"Observat\u00f3rio Iberoamericano de Politicas P\u00fablicas Sa\u00fade Bucal (6 itens)\">Observat\u00f3rio Iberoamericano de Politicas P\u00fablicas Sa\u00fade Bucal<\/a>\n<a href=\"https:\/\/sites.usp.br\/iberoamericanoralhealth\/tag\/oral-health\/\" class=\"tag-cloud-link tag-link-11 tag-link-position-3\" style=\"font-size: 8pt;\" aria-label=\"Oral Health (6 itens)\">Oral Health<\/a>\n<a href=\"https:\/\/sites.usp.br\/iberoamericanoralhealth\/tag\/politica-publica\/\" class=\"tag-cloud-link tag-link-14 tag-link-position-4\" style=\"font-size: 8pt;\" aria-label=\"Politica publica (6 itens)\">Politica publica<\/a>\n<a href=\"https:\/\/sites.usp.br\/iberoamericanoralhealth\/tag\/public-policies\/\" class=\"tag-cloud-link tag-link-13 tag-link-position-5\" style=\"font-size: 8pt;\" aria-label=\"Public Policies (6 itens)\">Public Policies<\/a>\n<a href=\"https:\/\/sites.usp.br\/iberoamericanoralhealth\/tag\/salud-bucal\/\" class=\"tag-cloud-link tag-link-12 tag-link-position-6\" style=\"font-size: 8pt;\" aria-label=\"Salud Bucal (6 itens)\">Salud Bucal<\/a><\/div>\n<\/div><\/div><\/div><\/div>","protected":false},"excerpt":{"rendered":"<p>Conhe\u00e7a nossa equipe Nosso grupo de pesquisadores e professores est\u00e3o comprometidos com o avan\u00e7o do conhecimento, contribuindo com o desenvolvimento cient\u00edfico em sa\u00fade bucal e pol\u00edticas p\u00fablicas informada por evid\u00eancia. As principais linhas de pesquisa Pol\u00edticas P\u00fablicas Levantamentos epidemiol\u00f3gicos Tomada de decis\u00e3o informada por evid\u00eancias Conhe\u00e7a os professores e alunos que est\u00e3o desenvolvendo projetos e<a href=\"https:\/\/sites.usp.br\/iberoamericanoralhealth\/nossa-equipe\/\">[&#8230;]<\/a><\/p>\n","protected":false},"author":1230,"featured_media":0,"parent":0,"menu_order":0,"comment_status":"closed","ping_status":"closed","template":"template-fullwidth-no-title.php","meta":{"_monsterinsights_skip_tracking":false,"_monsterinsights_sitenote_active":false,"_monsterinsights_sitenote_note":"","_monsterinsights_sitenote_category":0,"footnotes":"","_links_to":"","_links_to_target":""},"class_list":["post-2535","page","type-page","status-publish","hentry"],"yoast_head":"<!-- This site is optimized with the Yoast SEO plugin v27.4 - https:\/\/yoast.com\/product\/yoast-seo-wordpress\/ -->\n<title>Equipe - Observat\u00f3rio Iberoamericano de Pol\u00edticas P\u00fablicas em Sa\u00fade Bucal Observatorio Iberoamericano de Politicas Publicas em Sa\u00fade bucal<\/title>\n<meta name=\"robots\" content=\"index, follow, max-snippet:-1, max-image-preview:large, max-video-preview:-1\" \/>\n<link rel=\"canonical\" href=\"https:\/\/sites.usp.br\/iberoamericanoralhealth\/nossa-equipe\/\" \/>\n<meta name=\"twitter:label1\" content=\"Est. tempo de leitura\" \/>\n\t<meta name=\"twitter:data1\" content=\"3 minutos\" \/>\n<script type=\"application\/ld+json\" class=\"yoast-schema-graph\">{\"@context\":\"https:\\\/\\\/schema.org\",\"@graph\":[{\"@type\":\"WebPage\",\"@id\":\"https:\\\/\\\/sites.usp.br\\\/iberoamericanoralhealth\\\/nossa-equipe\\\/\",\"url\":\"https:\\\/\\\/sites.usp.br\\\/iberoamericanoralhealth\\\/nossa-equipe\\\/\",\"name\":\"Equipe - Observat\u00f3rio Iberoamericano de Pol\u00edticas P\u00fablicas em Sa\u00fade Bucal Observatorio Iberoamericano de Politicas Publicas em Sa\u00fade bucal\",\"isPartOf\":{\"@id\":\"https:\\\/\\\/sites.usp.br\\\/iberoamericanoralhealth\\\/#website\"},\"datePublished\":\"2020-06-20T14:44:16+00:00\",\"dateModified\":\"2020-06-20T14:45:33+00:00\",\"inLanguage\":\"pt-BR\",\"potentialAction\":[{\"@type\":\"ReadAction\",\"target\":[\"https:\\\/\\\/sites.usp.br\\\/iberoamericanoralhealth\\\/nossa-equipe\\\/\"]}]},{\"@type\":\"WebSite\",\"@id\":\"https:\\\/\\\/sites.usp.br\\\/iberoamericanoralhealth\\\/#website\",\"url\":\"https:\\\/\\\/sites.usp.br\\\/iberoamericanoralhealth\\\/\",\"name\":\"Observat\u00f3rio Iberoamericano de Pol\u00edticas P\u00fablicas em Sa\u00fade Bucal\",\"description\":\"Universidade de S\u00e3o Paulo\",\"publisher\":{\"@id\":\"https:\\\/\\\/sites.usp.br\\\/iberoamericanoralhealth\\\/#organization\"},\"potentialAction\":[{\"@type\":\"SearchAction\",\"target\":{\"@type\":\"EntryPoint\",\"urlTemplate\":\"https:\\\/\\\/sites.usp.br\\\/iberoamericanoralhealth\\\/?s={search_term_string}\"},\"query-input\":{\"@type\":\"PropertyValueSpecification\",\"valueRequired\":true,\"valueName\":\"search_term_string\"}}],\"inLanguage\":\"pt-BR\"},{\"@type\":\"Organization\",\"@id\":\"https:\\\/\\\/sites.usp.br\\\/iberoamericanoralhealth\\\/#organization\",\"name\":\"Observatorio Iberoamericano de Pol\u00edticas P\u00fablicas em Sa\u00fade Bucal\",\"url\":\"https:\\\/\\\/sites.usp.br\\\/iberoamericanoralhealth\\\/\",\"logo\":{\"@type\":\"ImageObject\",\"inLanguage\":\"pt-BR\",\"@id\":\"https:\\\/\\\/sites.usp.br\\\/iberoamericanoralhealth\\\/#\\\/schema\\\/logo\\\/image\\\/\",\"url\":\"https:\\\/\\\/sites.usp.br\\\/iberoamericanoralhealth\\\/wp-content\\\/uploads\\\/sites\\\/642\\\/2019\\\/11\\\/logo-Observ.png\",\"contentUrl\":\"https:\\\/\\\/sites.usp.br\\\/iberoamericanoralhealth\\\/wp-content\\\/uploads\\\/sites\\\/642\\\/2019\\\/11\\\/logo-Observ.png\",\"width\":200,\"height\":190,\"caption\":\"Observatorio Iberoamericano de Pol\u00edticas P\u00fablicas em Sa\u00fade Bucal\"},\"image\":{\"@id\":\"https:\\\/\\\/sites.usp.br\\\/iberoamericanoralhealth\\\/#\\\/schema\\\/logo\\\/image\\\/\"},\"sameAs\":[\"https:\\\/\\\/www.facebook.com\\\/observatorioiberoamericanosaudebucal\\\/\"]}]}<\/script>\n<!-- \/ Yoast SEO plugin. -->","yoast_head_json":{"title":"Equipe - Observat\u00f3rio Iberoamericano de Pol\u00edticas P\u00fablicas em Sa\u00fade Bucal Observatorio Iberoamericano de Politicas Publicas em Sa\u00fade bucal","robots":{"index":"index","follow":"follow","max-snippet":"max-snippet:-1","max-image-preview":"max-image-preview:large","max-video-preview":"max-video-preview:-1"},"canonical":"https:\/\/sites.usp.br\/iberoamericanoralhealth\/nossa-equipe\/","twitter_misc":{"Est. tempo de leitura":"3 minutos"},"schema":{"@context":"https:\/\/schema.org","@graph":[{"@type":"WebPage","@id":"https:\/\/sites.usp.br\/iberoamericanoralhealth\/nossa-equipe\/","url":"https:\/\/sites.usp.br\/iberoamericanoralhealth\/nossa-equipe\/","name":"Equipe - Observat\u00f3rio Iberoamericano de Pol\u00edticas P\u00fablicas em Sa\u00fade Bucal Observatorio Iberoamericano de Politicas Publicas em Sa\u00fade bucal","isPartOf":{"@id":"https:\/\/sites.usp.br\/iberoamericanoralhealth\/#website"},"datePublished":"2020-06-20T14:44:16+00:00","dateModified":"2020-06-20T14:45:33+00:00","inLanguage":"pt-BR","potentialAction":[{"@type":"ReadAction","target":["https:\/\/sites.usp.br\/iberoamericanoralhealth\/nossa-equipe\/"]}]},{"@type":"WebSite","@id":"https:\/\/sites.usp.br\/iberoamericanoralhealth\/#website","url":"https:\/\/sites.usp.br\/iberoamericanoralhealth\/","name":"Observat\u00f3rio Iberoamericano de Pol\u00edticas P\u00fablicas em Sa\u00fade Bucal","description":"Universidade de S\u00e3o Paulo","publisher":{"@id":"https:\/\/sites.usp.br\/iberoamericanoralhealth\/#organization"},"potentialAction":[{"@type":"SearchAction","target":{"@type":"EntryPoint","urlTemplate":"https:\/\/sites.usp.br\/iberoamericanoralhealth\/?s={search_term_string}"},"query-input":{"@type":"PropertyValueSpecification","valueRequired":true,"valueName":"search_term_string"}}],"inLanguage":"pt-BR"},{"@type":"Organization","@id":"https:\/\/sites.usp.br\/iberoamericanoralhealth\/#organization","name":"Observatorio Iberoamericano de Pol\u00edticas P\u00fablicas em Sa\u00fade Bucal","url":"https:\/\/sites.usp.br\/iberoamericanoralhealth\/","logo":{"@type":"ImageObject","inLanguage":"pt-BR","@id":"https:\/\/sites.usp.br\/iberoamericanoralhealth\/#\/schema\/logo\/image\/","url":"https:\/\/sites.usp.br\/iberoamericanoralhealth\/wp-content\/uploads\/sites\/642\/2019\/11\/logo-Observ.png","contentUrl":"https:\/\/sites.usp.br\/iberoamericanoralhealth\/wp-content\/uploads\/sites\/642\/2019\/11\/logo-Observ.png","width":200,"height":190,"caption":"Observatorio Iberoamericano de Pol\u00edticas P\u00fablicas em Sa\u00fade Bucal"},"image":{"@id":"https:\/\/sites.usp.br\/iberoamericanoralhealth\/#\/schema\/logo\/image\/"},"sameAs":["https:\/\/www.facebook.com\/observatorioiberoamericanosaudebucal\/"]}]}},"_links":{"self":[{"href":"https:\/\/sites.usp.br\/iberoamericanoralhealth\/wp-json\/wp\/v2\/pages\/2535","targetHints":{"allow":["GET"]}}],"collection":[{"href":"https:\/\/sites.usp.br\/iberoamericanoralhealth\/wp-json\/wp\/v2\/pages"}],"about":[{"href":"https:\/\/sites.usp.br\/iberoamericanoralhealth\/wp-json\/wp\/v2\/types\/page"}],"author":[{"embeddable":true,"href":"https:\/\/sites.usp.br\/iberoamericanoralhealth\/wp-json\/wp\/v2\/users\/1230"}],"replies":[{"embeddable":true,"href":"https:\/\/sites.usp.br\/iberoamericanoralhealth\/wp-json\/wp\/v2\/comments?post=2535"}],"version-history":[{"count":4,"href":"https:\/\/sites.usp.br\/iberoamericanoralhealth\/wp-json\/wp\/v2\/pages\/2535\/revisions"}],"predecessor-version":[{"id":2565,"href":"https:\/\/sites.usp.br\/iberoamericanoralhealth\/wp-json\/wp\/v2\/pages\/2535\/revisions\/2565"}],"wp:attachment":[{"href":"https:\/\/sites.usp.br\/iberoamericanoralhealth\/wp-json\/wp\/v2\/media?parent=2535"}],"curies":[{"name":"wp","href":"https:\/\/api.w.org\/{rel}","templated":true}]}}