{"id":697,"date":"2020-08-09T23:58:57","date_gmt":"2020-08-10T01:58:57","guid":{"rendered":"https:\/\/sites.usp.br\/patgamalab\/?page_id=697"},"modified":"2023-01-11T15:17:08","modified_gmt":"2023-01-11T17:17:08","slug":"ex-membros","status":"publish","type":"page","link":"https:\/\/sites.usp.br\/patgamalab\/ex-membros\/","title":{"rendered":"Ex-membros"},"content":{"rendered":"<div id=\"pl-697\"  class=\"panel-layout\" ><div id=\"pg-697-0\"  class=\"panel-grid panel-no-style\" ><div id=\"pgc-697-0-0\"  class=\"panel-grid-cell\" ><div id=\"panel-697-0-0-0\" class=\"so-panel widget widget_sow-headline panel-first-child panel-last-child\" data-index=\"0\" ><div\n\t\t\t\n\t\t\tclass=\"so-widget-sow-headline so-widget-sow-headline-default-80997c34348a-697\"\n\t\t\t\n\t\t><div class=\"sow-headline-container \">\n\t\t\t\t\t\t\t<h1 class=\"sow-headline\">\n\t\t\t\t\t\tEx-membros\t\t\t\t\t\t<\/h1>\n\t\t\t\t\t\t\t\t\t\t\t<div class=\"decoration\">\n\t\t\t\t\t\t<div class=\"decoration-inside\"><\/div>\n\t\t\t\t\t<\/div>\n\t\t\t\t\t<\/div>\n<\/div><\/div><\/div><\/div><div id=\"pg-697-1\"  class=\"panel-grid panel-no-style\" ><div id=\"pgc-697-1-0\"  class=\"panel-grid-cell\" ><div id=\"panel-697-1-0-0\" class=\"so-panel widget widget_sow-image panel-first-child\" data-index=\"1\" ><div\n\t\t\t\n\t\t\tclass=\"so-widget-sow-image so-widget-sow-image-default-113ccd71f3e6-697\"\n\t\t\t\n\t\t>\n<div class=\"sow-image-container\">\n\t\t<img \n\tsrc=\"https:\/\/sites.usp.br\/patgamalab\/wp-content\/uploads\/sites\/760\/2020\/08\/alinevasques-200x200.jpg\" width=\"200\" height=\"200\" srcset=\"https:\/\/sites.usp.br\/patgamalab\/wp-content\/uploads\/sites\/760\/2020\/08\/alinevasques-200x200.jpg 200w, https:\/\/sites.usp.br\/patgamalab\/wp-content\/uploads\/sites\/760\/2020\/08\/alinevasques-150x150.jpg 150w, https:\/\/sites.usp.br\/patgamalab\/wp-content\/uploads\/sites\/760\/2020\/08\/alinevasques-250x250.jpg 250w, https:\/\/sites.usp.br\/patgamalab\/wp-content\/uploads\/sites\/760\/2020\/08\/alinevasques-174x174.jpg 174w, https:\/\/sites.usp.br\/patgamalab\/wp-content\/uploads\/sites\/760\/2020\/08\/alinevasques-45x45.jpg 45w\" sizes=\"(max-width: 200px) 100vw, 200px\" title=\"alinevasques\" alt=\"\" \t\tclass=\"so-widget-image\"\/>\n\t<\/div>\n\n<\/div><\/div><div id=\"panel-697-1-0-1\" class=\"so-panel widget widget_sow-editor panel-last-child\" data-index=\"2\" ><div\n\t\t\t\n\t\t\tclass=\"so-widget-sow-editor so-widget-sow-editor-base\"\n\t\t\t\n\t\t>\n<div class=\"siteorigin-widget-tinymce textwidget\">\n\t<h3 style=\"text-align: center;\"> Aline Vasque da Costa<\/h3>\n<p style=\"text-align: justify;\">Gradua\u00e7\u00e3o em Nutri\u00e7\u00e3o na Universidade Federal do Estado do Rio de Janeiro (UNIRIO), conseguindo o diploma em 2002. Come\u00e7ou o mestrado em 2015, na Escola de Educa\u00e7\u00e3o F\u00edsica e Esporte da Universidade de S\u00e3o Paulo (EEFE-USP). Ap\u00f3s conseguir o t\u00edtulo de Mestra em 2017, Aline entrou para o BED lab para iniciar o seu doutorado, visando estudar os efeitos do desmame precoce sobre marcadores moleculares e o desenvolvimento da mucosa intestinal.<\/p>\n<p style=\"text-align: justify;\"><strong>Projeto de Doutorado:<\/strong> Efeito do desmame precoce sobre marcadores moleculares e desenvolvimento da mucosa intestinal.<\/p>\n<p style=\"text-align: justify;\"><a href=\"http:\/\/lattes.cnpq.br\/5279151084844875\" target=\"_blank\" rel=\"noopener noreferrer\">CV Lattes<\/a><\/p>\n<h3 style=\"text-align: center;\">\n<\/div>\n<\/div><\/div><\/div><div id=\"pgc-697-1-1\"  class=\"panel-grid-cell\" ><div id=\"panel-697-1-1-0\" class=\"so-panel widget widget_sow-image panel-first-child\" data-index=\"3\" ><div\n\t\t\t\n\t\t\tclass=\"so-widget-sow-image so-widget-sow-image-default-113ccd71f3e6-697\"\n\t\t\t\n\t\t>\n<div class=\"sow-image-container\">\n\t\t<img \n\tsrc=\"https:\/\/sites.usp.br\/patgamalab\/wp-content\/uploads\/sites\/760\/2020\/08\/anapaulazen-200x200.jpg\" width=\"200\" height=\"200\" srcset=\"https:\/\/sites.usp.br\/patgamalab\/wp-content\/uploads\/sites\/760\/2020\/08\/anapaulazen-200x200.jpg 200w, https:\/\/sites.usp.br\/patgamalab\/wp-content\/uploads\/sites\/760\/2020\/08\/anapaulazen-300x300.jpg 300w, https:\/\/sites.usp.br\/patgamalab\/wp-content\/uploads\/sites\/760\/2020\/08\/anapaulazen-150x150.jpg 150w, https:\/\/sites.usp.br\/patgamalab\/wp-content\/uploads\/sites\/760\/2020\/08\/anapaulazen-250x250.jpg 250w, https:\/\/sites.usp.br\/patgamalab\/wp-content\/uploads\/sites\/760\/2020\/08\/anapaulazen-174x174.jpg 174w, https:\/\/sites.usp.br\/patgamalab\/wp-content\/uploads\/sites\/760\/2020\/08\/anapaulazen-45x45.jpg 45w, https:\/\/sites.usp.br\/patgamalab\/wp-content\/uploads\/sites\/760\/2020\/08\/anapaulazen-400x400.jpg 400w, https:\/\/sites.usp.br\/patgamalab\/wp-content\/uploads\/sites\/760\/2020\/08\/anapaulazen.jpg 640w\" sizes=\"(max-width: 200px) 100vw, 200px\" alt=\"\" \t\tclass=\"so-widget-image\"\/>\n\t<\/div>\n\n<\/div><\/div><div id=\"panel-697-1-1-1\" class=\"so-panel widget widget_sow-editor panel-last-child\" data-index=\"4\" ><div\n\t\t\t\n\t\t\tclass=\"so-widget-sow-editor so-widget-sow-editor-base\"\n\t\t\t\n\t\t>\n<div class=\"siteorigin-widget-tinymce textwidget\">\n\t<h3 style=\"text-align: center;\"> Ana Paula Zen Petisco Fiore<\/h3>\n<p style=\"text-align: justify;\">Gradua\u00e7\u00e3o em Ci\u00eancias Biol\u00f3gicas (2000-2004) pela Universidade Presbiteriana Mackenzie. Mestrado em Biologia Celular e Tecidual (2006-2008) pela Universidade de S\u00e3o Paulo. Doutorado realizado no BED lab no per\u00edodo de 2008-2013.<\/p>\n<p style=\"text-align: justify;\"><strong>Projeto de Doutorado:<\/strong> Regula\u00e7\u00e3o de P27 pelo fator de crescimento transformante b1 (TGFb1) na mucosa g\u00e1strica de ratos lactentes.<\/p>\n<p style=\"text-align: justify;\"><a href=\"http:\/\/lattes.cnpq.br\/7673266307384482\" target=\"_blank\" rel=\"noopener noreferrer\">CV Lattes<\/a><\/p>\n<h3 style=\"text-align: center;\">\n<\/div>\n<\/div><\/div><\/div><div id=\"pgc-697-1-2\"  class=\"panel-grid-cell\" ><div id=\"panel-697-1-2-0\" class=\"so-panel widget widget_sow-image panel-first-child\" data-index=\"5\" ><div\n\t\t\t\n\t\t\tclass=\"so-widget-sow-image so-widget-sow-image-default-113ccd71f3e6-697\"\n\t\t\t\n\t\t>\n<div class=\"sow-image-container\">\n\t\t<img \n\tsrc=\"https:\/\/sites.usp.br\/patgamalab\/wp-content\/uploads\/sites\/760\/2020\/08\/biancabittencourt-e1598195774799-200x200.jpg\" width=\"200\" height=\"200\" srcset=\"https:\/\/sites.usp.br\/patgamalab\/wp-content\/uploads\/sites\/760\/2020\/08\/biancabittencourt-e1598195774799-200x200.jpg 200w, https:\/\/sites.usp.br\/patgamalab\/wp-content\/uploads\/sites\/760\/2020\/08\/biancabittencourt-e1598195774799-150x150.jpg 150w, https:\/\/sites.usp.br\/patgamalab\/wp-content\/uploads\/sites\/760\/2020\/08\/biancabittencourt-e1598195774799-250x250.jpg 250w, https:\/\/sites.usp.br\/patgamalab\/wp-content\/uploads\/sites\/760\/2020\/08\/biancabittencourt-e1598195774799-174x174.jpg 174w, https:\/\/sites.usp.br\/patgamalab\/wp-content\/uploads\/sites\/760\/2020\/08\/biancabittencourt-e1598195774799-45x45.jpg 45w\" sizes=\"(max-width: 200px) 100vw, 200px\" title=\"biancabittencourt\" alt=\"\" \t\tclass=\"so-widget-image\"\/>\n\t<\/div>\n\n<\/div><\/div><div id=\"panel-697-1-2-1\" class=\"so-panel widget widget_sow-editor panel-last-child\" data-index=\"6\" ><div\n\t\t\t\n\t\t\tclass=\"so-widget-sow-editor so-widget-sow-editor-base\"\n\t\t\t\n\t\t>\n<div class=\"siteorigin-widget-tinymce textwidget\">\n\t<h3 style=\"text-align: center;\"> Bianca Bittencourt<\/h3>\n<p style=\"text-align: justify;\">Membro do BED lab como aluna de Inicia\u00e7\u00e3o Cient\u00edfica (2003-2004) durante a gradua\u00e7\u00e3o em Nutri\u00e7\u00e3o.<\/p>\n<p style=\"text-align: justify;\"><strong>Projetos:<\/strong> Express\u00e3o de Smad2 no est\u00f4mago de ratos em desenvolvimento p\u00f3s-natal (2003); Estudo da via de sinaliza\u00e7\u00e3o do TGFbeta no epit\u00e9lio g\u00e1strico de ratos lactentes: express\u00e3o de SMAD2 e sua forma fosforilada (smad2p) (2004).<\/p>\n<p><a href=\"http:\/\/lattes.cnpq.br\/3458613317997006\">CV Lattes<\/a><\/p>\n<h3 style=\"text-align: center;\">\n<\/div>\n<\/div><\/div><\/div><div id=\"pgc-697-1-3\"  class=\"panel-grid-cell\" ><div id=\"panel-697-1-3-0\" class=\"so-panel widget widget_sow-image panel-first-child\" data-index=\"7\" ><div\n\t\t\t\n\t\t\tclass=\"so-widget-sow-image so-widget-sow-image-default-113ccd71f3e6-697\"\n\t\t\t\n\t\t>\n<div class=\"sow-image-container\">\n\t\t<img \n\tsrc=\"https:\/\/sites.usp.br\/patgamalab\/wp-content\/uploads\/sites\/760\/2020\/08\/Beatriz-Cavalcante-Silva-e1597112481994-200x200.jpg\" width=\"200\" height=\"200\" srcset=\"https:\/\/sites.usp.br\/patgamalab\/wp-content\/uploads\/sites\/760\/2020\/08\/Beatriz-Cavalcante-Silva-e1597112481994-200x200.jpg 200w, https:\/\/sites.usp.br\/patgamalab\/wp-content\/uploads\/sites\/760\/2020\/08\/Beatriz-Cavalcante-Silva-e1597112481994-150x150.jpg 150w, https:\/\/sites.usp.br\/patgamalab\/wp-content\/uploads\/sites\/760\/2020\/08\/Beatriz-Cavalcante-Silva-e1597112481994-250x250.jpg 250w, https:\/\/sites.usp.br\/patgamalab\/wp-content\/uploads\/sites\/760\/2020\/08\/Beatriz-Cavalcante-Silva-e1597112481994-174x174.jpg 174w, https:\/\/sites.usp.br\/patgamalab\/wp-content\/uploads\/sites\/760\/2020\/08\/Beatriz-Cavalcante-Silva-e1597112481994-45x45.jpg 45w, https:\/\/sites.usp.br\/patgamalab\/wp-content\/uploads\/sites\/760\/2020\/08\/Beatriz-Cavalcante-Silva-e1597112481994-400x400.jpg 400w\" sizes=\"(max-width: 200px) 100vw, 200px\" title=\"Beatriz Cavalcante Silva\" alt=\"\" \t\tclass=\"so-widget-image\"\/>\n\t<\/div>\n\n<\/div><\/div><div id=\"panel-697-1-3-1\" class=\"so-panel widget widget_sow-editor panel-last-child\" data-index=\"8\" ><div\n\t\t\t\n\t\t\tclass=\"so-widget-sow-editor so-widget-sow-editor-base\"\n\t\t\t\n\t\t>\n<div class=\"siteorigin-widget-tinymce textwidget\">\n\t<h3 style=\"text-align: center;\"> Beatriz Cavalcante Silva<\/h3>\n<p style=\"text-align: justify;\">Graduada em Ci\u00eancias Biom\u00e9dicas pela Universidade de S\u00e3o Paulo. Fez parte do BED lab em 2018.<\/p>\n<p style=\"text-align: justify;\"><strong>Projetos:<\/strong> Miofibroblastos e sua rela\u00e7\u00e3o com a prolifera\u00e7\u00e3o da mucosa g\u00e1stricas de ratos em desenvolvimento submetidos ao desmame precoce.<\/p>\n<p><a href=\"http:\/\/lattes.cnpq.br\/9275422687227573\">CV Lattes<\/a><\/p>\n<h3 style=\"text-align: center;\">\n<\/div>\n<\/div><\/div><\/div><\/div><div id=\"pg-697-2\"  class=\"panel-grid panel-no-style\" ><div id=\"pgc-697-2-0\"  class=\"panel-grid-cell panel-grid-cell-empty\" ><\/div><\/div><div id=\"pg-697-3\"  class=\"panel-grid panel-no-style\" ><div id=\"pgc-697-3-0\"  class=\"panel-grid-cell\" ><div id=\"panel-697-3-0-0\" class=\"so-panel widget widget_sow-image panel-first-child\" data-index=\"9\" ><div\n\t\t\t\n\t\t\tclass=\"so-widget-sow-image so-widget-sow-image-default-113ccd71f3e6-697\"\n\t\t\t\n\t\t>\n<div class=\"sow-image-container\">\n\t\t<img \n\tsrc=\"https:\/\/sites.usp.br\/patgamalab\/wp-content\/uploads\/sites\/760\/2017\/03\/face2-200x200.jpg\" width=\"200\" height=\"200\" srcset=\"https:\/\/sites.usp.br\/patgamalab\/wp-content\/uploads\/sites\/760\/2017\/03\/face2-200x200.jpg 200w, https:\/\/sites.usp.br\/patgamalab\/wp-content\/uploads\/sites\/760\/2017\/03\/face2-150x150.jpg 150w, https:\/\/sites.usp.br\/patgamalab\/wp-content\/uploads\/sites\/760\/2017\/03\/face2-250x250.jpg 250w, https:\/\/sites.usp.br\/patgamalab\/wp-content\/uploads\/sites\/760\/2017\/03\/face2.jpg 300w, https:\/\/sites.usp.br\/patgamalab\/wp-content\/uploads\/sites\/760\/2017\/03\/face2-174x174.jpg 174w, https:\/\/sites.usp.br\/patgamalab\/wp-content\/uploads\/sites\/760\/2017\/03\/face2-45x45.jpg 45w\" sizes=\"(max-width: 200px) 100vw, 200px\" alt=\"\" \t\tclass=\"so-widget-image\"\/>\n\t<\/div>\n\n<\/div><\/div><div id=\"panel-697-3-0-1\" class=\"so-panel widget widget_sow-editor panel-last-child\" data-index=\"10\" ><div\n\t\t\t\n\t\t\tclass=\"so-widget-sow-editor so-widget-sow-editor-base\"\n\t\t\t\n\t\t>\n<div class=\"siteorigin-widget-tinymce textwidget\">\n\t<h3 style=\"text-align: center;\"><span style=\"font-weight: 400;\">Carolina Santana Calicchio<\/span><\/h3>\n<p><span style=\"font-weight: 400;\">Aluna de Gradua\u00e7\u00e3o em Ci\u00eancias Biom\u00e9dicas pela Universidade de S\u00e3o Paulo.<\/span><\/p>\n<p>Projeto: \u00a0Express\u00e3o dos receptores de corticosterona na mucosa g\u00e1strica sob efeito do jejum alimentar.<\/p>\n<p><a href=\"http:\/\/lattes.cnpq.br\/0852093080415135\">CV Lattes<\/a><\/p>\n<h3 style=\"text-align: center;\"><span style=\"font-weight: 400;\"><\/p>\n<\/div>\n<\/div><\/div><\/div><div id=\"pgc-697-3-1\"  class=\"panel-grid-cell\" ><div id=\"panel-697-3-1-0\" class=\"so-panel widget widget_sow-image panel-first-child\" data-index=\"11\" ><div\n\t\t\t\n\t\t\tclass=\"so-widget-sow-image so-widget-sow-image-default-113ccd71f3e6-697\"\n\t\t\t\n\t\t>\n<div class=\"sow-image-container\">\n\t\t<img \n\tsrc=\"https:\/\/sites.usp.br\/patgamalab\/wp-content\/uploads\/sites\/760\/2020\/08\/danielaogias-1-e1598195816195-200x200.jpg\" width=\"200\" height=\"200\" srcset=\"https:\/\/sites.usp.br\/patgamalab\/wp-content\/uploads\/sites\/760\/2020\/08\/danielaogias-1-e1598195816195-200x200.jpg 200w, https:\/\/sites.usp.br\/patgamalab\/wp-content\/uploads\/sites\/760\/2020\/08\/danielaogias-1-e1598195816195-150x150.jpg 150w, https:\/\/sites.usp.br\/patgamalab\/wp-content\/uploads\/sites\/760\/2020\/08\/danielaogias-1-e1598195816195-250x250.jpg 250w, https:\/\/sites.usp.br\/patgamalab\/wp-content\/uploads\/sites\/760\/2020\/08\/danielaogias-1-e1598195816195-174x174.jpg 174w, https:\/\/sites.usp.br\/patgamalab\/wp-content\/uploads\/sites\/760\/2020\/08\/danielaogias-1-e1598195816195-45x45.jpg 45w\" sizes=\"(max-width: 200px) 100vw, 200px\" title=\"danielaogias\" alt=\"\" \t\tclass=\"so-widget-image\"\/>\n\t<\/div>\n\n<\/div><\/div><div id=\"panel-697-3-1-1\" class=\"so-panel widget widget_sow-editor panel-last-child\" data-index=\"12\" ><div\n\t\t\t\n\t\t\tclass=\"so-widget-sow-editor so-widget-sow-editor-base\"\n\t\t\t\n\t\t>\n<div class=\"siteorigin-widget-tinymce textwidget\">\n\t<h3 style=\"text-align: center;\"> Daniela Ogias<\/h3>\n<p style=\"text-align: justify;\">Gradua\u00e7\u00e3o em Fisioterapia (1998-2001) pela Universidade Metodista de S\u00e3o Paulo (UMESP). Realizou seu Mestrado (2002-2004) e Doutorado (2005-2009) no BED lab.<\/p>\n<p style=\"text-align: justify;\"><strong>Projeto de Mestrado:<\/strong> Express\u00e3o do TGF beta e seus receptores na mucosa g\u00e1strica do rato em desenvolvimento p\u00f3s-natal: efeito da hidrocortisona e do desmame precoce<br \/>\n<strong>Projeto de Doutorado:<\/strong> O jejum regula diferencialmente a corticosterone binding globulin (CBG) plasm\u00e1tica, o receptor de glicocortic\u00f3ides (GR) e prote\u00ednas que controlam a progress\u00e3o do ciclo celular na mucosa g\u00e1strica de filhotes e ratos adultos<\/p>\n<p style=\"text-align: justify;\"><a href=\"http:\/\/lattes.cnpq.br\/1424138905639629\" target=\"_blank\" rel=\"noopener noreferrer\">CV Lattes<\/a><\/p>\n<h3 style=\"text-align: center;\">\n<\/div>\n<\/div><\/div><\/div><div id=\"pgc-697-3-2\"  class=\"panel-grid-cell\" ><div id=\"panel-697-3-2-0\" class=\"so-panel widget widget_sow-image panel-first-child\" data-index=\"13\" ><div\n\t\t\t\n\t\t\tclass=\"so-widget-sow-image so-widget-sow-image-default-113ccd71f3e6-697\"\n\t\t\t\n\t\t>\n<div class=\"sow-image-container\">\n\t\t<img \n\tsrc=\"https:\/\/sites.usp.br\/patgamalab\/wp-content\/uploads\/sites\/760\/2020\/08\/eunice-e1598195863964-200x200.jpg\" width=\"200\" height=\"200\" srcset=\"https:\/\/sites.usp.br\/patgamalab\/wp-content\/uploads\/sites\/760\/2020\/08\/eunice-e1598195863964-200x200.jpg 200w, https:\/\/sites.usp.br\/patgamalab\/wp-content\/uploads\/sites\/760\/2020\/08\/eunice-e1598195863964-150x150.jpg 150w, https:\/\/sites.usp.br\/patgamalab\/wp-content\/uploads\/sites\/760\/2020\/08\/eunice-e1598195863964-250x250.jpg 250w, https:\/\/sites.usp.br\/patgamalab\/wp-content\/uploads\/sites\/760\/2020\/08\/eunice-e1598195863964-174x174.jpg 174w, https:\/\/sites.usp.br\/patgamalab\/wp-content\/uploads\/sites\/760\/2020\/08\/eunice-e1598195863964-45x45.jpg 45w\" sizes=\"(max-width: 200px) 100vw, 200px\" title=\"eunice\" alt=\"\" \t\tclass=\"so-widget-image\"\/>\n\t<\/div>\n\n<\/div><\/div><div id=\"panel-697-3-2-1\" class=\"so-panel widget widget_sow-editor panel-last-child\" data-index=\"14\" ><div\n\t\t\t\n\t\t\tclass=\"so-widget-sow-editor so-widget-sow-editor-base\"\n\t\t\t\n\t\t>\n<div class=\"siteorigin-widget-tinymce textwidget\">\n\t<h3 style=\"text-align: center;\"> Eunice Ribeiro de Andrade S\u00e1<\/h3>\n<p style=\"text-align: justify;\">Bacharelado (1993-1999) e Licenciatura (1993-1999) em Ci\u00eancias Biol\u00f3gicas pela Universidade de S\u00e3o Paulo. Realizou o seu Mestrado (2000-2002) e Doutorado no BED lab.<\/p>\n<p style=\"text-align: justify;\"><strong>Projeto de Mestrado:<\/strong> Distribui\u00e7\u00e3o de TGF beta1, TGFbeta2, TGFbeta3 e seus receptores na mucosa g\u00e1strica durante o desenvolvimento peri e p\u00f3s-natal do rato.<br \/>\n<strong>Projeto de Doutorado:<\/strong> Prolifera\u00e7\u00e3o celular no epit\u00e9lio g\u00e1strico durante o desenvolvimento p\u00f3s-natal: papel dos TGFbetas e Smads no bloqueio do ciclo celular e apoptose.<\/p>\n<p style=\"text-align: justify;\"><a href=\"http:\/\/lattes.cnpq.br\/4158689908068196\" target=\"_blank\" rel=\"noopener noreferrer\">CV Lattes<\/a><\/p>\n<h3 style=\"text-align: center;\">\n<\/div>\n<\/div><\/div><\/div><div id=\"pgc-697-3-3\"  class=\"panel-grid-cell\" ><div id=\"panel-697-3-3-0\" class=\"so-panel widget widget_sow-image panel-first-child\" data-index=\"15\" ><div\n\t\t\t\n\t\t\tclass=\"so-widget-sow-image so-widget-sow-image-default-113ccd71f3e6-697\"\n\t\t\t\n\t\t>\n<div class=\"sow-image-container\">\n\t\t<img \n\tsrc=\"https:\/\/sites.usp.br\/patgamalab\/wp-content\/uploads\/sites\/760\/2021\/02\/franciscogaia.png\" width=\"191\" height=\"198\" sizes=\"(max-width: 191px) 100vw, 191px\" alt=\"\" \t\tclass=\"so-widget-image\"\/>\n\t<\/div>\n\n<\/div><\/div><div id=\"panel-697-3-3-1\" class=\"so-panel widget widget_sow-editor panel-last-child\" data-index=\"16\" ><div\n\t\t\t\n\t\t\tclass=\"so-widget-sow-editor so-widget-sow-editor-base\"\n\t\t\t\n\t\t>\n<div class=\"siteorigin-widget-tinymce textwidget\">\n\t<h3 style=\"text-align: center;\"> Francisco Guilherme Rezende Gaia<\/h3>\n<p style=\"text-align: justify;\">Graduado em Farm\u00e1cia em Bioqu\u00edmica (2008-2013) pela Universidade de S\u00e3o Paulo. Participou do BED lab durante a sua inicia\u00e7\u00e3o cient\u00edfica (2010).<\/p>\n<p style=\"text-align: justify;\"><strong>Projeto:<\/strong> Distribui\u00e7\u00e3o da prote\u00edna p27kip1 no epit\u00e9lio g\u00e1strico de ratos lactentes tratados com TGFbeta1<\/p>\n<p style=\"text-align: justify;\"><a href=\"http:\/\/lattes.cnpq.br\/6721141943762957\" target=\"_blank\" rel=\"noopener noreferrer\">CV Lattes<\/a><\/p>\n<h3 style=\"text-align: center;\">\n<\/div>\n<\/div><\/div><\/div><\/div><div id=\"pg-697-4\"  class=\"panel-grid panel-no-style\" ><div id=\"pgc-697-4-0\"  class=\"panel-grid-cell\" ><div id=\"panel-697-4-0-0\" class=\"so-panel widget widget_sow-image panel-first-child\" data-index=\"17\" ><div\n\t\t\t\n\t\t\tclass=\"so-widget-sow-image so-widget-sow-image-default-113ccd71f3e6-697\"\n\t\t\t\n\t\t>\n<div class=\"sow-image-container\">\n\t\t<img \n\tsrc=\"https:\/\/sites.usp.br\/patgamalab\/wp-content\/uploads\/sites\/760\/2020\/08\/gizelazonta-200x200.jpg\" width=\"200\" height=\"200\" srcset=\"https:\/\/sites.usp.br\/patgamalab\/wp-content\/uploads\/sites\/760\/2020\/08\/gizelazonta-200x200.jpg 200w, https:\/\/sites.usp.br\/patgamalab\/wp-content\/uploads\/sites\/760\/2020\/08\/gizelazonta-150x150.jpg 150w, https:\/\/sites.usp.br\/patgamalab\/wp-content\/uploads\/sites\/760\/2020\/08\/gizelazonta-250x250.jpg 250w, https:\/\/sites.usp.br\/patgamalab\/wp-content\/uploads\/sites\/760\/2020\/08\/gizelazonta-174x174.jpg 174w, https:\/\/sites.usp.br\/patgamalab\/wp-content\/uploads\/sites\/760\/2020\/08\/gizelazonta-45x45.jpg 45w\" sizes=\"(max-width: 200px) 100vw, 200px\" alt=\"\" \t\tclass=\"so-widget-image\"\/>\n\t<\/div>\n\n<\/div><\/div><div id=\"panel-697-4-0-1\" class=\"so-panel widget widget_sow-editor panel-last-child\" data-index=\"18\" ><div\n\t\t\t\n\t\t\tclass=\"so-widget-sow-editor so-widget-sow-editor-base\"\n\t\t\t\n\t\t>\n<div class=\"siteorigin-widget-tinymce textwidget\">\n\t<h3 style=\"text-align: center;\"> Gizela Maria Agostini Zonta<\/h3>\n<p style=\"text-align: justify;\">Graduada em Obstetr\u00edcia (2010-2014) pela Universidade de S\u00e3o Paulo. Realizou o seu Mestrado em Biologia Celular e Molecular (2015-2017) no BED lab. Atualmente \u00e9 doutoranda em Ci\u00eancias no Departamento de Fisiologia e Biof\u00edsica do ICB-USP.<\/p>\n<p style=\"text-align: justify;\"><strong>Projeto de Mestrado:<\/strong> Efeitos tardios do desmame precoce sobre a renova\u00e7\u00e3o e diferencia\u00e7\u00e3o do epit\u00e9lio g\u00e1strico em ratos<\/p>\n<p style=\"text-align: justify;\"><a href=\"http:\/\/lattes.cnpq.br\/3847544994594441\" target=\"_blank\" rel=\"noopener noreferrer\">CV Lattes<\/a><\/p>\n<h3 style=\"text-align: center;\">\n<\/div>\n<\/div><\/div><\/div><div id=\"pgc-697-4-1\"  class=\"panel-grid-cell\" ><div id=\"panel-697-4-1-0\" class=\"so-panel widget widget_sow-image panel-first-child\" data-index=\"19\" ><div\n\t\t\t\n\t\t\tclass=\"so-widget-sow-image so-widget-sow-image-default-113ccd71f3e6-697\"\n\t\t\t\n\t\t>\n<div class=\"sow-image-container\">\n\t\t<img \n\tsrc=\"https:\/\/sites.usp.br\/patgamalab\/wp-content\/uploads\/sites\/760\/2020\/08\/heloisa-e1598195946851-153x200.jpg\" width=\"153\" height=\"200\" sizes=\"(max-width: 153px) 100vw, 153px\" title=\"heloisa\" alt=\"\" \t\tclass=\"so-widget-image\"\/>\n\t<\/div>\n\n<\/div><\/div><div id=\"panel-697-4-1-1\" class=\"so-panel widget widget_sow-editor panel-last-child\" data-index=\"20\" ><div\n\t\t\t\n\t\t\tclass=\"so-widget-sow-editor so-widget-sow-editor-base\"\n\t\t\t\n\t\t>\n<div class=\"siteorigin-widget-tinymce textwidget\">\n\t<h3 style=\"text-align: center;\"> Heloisa Ghizoni<\/h3>\n<p style=\"text-align: justify;\">Gradua\u00e7\u00e3o em Nutri\u00e7\u00e3o (2005-2009) pela Universidade Federal de Santa Catarina (UFSC). Membro do BED lab entre os anos de 2010-2012 como mestranda em Biologia Celular e Tecidual. Doutorado em Bioqu\u00edmica pela UFSC.<\/p>\n<p style=\"text-align: justify;\"><strong>Projeto de Mestrado:<\/strong> Distribui\u00e7\u00e3o do receptor de glicocortic\u00f3ide na mucosa g\u00e1strica de ratos submetidos ao desmame precoce.<\/p>\n<p style=\"text-align: justify;\"><a href=\"http:\/\/lattes.cnpq.br\/6971825586813032\" target=\"_blank\" rel=\"noopener noreferrer\">CV Lattes<\/a><\/p>\n<h3 style=\"text-align: center;\">\n<\/div>\n<\/div><\/div><\/div><div id=\"pgc-697-4-2\"  class=\"panel-grid-cell\" ><div id=\"panel-697-4-2-0\" class=\"so-panel widget widget_sow-image panel-first-child\" data-index=\"21\" ><div\n\t\t\t\n\t\t\tclass=\"so-widget-sow-image so-widget-sow-image-default-113ccd71f3e6-697\"\n\t\t\t\n\t\t>\n<div class=\"sow-image-container\">\n\t\t<img \n\tsrc=\"https:\/\/sites.usp.br\/patgamalab\/wp-content\/uploads\/sites\/760\/2017\/03\/face2-200x200.jpg\" width=\"200\" height=\"200\" srcset=\"https:\/\/sites.usp.br\/patgamalab\/wp-content\/uploads\/sites\/760\/2017\/03\/face2-200x200.jpg 200w, https:\/\/sites.usp.br\/patgamalab\/wp-content\/uploads\/sites\/760\/2017\/03\/face2-150x150.jpg 150w, https:\/\/sites.usp.br\/patgamalab\/wp-content\/uploads\/sites\/760\/2017\/03\/face2-250x250.jpg 250w, https:\/\/sites.usp.br\/patgamalab\/wp-content\/uploads\/sites\/760\/2017\/03\/face2.jpg 300w, https:\/\/sites.usp.br\/patgamalab\/wp-content\/uploads\/sites\/760\/2017\/03\/face2-174x174.jpg 174w, https:\/\/sites.usp.br\/patgamalab\/wp-content\/uploads\/sites\/760\/2017\/03\/face2-45x45.jpg 45w\" sizes=\"(max-width: 200px) 100vw, 200px\" alt=\"\" \t\tclass=\"so-widget-image\"\/>\n\t<\/div>\n\n<\/div><\/div><div id=\"panel-697-4-2-1\" class=\"so-panel widget widget_sow-editor panel-last-child\" data-index=\"22\" ><div\n\t\t\t\n\t\t\tclass=\"so-widget-sow-editor so-widget-sow-editor-base\"\n\t\t\t\n\t\t>\n<div class=\"siteorigin-widget-tinymce textwidget\">\n\t<h3 style=\"text-align: center;\"><span style=\"font-weight: 400;\">J\u00falia Jardim Nachbar<\/span><\/h3>\n<p><span style=\"font-weight: 400;\">Aluna de Gradua\u00e7\u00e3o em Ci\u00eancias Biom\u00e9dicas pela Universidade de S\u00e3o Paulo.\u00a0<\/span><\/p>\n<p><a href=\"http:\/\/lattes.cnpq.br\/8838883163414317\">CV Lattes<\/a><\/p>\n<h3 style=\"text-align: center;\"><span style=\"font-weight: 400;\"><\/p>\n<\/div>\n<\/div><\/div><\/div><div id=\"pgc-697-4-3\"  class=\"panel-grid-cell\" ><div id=\"panel-697-4-3-0\" class=\"so-panel widget widget_sow-image panel-first-child\" data-index=\"23\" ><div\n\t\t\t\n\t\t\tclass=\"so-widget-sow-image so-widget-sow-image-default-113ccd71f3e6-697\"\n\t\t\t\n\t\t>\n<div class=\"sow-image-container\">\n\t\t<img \n\tsrc=\"https:\/\/sites.usp.br\/patgamalab\/wp-content\/uploads\/sites\/760\/2020\/08\/julianazulian-1-e1598195995196-180x200.jpg\" width=\"180\" height=\"200\" sizes=\"(max-width: 180px) 100vw, 180px\" title=\"julianazulian\" alt=\"\" \t\tclass=\"so-widget-image\"\/>\n\t<\/div>\n\n<\/div><\/div><div id=\"panel-697-4-3-1\" class=\"so-panel widget widget_sow-editor panel-last-child\" data-index=\"24\" ><div\n\t\t\t\n\t\t\tclass=\"so-widget-sow-editor so-widget-sow-editor-base\"\n\t\t\t\n\t\t>\n<div class=\"siteorigin-widget-tinymce textwidget\">\n\t<h3 style=\"text-align: center;\"> Juliana Guimar\u00e3es Zulian<\/h3>\n<p style=\"text-align: justify;\">Gradua\u00e7\u00e3o em Nutri\u00e7\u00e3o (2003 - 2007) pela Universidade Federal do Mato Grosso (UFMT). Membro do BED lab durante o Doutorado (2010 - 2016).<\/p>\n<p style=\"text-align: justify;\"><strong>Projeto:<\/strong> Diferencia\u00e7\u00e3o celular no epit\u00e9lio g\u00e1strico de ratos submetidos ao desmame precoce: avalia\u00e7\u00e3o da a\u00e7\u00e3o da corticosterona.<\/p>\n<p><a href=\"http:\/\/lattes.cnpq.br\/4030737894210336\" target=\"_blank\" rel=\"noopener noreferrer\">CV Lattes<\/a><\/p>\n<h3 style=\"text-align: center;\"><\/a><\/p>\n<\/div>\n<\/div><\/div><\/div><\/div><div id=\"pg-697-5\"  class=\"panel-grid panel-no-style\" ><div id=\"pgc-697-5-0\"  class=\"panel-grid-cell panel-grid-cell-empty\" ><\/div><\/div><div id=\"pg-697-6\"  class=\"panel-grid panel-no-style\" ><div id=\"pgc-697-6-0\"  class=\"panel-grid-cell\" ><div id=\"panel-697-6-0-0\" class=\"so-panel widget widget_sow-image panel-first-child\" data-index=\"25\" ><div\n\t\t\t\n\t\t\tclass=\"so-widget-sow-image so-widget-sow-image-default-113ccd71f3e6-697\"\n\t\t\t\n\t\t>\n<div class=\"sow-image-container\">\n\t\t<img \n\tsrc=\"https:\/\/sites.usp.br\/patgamalab\/wp-content\/uploads\/sites\/760\/2020\/08\/juliocesar-e1598233406532-200x200.jpg\" width=\"200\" height=\"200\" srcset=\"https:\/\/sites.usp.br\/patgamalab\/wp-content\/uploads\/sites\/760\/2020\/08\/juliocesar-e1598233406532-200x200.jpg 200w, https:\/\/sites.usp.br\/patgamalab\/wp-content\/uploads\/sites\/760\/2020\/08\/juliocesar-e1598233406532-150x150.jpg 150w, https:\/\/sites.usp.br\/patgamalab\/wp-content\/uploads\/sites\/760\/2020\/08\/juliocesar-e1598233406532-174x174.jpg 174w, https:\/\/sites.usp.br\/patgamalab\/wp-content\/uploads\/sites\/760\/2020\/08\/juliocesar-e1598233406532-45x45.jpg 45w\" sizes=\"(max-width: 200px) 100vw, 200px\" title=\"juliocesar\" alt=\"\" \t\tclass=\"so-widget-image\"\/>\n\t<\/div>\n\n<\/div><\/div><div id=\"panel-697-6-0-1\" class=\"so-panel widget widget_sow-editor panel-last-child\" data-index=\"26\" ><div\n\t\t\t\n\t\t\tclass=\"so-widget-sow-editor so-widget-sow-editor-base\"\n\t\t\t\n\t\t>\n<div class=\"siteorigin-widget-tinymce textwidget\">\n\t<h3 style=\"text-align: center;\"> J\u00falio C\u00e9sar Bertacini de Moraes<\/h3>\n<p style=\"text-align: justify;\">Gradua\u00e7\u00e3o em Medicina (1996-2001), Resid\u00eancia M\u00e9dica nas \u00e1reas de Cl\u00ednica M\u00e9dica (2002-2004) e Reumatologia (2004-2006) e Doutorado em Ci\u00eancias M\u00e9dicas (2010-2013) pela Universidade de S\u00e3o Paulo.Orientado durante a Inicia\u00e7\u00e3o Cient\u00edfica (1998) por Patr\u00edcia Gama.<\/p>\n<p style=\"text-align: justify;\"><strong>Projeto:<\/strong> Efeito da corticosterona na entrada de c\u00e9lulas em apoptose na mucosa g\u00e1strica de ratos em desenvolvimento p\u00f3s-natal.<\/p>\n<p style=\"text-align: justify;\"><a href=\"http:\/\/lattes.cnpq.br\/1546292518185872\" target=\"_blank\" rel=\"noopener noreferrer\">CV Lattes<\/a><\/p>\n<h3 style=\"text-align: center;\"><\/a><\/p>\n<\/div>\n<\/div><\/div><\/div><div id=\"pgc-697-6-1\"  class=\"panel-grid-cell\" ><div id=\"panel-697-6-1-0\" class=\"so-panel widget widget_sow-image panel-first-child\" data-index=\"27\" ><div\n\t\t\t\n\t\t\tclass=\"so-widget-sow-image so-widget-sow-image-default-113ccd71f3e6-697\"\n\t\t\t\n\t\t>\n<div class=\"sow-image-container\">\n\t\t<img \n\tsrc=\"https:\/\/sites.usp.br\/patgamalab\/wp-content\/uploads\/sites\/760\/2020\/08\/larissahosoya-1-e1598232066755-200x200.jpg\" width=\"200\" height=\"200\" srcset=\"https:\/\/sites.usp.br\/patgamalab\/wp-content\/uploads\/sites\/760\/2020\/08\/larissahosoya-1-e1598232066755-200x200.jpg 200w, https:\/\/sites.usp.br\/patgamalab\/wp-content\/uploads\/sites\/760\/2020\/08\/larissahosoya-1-e1598232066755-150x150.jpg 150w, https:\/\/sites.usp.br\/patgamalab\/wp-content\/uploads\/sites\/760\/2020\/08\/larissahosoya-1-e1598232066755-250x250.jpg 250w, https:\/\/sites.usp.br\/patgamalab\/wp-content\/uploads\/sites\/760\/2020\/08\/larissahosoya-1-e1598232066755-174x174.jpg 174w, https:\/\/sites.usp.br\/patgamalab\/wp-content\/uploads\/sites\/760\/2020\/08\/larissahosoya-1-e1598232066755-45x45.jpg 45w\" sizes=\"(max-width: 200px) 100vw, 200px\" title=\"larissahosoya\" alt=\"\" \t\tclass=\"so-widget-image\"\/>\n\t<\/div>\n\n<\/div><\/div><div id=\"panel-697-6-1-1\" class=\"so-panel widget widget_sow-editor panel-last-child\" data-index=\"28\" ><div\n\t\t\t\n\t\t\tclass=\"so-widget-sow-editor so-widget-sow-editor-base\"\n\t\t\t\n\t\t>\n<div class=\"siteorigin-widget-tinymce textwidget\">\n\t<h3 style=\"text-align: center;\"> Larissa Yukari Massarenti Hosoya<\/h3>\n<p style=\"text-align: justify;\">Gradua\u00e7\u00e3o em Farm\u00e1cia e Bioqu\u00edmica (2011-2017) pela Universidade de S\u00e3o Paulo. Foi aluna de Inicia\u00e7\u00e3o Cient\u00edfica no BDE lab.<\/p>\n<p style=\"text-align: justify;\"><strong>Projetos:<\/strong> Papel do alimento, horm\u00f4nios e fatores de crescimento na regula\u00e7\u00e3o do crescimento do est\u00f4mago do rato durante o desenvolvimento p\u00f3s-natal; Diferencia\u00e7\u00e3o celular na mucosa g\u00e1strica de ratos: papel do padr\u00e3o alimentar durante o desenvolvimento p\u00f3s-natal.<\/p>\n<p style=\"text-align: justify;\"><a href=\"http:\/\/lattes.cnpq.br\/9355401262884672\" target=\"_blank\" rel=\"noopener noreferrer\">CV Lattes<\/a><\/p>\n<h3 style=\"text-align: center;\"><\/a><\/p>\n<\/div>\n<\/div><\/div><\/div><div id=\"pgc-697-6-2\"  class=\"panel-grid-cell\" ><div id=\"panel-697-6-2-0\" class=\"so-panel widget widget_sow-image panel-first-child\" data-index=\"29\" ><div\n\t\t\t\n\t\t\tclass=\"so-widget-sow-image so-widget-sow-image-default-113ccd71f3e6-697\"\n\t\t\t\n\t\t>\n<div class=\"sow-image-container\">\n\t\t<img \n\tsrc=\"https:\/\/sites.usp.br\/patgamalab\/wp-content\/uploads\/sites\/760\/2020\/08\/larissahonda-e1597115100921-200x200.jpg\" width=\"200\" height=\"200\" srcset=\"https:\/\/sites.usp.br\/patgamalab\/wp-content\/uploads\/sites\/760\/2020\/08\/larissahonda-e1597115100921-200x200.jpg 200w, https:\/\/sites.usp.br\/patgamalab\/wp-content\/uploads\/sites\/760\/2020\/08\/larissahonda-e1597115100921-150x150.jpg 150w, https:\/\/sites.usp.br\/patgamalab\/wp-content\/uploads\/sites\/760\/2020\/08\/larissahonda-e1597115100921-250x250.jpg 250w, https:\/\/sites.usp.br\/patgamalab\/wp-content\/uploads\/sites\/760\/2020\/08\/larissahonda-e1597115100921-174x174.jpg 174w, https:\/\/sites.usp.br\/patgamalab\/wp-content\/uploads\/sites\/760\/2020\/08\/larissahonda-e1597115100921-45x45.jpg 45w, https:\/\/sites.usp.br\/patgamalab\/wp-content\/uploads\/sites\/760\/2020\/08\/larissahonda-e1597115100921-400x400.jpg 400w\" sizes=\"(max-width: 200px) 100vw, 200px\" title=\"larissahonda\" alt=\"\" \t\tclass=\"so-widget-image\"\/>\n\t<\/div>\n\n<\/div><\/div><div id=\"panel-697-6-2-1\" class=\"so-panel widget widget_sow-editor panel-last-child\" data-index=\"30\" ><div\n\t\t\t\n\t\t\tclass=\"so-widget-sow-editor so-widget-sow-editor-base\"\n\t\t\t\n\t\t>\n<div class=\"siteorigin-widget-tinymce textwidget\">\n\t<h3 style=\"text-align: center;\">\u00a0Larissa Honda Greco Lobo<\/h3>\n<p style=\"text-align: justify;\">Graduada em Farm\u00e1cia e Bioqu\u00edmica pela Universidade de S\u00e3o Paulo.\u00a0 Foi membro do BED lab em 2019.<\/p>\n<p style=\"text-align: justify;\"><strong>Projetos:<\/strong> Crescimento e envelhecimento da mucosa intestinal: efeitos do desmame precoce em ratos.<\/p>\n<p><a href=\"http:\/\/lattes.cnpq.br\/5165043030052558\">CV Lattes<\/a><\/p>\n<h3 style=\"text-align: center;\">\n<\/div>\n<\/div><\/div><\/div><div id=\"pgc-697-6-3\"  class=\"panel-grid-cell\" ><div id=\"panel-697-6-3-0\" class=\"so-panel widget widget_sow-image panel-first-child\" data-index=\"31\" ><div\n\t\t\t\n\t\t\tclass=\"so-widget-sow-image so-widget-sow-image-default-113ccd71f3e6-697\"\n\t\t\t\n\t\t>\n<div class=\"sow-image-container\">\n\t\t<img \n\tsrc=\"https:\/\/sites.usp.br\/patgamalab\/wp-content\/uploads\/sites\/760\/2017\/03\/face4-200x200.jpg\" width=\"200\" height=\"200\" srcset=\"https:\/\/sites.usp.br\/patgamalab\/wp-content\/uploads\/sites\/760\/2017\/03\/face4-200x200.jpg 200w, https:\/\/sites.usp.br\/patgamalab\/wp-content\/uploads\/sites\/760\/2017\/03\/face4-150x150.jpg 150w, https:\/\/sites.usp.br\/patgamalab\/wp-content\/uploads\/sites\/760\/2017\/03\/face4-250x250.jpg 250w, https:\/\/sites.usp.br\/patgamalab\/wp-content\/uploads\/sites\/760\/2017\/03\/face4.jpg 300w, https:\/\/sites.usp.br\/patgamalab\/wp-content\/uploads\/sites\/760\/2017\/03\/face4-174x174.jpg 174w, https:\/\/sites.usp.br\/patgamalab\/wp-content\/uploads\/sites\/760\/2017\/03\/face4-45x45.jpg 45w\" sizes=\"(max-width: 200px) 100vw, 200px\" alt=\"\" \t\tclass=\"so-widget-image\"\/>\n\t<\/div>\n\n<\/div><\/div><div id=\"panel-697-6-3-1\" class=\"so-panel widget widget_sow-editor panel-last-child\" data-index=\"32\" ><div\n\t\t\t\n\t\t\tclass=\"so-widget-sow-editor so-widget-sow-editor-base\"\n\t\t\t\n\t\t>\n<div class=\"siteorigin-widget-tinymce textwidget\">\n\t<h3 style=\"text-align: center;\"> Jean Felipe Prodocimo Lestingi<\/h3>\n<p style=\"text-align: justify;\">Possui gradua\u00e7\u00e3o em Medicina pela Universidade de S\u00e3o Paulo (2005). Possui p\u00f3s-gradua\u00e7\u00e3o lato sensu em Cirurgia Geral e Urologia pela Universidade de S\u00e3o Paulo (2011). Possui p\u00f3s-gradua\u00e7\u00e3o stricto sensu com t\u00edtulo de Doutor em Ci\u00eancias pela Faculdade de Medicina da Universidade de S\u00e3o Paulo (2020). Possui T\u00edtulo de Especialista conferido pela Sociedade Brasileira de Urologia. Membro Internacional da Associa\u00e7\u00e3o Americana de Urologia - AUA. Membro Internacional da Associa\u00e7\u00e3o Europeia de Urologia - EAU. Membro Internacional da Confederaci\u00f3n Americana de Urolog\u00eda - CAU.<\/p>\n<p style=\"text-align: justify;\"><strong>Projetos:<\/strong> Express\u00e3o de fatores de crescimento transformantes alfa e beta na mucosa g\u00e1strica de ratos lactentes submetidos \u00e0 sialoadenectomia.<\/p>\n<p><a href=\"http:\/\/lattes.cnpq.br\/0524048204336674\">CV Lattes<\/a><\/p>\n<h3 style=\"text-align: center;\">\n<\/div>\n<\/div><\/div><\/div><\/div><div id=\"pg-697-7\"  class=\"panel-grid panel-no-style\" ><div id=\"pgc-697-7-0\"  class=\"panel-grid-cell panel-grid-cell-empty\" ><\/div><\/div><div id=\"pg-697-8\"  class=\"panel-grid panel-no-style\" ><div id=\"pgc-697-8-0\"  class=\"panel-grid-cell\" ><div id=\"panel-697-8-0-0\" class=\"so-panel widget widget_sow-image panel-first-child\" data-index=\"33\" ><div\n\t\t\t\n\t\t\tclass=\"so-widget-sow-image so-widget-sow-image-default-113ccd71f3e6-697\"\n\t\t\t\n\t\t>\n<div class=\"sow-image-container\">\n\t\t<img \n\tsrc=\"https:\/\/sites.usp.br\/patgamalab\/wp-content\/uploads\/sites\/760\/2020\/08\/leticiaguimaraes-200x200.jpg\" width=\"200\" height=\"200\" srcset=\"https:\/\/sites.usp.br\/patgamalab\/wp-content\/uploads\/sites\/760\/2020\/08\/leticiaguimaraes-200x200.jpg 200w, https:\/\/sites.usp.br\/patgamalab\/wp-content\/uploads\/sites\/760\/2020\/08\/leticiaguimaraes-150x150.jpg 150w, https:\/\/sites.usp.br\/patgamalab\/wp-content\/uploads\/sites\/760\/2020\/08\/leticiaguimaraes-250x250.jpg 250w, https:\/\/sites.usp.br\/patgamalab\/wp-content\/uploads\/sites\/760\/2020\/08\/leticiaguimaraes-174x174.jpg 174w, https:\/\/sites.usp.br\/patgamalab\/wp-content\/uploads\/sites\/760\/2020\/08\/leticiaguimaraes-45x45.jpg 45w\" sizes=\"(max-width: 200px) 100vw, 200px\" alt=\"\" \t\tclass=\"so-widget-image\"\/>\n\t<\/div>\n\n<\/div><\/div><div id=\"panel-697-8-0-1\" class=\"so-panel widget widget_sow-editor panel-last-child\" data-index=\"34\" ><div\n\t\t\t\n\t\t\tclass=\"so-widget-sow-editor so-widget-sow-editor-base\"\n\t\t\t\n\t\t>\n<div class=\"siteorigin-widget-tinymce textwidget\">\n\t<h3 style=\"text-align: center;\">\u00a0Let\u00edcia Guimar\u00e3es Gomes<\/h3>\n<p style=\"text-align: justify;\">Aluna de Ensino M\u00e9dio do Col\u00e9gio Dante Alighieri. Realizou pr\u00e9-inicia\u00e7\u00e3o cient\u00edfica no BED lab..<\/p>\n<p style=\"text-align: justify;\"><strong>Projetos:<\/strong> Detec\u00e7\u00e3o da express\u00e3o g\u00eanica na mucosa gastrintestinal de ratos submetidos ao desmame precoce.<\/p>\n<p><a href=\"http:\/\/lattes.cnpq.br\/0613119471048478\">CV Lattes<\/a><\/p>\n<h3 style=\"text-align: center;\">\n<\/div>\n<\/div><\/div><\/div><div id=\"pgc-697-8-1\"  class=\"panel-grid-cell\" ><div id=\"panel-697-8-1-0\" class=\"so-panel widget widget_sow-image panel-first-child\" data-index=\"35\" ><div\n\t\t\t\n\t\t\tclass=\"so-widget-sow-image so-widget-sow-image-default-113ccd71f3e6-697\"\n\t\t\t\n\t\t>\n<div class=\"sow-image-container\">\n\t\t<img \n\tsrc=\"https:\/\/sites.usp.br\/patgamalab\/wp-content\/uploads\/sites\/760\/2020\/08\/ludimila-e1598230834363-146x200.jpg\" width=\"146\" height=\"200\" sizes=\"(max-width: 146px) 100vw, 146px\" title=\"ludimila\" alt=\"\" \t\tclass=\"so-widget-image\"\/>\n\t<\/div>\n\n<\/div><\/div><div id=\"panel-697-8-1-1\" class=\"so-panel widget widget_sow-editor panel-last-child\" data-index=\"36\" ><div\n\t\t\t\n\t\t\tclass=\"so-widget-sow-editor so-widget-sow-editor-base\"\n\t\t\t\n\t\t>\n<div class=\"siteorigin-widget-tinymce textwidget\">\n\t<h3 style=\"text-align: center;\"> Ludimila Karen Cordeiro Nogueira<\/h3>\n<p style=\"text-align: justify;\">Graduada em Farm\u00e1cia e Bioqu\u00edmica pela Universidade de S\u00e3o Paulo. Realizou Inicia\u00e7\u00e3o Cient\u00edfica (2014) no BED lab.<\/p>\n<p style=\"text-align: justify;\"><strong>Projeto:<\/strong> A alimenta\u00e7\u00e3o pode regular a express\u00e3o de genes ligados \u00e0 diferencia\u00e7\u00e3o celular no epit\u00e9lio g\u00e1strico em ratos?<\/p>\n<p><a href=\"http:\/\/lattes.cnpq.br\/9927244813507337\">CV Lattes<\/a><\/p>\n<h3 style=\"text-align: center;\">\n<\/div>\n<\/div><\/div><\/div><div id=\"pgc-697-8-2\"  class=\"panel-grid-cell\" ><div id=\"panel-697-8-2-0\" class=\"so-panel widget widget_sow-image panel-first-child\" data-index=\"37\" ><div\n\t\t\t\n\t\t\tclass=\"so-widget-sow-image so-widget-sow-image-default-113ccd71f3e6-697\"\n\t\t\t\n\t\t>\n<div class=\"sow-image-container\">\n\t\t<img \n\tsrc=\"https:\/\/sites.usp.br\/patgamalab\/wp-content\/uploads\/sites\/760\/2020\/08\/marcoaur\u00e9lio-e1598230719485-200x200.jpg\" width=\"200\" height=\"200\" srcset=\"https:\/\/sites.usp.br\/patgamalab\/wp-content\/uploads\/sites\/760\/2020\/08\/marcoaur\u00e9lio-e1598230719485-200x200.jpg 200w, https:\/\/sites.usp.br\/patgamalab\/wp-content\/uploads\/sites\/760\/2020\/08\/marcoaur\u00e9lio-e1598230719485-150x150.jpg 150w, https:\/\/sites.usp.br\/patgamalab\/wp-content\/uploads\/sites\/760\/2020\/08\/marcoaur\u00e9lio-e1598230719485-174x174.jpg 174w, https:\/\/sites.usp.br\/patgamalab\/wp-content\/uploads\/sites\/760\/2020\/08\/marcoaur\u00e9lio-e1598230719485-45x45.jpg 45w\" sizes=\"(max-width: 200px) 100vw, 200px\" title=\"marcoaur\u00e9lio\" alt=\"\" \t\tclass=\"so-widget-image\"\/>\n\t<\/div>\n\n<\/div><\/div><div id=\"panel-697-8-2-1\" class=\"so-panel widget widget_sow-editor panel-last-child\" data-index=\"38\" ><div\n\t\t\t\n\t\t\tclass=\"so-widget-sow-editor so-widget-sow-editor-base\"\n\t\t\t\n\t\t>\n<div class=\"siteorigin-widget-tinymce textwidget\">\n\t<h3 style=\"text-align: center;\"> Marco Aurelio Fauni Curi<\/h3>\n<p style=\"text-align: justify;\">Graduado em Farm\u00e1cia e Bioqu\u00edmica pela Universidade de S\u00e3o Paulo. Aluno de inicia\u00e7\u00e3o Cient\u00edfica (2007) no BED lab.<\/p>\n<p style=\"text-align: justify;\"><strong>Projeto:<\/strong> Efeito de desmame precoce sobre a diferencia\u00e7\u00e3o celular na mucosa g\u00e1strica.<\/p>\n<p style=\"text-align: justify;\"><a href=\"http:\/\/lattes.cnpq.br\/2605934557030612\" target=\"_blank\" rel=\"noopener noreferrer\">CV Lattes<\/a><\/p>\n<h3 style=\"text-align: center;\"><\/a><\/p>\n<p style=\"text-align: justify;\">\n<\/div>\n<\/div><\/div><\/div><\/div><div id=\"pg-697-9\"  class=\"panel-grid panel-no-style\" ><div id=\"pgc-697-9-0\"  class=\"panel-grid-cell panel-grid-cell-empty\" ><\/div><\/div><div id=\"pg-697-10\"  class=\"panel-grid panel-no-style\" ><div id=\"pgc-697-10-0\"  class=\"panel-grid-cell\" ><div id=\"panel-697-10-0-0\" class=\"so-panel widget widget_sow-image panel-first-child\" data-index=\"39\" ><div\n\t\t\t\n\t\t\tclass=\"so-widget-sow-image so-widget-sow-image-default-113ccd71f3e6-697\"\n\t\t\t\n\t\t>\n<div class=\"sow-image-container\">\n\t\t<img \n\tsrc=\"https:\/\/sites.usp.br\/patgamalab\/wp-content\/uploads\/sites\/760\/2021\/02\/marianabombana.png\" width=\"184\" height=\"197\" sizes=\"(max-width: 184px) 100vw, 184px\" alt=\"\" \t\tclass=\"so-widget-image\"\/>\n\t<\/div>\n\n<\/div><\/div><div id=\"panel-697-10-0-1\" class=\"so-panel widget widget_sow-editor panel-last-child\" data-index=\"40\" ><div\n\t\t\t\n\t\t\tclass=\"so-widget-sow-editor so-widget-sow-editor-base\"\n\t\t\t\n\t\t>\n<div class=\"siteorigin-widget-tinymce textwidget\">\n\t<h3 style=\"text-align: center;\"> Mariana Bombana Abdo<\/h3>\n<p style=\"text-align: justify;\">Graduada em Farm\u00e1cia e Bioqu\u00edmica pela Universidade de S\u00e3o Paulo. Foi aluna de inicia\u00e7\u00e3o cient\u00edfica no BED lab (1999).<\/p>\n<p style=\"text-align: justify;\"><strong>Projeto: <\/strong>Estudo da express\u00e3o do TGF alfa na mucosa g\u00e1strica de ratos submetidos ao jejum alimentar.<\/p>\n<p><a href=\"https:\/\/www.linkedin.com\/in\/mariana-bombana-c-abdo-16241a12\">Linkedin<\/a><\/p>\n<h3 style=\"text-align: center;\">\n<\/div>\n<\/div><\/div><\/div><div id=\"pgc-697-10-1\"  class=\"panel-grid-cell\" ><div id=\"panel-697-10-1-0\" class=\"so-panel widget widget_sow-image panel-first-child\" data-index=\"41\" ><div\n\t\t\t\n\t\t\tclass=\"so-widget-sow-image so-widget-sow-image-default-113ccd71f3e6-697\"\n\t\t\t\n\t\t>\n<div class=\"sow-image-container\">\n\t\t<img \n\tsrc=\"https:\/\/sites.usp.br\/patgamalab\/wp-content\/uploads\/sites\/760\/2020\/08\/melissateles-200x200.jpg\" width=\"200\" height=\"200\" srcset=\"https:\/\/sites.usp.br\/patgamalab\/wp-content\/uploads\/sites\/760\/2020\/08\/melissateles-200x200.jpg 200w, https:\/\/sites.usp.br\/patgamalab\/wp-content\/uploads\/sites\/760\/2020\/08\/melissateles-150x150.jpg 150w, https:\/\/sites.usp.br\/patgamalab\/wp-content\/uploads\/sites\/760\/2020\/08\/melissateles-250x250.jpg 250w, https:\/\/sites.usp.br\/patgamalab\/wp-content\/uploads\/sites\/760\/2020\/08\/melissateles-174x174.jpg 174w, https:\/\/sites.usp.br\/patgamalab\/wp-content\/uploads\/sites\/760\/2020\/08\/melissateles-45x45.jpg 45w\" sizes=\"(max-width: 200px) 100vw, 200px\" alt=\"\" \t\tclass=\"so-widget-image\"\/>\n\t<\/div>\n\n<\/div><\/div><div id=\"panel-697-10-1-1\" class=\"so-panel widget widget_sow-editor panel-last-child\" data-index=\"42\" ><div\n\t\t\t\n\t\t\tclass=\"so-widget-sow-editor so-widget-sow-editor-base\"\n\t\t\t\n\t\t>\n<div class=\"siteorigin-widget-tinymce textwidget\">\n\t<h3 style=\"text-align: center;\"> Melissa Teles Silva<\/h3>\n<p style=\"text-align: justify;\">Gradua\u00e7\u00e3o em Obstetr\u00edcia pela Universidade de S\u00e3o Paulo (2010-2014). Entrou para o BED lab em 2015, onde tamb\u00e9m realizou seu Mestrado (2016-2018).<\/p>\n<p style=\"text-align: justify;\"><strong>Projeto:<\/strong> O desmame precoce pode reprogramar a diferencia\u00e7\u00e3o de c\u00e9lulas mucosas do colo em c\u00e9lulas zimog\u00eanicas na mucosa g\u00e1strica de ratos?<\/p>\n<p style=\"text-align: justify;\"><a href=\"http:\/\/lattes.cnpq.br\/5544760012691347\" target=\"_blank\" rel=\"noopener noreferrer\">CV Lattes<\/a><\/p>\n<h3 style=\"text-align: center;\">\n<\/div>\n<\/div><\/div><\/div><div id=\"pgc-697-10-2\"  class=\"panel-grid-cell\" ><div id=\"panel-697-10-2-0\" class=\"so-panel widget widget_sow-image panel-first-child\" data-index=\"43\" ><div\n\t\t\t\n\t\t\tclass=\"so-widget-sow-image so-widget-sow-image-default-113ccd71f3e6-697\"\n\t\t\t\n\t\t>\n<div class=\"sow-image-container\">\n\t\t<img \n\tsrc=\"https:\/\/sites.usp.br\/patgamalab\/wp-content\/uploads\/sites\/760\/2021\/02\/Natalia-Bittar-200x200.jpg\" width=\"200\" height=\"200\" srcset=\"https:\/\/sites.usp.br\/patgamalab\/wp-content\/uploads\/sites\/760\/2021\/02\/Natalia-Bittar-200x200.jpg 200w, https:\/\/sites.usp.br\/patgamalab\/wp-content\/uploads\/sites\/760\/2021\/02\/Natalia-Bittar-300x300.jpg 300w, https:\/\/sites.usp.br\/patgamalab\/wp-content\/uploads\/sites\/760\/2021\/02\/Natalia-Bittar-150x150.jpg 150w, https:\/\/sites.usp.br\/patgamalab\/wp-content\/uploads\/sites\/760\/2021\/02\/Natalia-Bittar-250x250.jpg 250w, https:\/\/sites.usp.br\/patgamalab\/wp-content\/uploads\/sites\/760\/2021\/02\/Natalia-Bittar-174x174.jpg 174w, https:\/\/sites.usp.br\/patgamalab\/wp-content\/uploads\/sites\/760\/2021\/02\/Natalia-Bittar-45x45.jpg 45w, https:\/\/sites.usp.br\/patgamalab\/wp-content\/uploads\/sites\/760\/2021\/02\/Natalia-Bittar-400x400.jpg 400w, https:\/\/sites.usp.br\/patgamalab\/wp-content\/uploads\/sites\/760\/2021\/02\/Natalia-Bittar.jpg 640w\" sizes=\"(max-width: 200px) 100vw, 200px\" title=\"Natalia Bittar\" alt=\"\" \t\tclass=\"so-widget-image\"\/>\n\t<\/div>\n\n<\/div><\/div><div id=\"panel-697-10-2-1\" class=\"so-panel widget widget_sow-editor panel-last-child\" data-index=\"44\" ><div\n\t\t\t\n\t\t\tclass=\"so-widget-sow-editor so-widget-sow-editor-base\"\n\t\t\t\n\t\t>\n<div class=\"siteorigin-widget-tinymce textwidget\">\n\t<h3 style=\"text-align: center;\"> Nat\u00e1lia Martins Valente Ramos Bittar<\/h3>\n<p style=\"text-align: justify;\">Gradua\u00e7\u00e3o em Nutri\u00e7\u00e3o (2002-2006) pela Universidade de S\u00e3o Paulo. Mestrado (2009-2012) em Ci\u00eancias realizado no BED lab.<\/p>\n<p style=\"text-align: justify;\"><strong>Projeto:<\/strong> Distribui\u00e7\u00e3o da ghrelina e de seu receptor na mucosa g\u00e1strica de ratos submetidos ao desmame precoce: efeitos sobre a prolifera\u00e7\u00e3o celular epitelial.<\/p>\n<p style=\"text-align: justify;\"><a href=\"http:\/\/lattes.cnpq.br\/5231800472662064\" target=\"_blank\" rel=\"noopener noreferrer\">CV Lattes<\/a><\/p>\n<h3 style=\"text-align: center;\"><\/a><\/p>\n<\/div>\n<\/div><\/div><\/div><\/div><div id=\"pg-697-11\"  class=\"panel-grid panel-no-style\" ><div id=\"pgc-697-11-0\"  class=\"panel-grid-cell panel-grid-cell-empty\" ><\/div><\/div><div id=\"pg-697-12\"  class=\"panel-grid panel-no-style\" ><div id=\"pgc-697-12-0\"  class=\"panel-grid-cell\" ><div id=\"panel-697-12-0-0\" class=\"so-panel widget widget_sow-image panel-first-child\" data-index=\"45\" ><div\n\t\t\t\n\t\t\tclass=\"so-widget-sow-image so-widget-sow-image-default-113ccd71f3e6-697\"\n\t\t\t\n\t\t>\n<div class=\"sow-image-container\">\n\t\t<img \n\tsrc=\"https:\/\/sites.usp.br\/patgamalab\/wp-content\/uploads\/sites\/760\/2020\/08\/priscilafigueredo-e1598230592570-200x200.jpg\" width=\"200\" height=\"200\" srcset=\"https:\/\/sites.usp.br\/patgamalab\/wp-content\/uploads\/sites\/760\/2020\/08\/priscilafigueredo-e1598230592570-200x200.jpg 200w, https:\/\/sites.usp.br\/patgamalab\/wp-content\/uploads\/sites\/760\/2020\/08\/priscilafigueredo-e1598230592570-150x150.jpg 150w, https:\/\/sites.usp.br\/patgamalab\/wp-content\/uploads\/sites\/760\/2020\/08\/priscilafigueredo-e1598230592570-250x250.jpg 250w, https:\/\/sites.usp.br\/patgamalab\/wp-content\/uploads\/sites\/760\/2020\/08\/priscilafigueredo-e1598230592570-174x174.jpg 174w, https:\/\/sites.usp.br\/patgamalab\/wp-content\/uploads\/sites\/760\/2020\/08\/priscilafigueredo-e1598230592570-45x45.jpg 45w\" sizes=\"(max-width: 200px) 100vw, 200px\" title=\"priscilafigueredo\" alt=\"\" \t\tclass=\"so-widget-image\"\/>\n\t<\/div>\n\n<\/div><\/div><div id=\"panel-697-12-0-1\" class=\"so-panel widget widget_sow-editor panel-last-child\" data-index=\"46\" ><div\n\t\t\t\n\t\t\tclass=\"so-widget-sow-editor so-widget-sow-editor-base\"\n\t\t\t\n\t\t>\n<div class=\"siteorigin-widget-tinymce textwidget\">\n\t<h3 style=\"text-align: center;\"> Priscila Moreira Figueiredo<\/h3>\n<p style=\"text-align: justify;\">Gradua\u00e7\u00e3o em Ci\u00eancias Biol\u00f3gicas (2004-2007) pela Universidade de S\u00e3o Paulo. Mestrado em Biologia Celular e Tecidual (2008-2011). Foi membro do BED lab como aluna de Inicia\u00e7\u00e3o Cient\u00edfica e Mestranda.<\/p>\n<p style=\"text-align: justify;\"><strong>Projetos: <\/strong>Efeito da inibi\u00e7\u00e3o do EFGR sobre a prolifera\u00e7\u00e3o do epit\u00e9lio g\u00e1strico (IC);<br \/>\nPapel da intera\u00e7\u00e3o entre padr\u00e3o alimentar, corticosterona e fatores de crescimento na regula\u00e7\u00e3o da prolifera\u00e7\u00e3o celular no epit\u00e9lio g\u00e1strico de ratos em desenvolvimento p\u00f3s-natal (Mestrado)<\/p>\n<p style=\"text-align: justify;\"><a href=\"http:\/\/lattes.cnpq.br\/9516735038965388\" target=\"_blank\" rel=\"noopener noreferrer\">CV Lattes<\/a><\/p>\n<h3 style=\"text-align: center;\"><\/a><\/p>\n<\/div>\n<\/div><\/div><\/div><div id=\"pgc-697-12-1\"  class=\"panel-grid-cell panel-grid-cell-mobile-last\" ><div id=\"panel-697-12-1-0\" class=\"so-panel widget widget_sow-image panel-first-child\" data-index=\"47\" ><div\n\t\t\t\n\t\t\tclass=\"so-widget-sow-image so-widget-sow-image-default-113ccd71f3e6-697\"\n\t\t\t\n\t\t>\n<div class=\"sow-image-container\">\n\t\t<img \n\tsrc=\"https:\/\/sites.usp.br\/patgamalab\/wp-content\/uploads\/sites\/760\/2021\/02\/rodrigotoledo.png\" width=\"192\" height=\"194\" srcset=\"https:\/\/sites.usp.br\/patgamalab\/wp-content\/uploads\/sites\/760\/2021\/02\/rodrigotoledo.png 192w, https:\/\/sites.usp.br\/patgamalab\/wp-content\/uploads\/sites\/760\/2021\/02\/rodrigotoledo-45x45.png 45w\" sizes=\"(max-width: 192px) 100vw, 192px\" alt=\"\" \t\tclass=\"so-widget-image\"\/>\n\t<\/div>\n\n<\/div><\/div><div id=\"panel-697-12-1-1\" class=\"so-panel widget widget_sow-editor panel-last-child\" data-index=\"48\" ><div\n\t\t\t\n\t\t\tclass=\"so-widget-sow-editor so-widget-sow-editor-base\"\n\t\t\t\n\t\t>\n<div class=\"siteorigin-widget-tinymce textwidget\">\n\t<h3 style=\"text-align: center;\"> Rodrigo de Almeida Toledo<\/h3>\n<p style=\"text-align: justify;\">Gradua\u00e7\u00e3o em Ci\u00eancias Biol\u00f3gicas (1999-2003) e Ci\u00eancias Fundamentais para Sa\u00fade (2008-2011), Mestrado (2004-2007) e Doutorado (2007-2010) pela Universidade de S\u00e3o Paulo. Foi orientado por Patr\u00edcia Gama durante o Trabalho de Conclus\u00e3o de Curso em Ci\u00eancias Fundamentais para Sa\u00fade (2010) por Patr\u00edcia Gama.<\/p>\n<p style=\"text-align: justify;\"><a href=\"http:\/\/lattes.cnpq.br\/4601807399512036\" target=\"_blank\" rel=\"noopener noreferrer\">CV Lattes<\/a><\/p>\n<h3 style=\"text-align: center;\"><\/a><\/p>\n<p>&nbsp;<\/p>\n<\/div>\n<\/div><\/div><\/div><div id=\"pgc-697-12-2\"  class=\"panel-grid-cell panel-grid-cell-empty\" ><\/div><\/div><div id=\"pg-697-13\"  class=\"panel-grid panel-no-style\" ><div id=\"pgc-697-13-0\"  class=\"panel-grid-cell panel-grid-cell-empty\" ><\/div><\/div><div id=\"pg-697-14\"  class=\"panel-grid panel-no-style\" ><div id=\"pgc-697-14-0\"  class=\"panel-grid-cell\" ><div id=\"panel-697-14-0-0\" class=\"so-panel widget widget_sow-image-grid panel-first-child panel-last-child\" data-index=\"49\" ><div\n\t\t\t\n\t\t\tclass=\"so-widget-sow-image-grid so-widget-sow-image-grid-default-e35371399e2d-697\"\n\t\t\t\n\t\t>\t<div\n\t\tclass=\"sow-image-grid-wrapper\"\n\t\t\t\t\t>\n\t\t\t\t\t<div class=\"sow-image-grid-image\">\n\t\t\t\t\t\t\t\t\t\t\t\t\t<a href=\"https:\/\/sites.usp.br\/patgamalab\/wp-content\/uploads\/sites\/760\/2020\/08\/exmembros1-e1598237149508.jpg\"\n\t\t\t\t\t>\n\t\t\t\t\t\t\t\t<img loading=\"lazy\" decoding=\"async\" width=\"400\" height=\"200\" src=\"https:\/\/sites.usp.br\/patgamalab\/wp-content\/uploads\/sites\/760\/2020\/08\/exmembros1-e1598237149508-400x200.jpg\" class=\"sow-image-grid-image_html\" alt=\"\" title=\"Da esquerda para a direita: Larissa Hosoya, Daniela Ogias, Juliana Zulian e Ludimila Nogueira\" srcset=\"https:\/\/sites.usp.br\/patgamalab\/wp-content\/uploads\/sites\/760\/2020\/08\/exmembros1-e1598237149508-400x200.jpg 400w, https:\/\/sites.usp.br\/patgamalab\/wp-content\/uploads\/sites\/760\/2020\/08\/exmembros1-e1598237149508-600x300.jpg 600w\" sizes=\"auto, (max-width: 400px) 100vw, 400px\" \/>\t\t\t\t\t\t\t\t\t<\/a>\n\t\t\t\t\t\t\t\t\t\t\t<\/div>\n\t\t\t\t\t<div class=\"sow-image-grid-image\">\n\t\t\t\t\t\t\t\t\t\t\t\t\t<a href=\"https:\/\/sites.usp.br\/patgamalab\/wp-content\/uploads\/sites\/760\/2020\/08\/12122011001.jpg\"\n\t\t\t\t\t>\n\t\t\t\t\t\t\t\t<img loading=\"lazy\" decoding=\"async\" width=\"400\" height=\"200\" src=\"https:\/\/sites.usp.br\/patgamalab\/wp-content\/uploads\/sites\/760\/2020\/08\/12122011001-400x200.jpg\" class=\"sow-image-grid-image_html\" alt=\"\" title=\"BED lab 2013\" srcset=\"https:\/\/sites.usp.br\/patgamalab\/wp-content\/uploads\/sites\/760\/2020\/08\/12122011001-400x200.jpg 400w, https:\/\/sites.usp.br\/patgamalab\/wp-content\/uploads\/sites\/760\/2020\/08\/12122011001-600x300.jpg 600w\" sizes=\"auto, (max-width: 400px) 100vw, 400px\" \/>\t\t\t\t\t\t\t\t\t<\/a>\n\t\t\t\t\t\t\t\t\t\t\t<\/div>\n\t\t\t<\/div>\n<\/div><\/div><\/div><\/div><\/div>","protected":false},"excerpt":{"rendered":"<p>Aline Vasque da Costa Gradua\u00e7\u00e3o em Nutri\u00e7\u00e3o na Universidade Federal do Estado do Rio de Janeiro (UNIRIO), conseguindo o diploma em 2002. Come\u00e7ou o mestrado em 2015, na Escola de Educa\u00e7\u00e3o F\u00edsica e Esporte da Universidade de S\u00e3o Paulo (EEFE-USP). Ap\u00f3s conseguir o t\u00edtulo de Mestra em 2017, Aline entrou para o BED lab para<a href=\"https:\/\/sites.usp.br\/patgamalab\/ex-membros\/\">[&#8230;]<\/a><\/p>\n","protected":false},"author":1200,"featured_media":0,"parent":0,"menu_order":0,"comment_status":"closed","ping_status":"closed","template":"template-fullwidth-no-title.php","meta":{"footnotes":"","_links_to":"","_links_to_target":""},"class_list":["post-697","page","type-page","status-publish","hentry"],"_links":{"self":[{"href":"https:\/\/sites.usp.br\/patgamalab\/wp-json\/wp\/v2\/pages\/697","targetHints":{"allow":["GET"]}}],"collection":[{"href":"https:\/\/sites.usp.br\/patgamalab\/wp-json\/wp\/v2\/pages"}],"about":[{"href":"https:\/\/sites.usp.br\/patgamalab\/wp-json\/wp\/v2\/types\/page"}],"author":[{"embeddable":true,"href":"https:\/\/sites.usp.br\/patgamalab\/wp-json\/wp\/v2\/users\/1200"}],"replies":[{"embeddable":true,"href":"https:\/\/sites.usp.br\/patgamalab\/wp-json\/wp\/v2\/comments?post=697"}],"version-history":[{"count":6,"href":"https:\/\/sites.usp.br\/patgamalab\/wp-json\/wp\/v2\/pages\/697\/revisions"}],"predecessor-version":[{"id":1378,"href":"https:\/\/sites.usp.br\/patgamalab\/wp-json\/wp\/v2\/pages\/697\/revisions\/1378"}],"wp:attachment":[{"href":"https:\/\/sites.usp.br\/patgamalab\/wp-json\/wp\/v2\/media?parent=697"}],"curies":[{"name":"wp","href":"https:\/\/api.w.org\/{rel}","templated":true}]}}