{"id":994,"date":"2018-11-19T10:35:16","date_gmt":"2018-11-19T12:35:16","guid":{"rendered":"http:\/\/sites.usp.br\/rema\/?page_id=994"},"modified":"2018-11-19T10:35:16","modified_gmt":"2018-11-19T12:35:16","slug":"apoio-psicologico","status":"publish","type":"page","link":"https:\/\/sites.usp.br\/rema\/apoio-psicologico\/","title":{"rendered":"Apoio psicol\u00f3gico"},"content":{"rendered":"<p><span style=\"font-family: Arial, Helvetica, Geneva, Swiss, SunSans-Regular;\"><b><i>Apoio psicol\u00f3gico\u00a0 \u00a0 \u00a0 \u00a0 \u00a0 \u00a0 \u00a0 \u00a0 \u00a0 \u00a0 \u00a0 \u00a0 \u00a0 \u00a0 \u00a0 \u00a0 \u00a0 \u00a0 \u00a0 \u00a0 \u00a0 \u00a0 \u00a0 \u00a0 \u00a0 \u00a0\u00a0 \u00a0 \u00a0 \u00a0 \u00a0 \u00a0 \u00a0 \u00a0 \u00a0 \u00a0 \u00a0 \u00a0 \u00a0 \u00a0 \u00a0 \u00a0 \u00a0 \u00a0 \u00a0 \u00a0 \u00a0 \u00a0 \u00a0 \u00a0 \u00a0 \u00a0 \u00a0 \u00a0 \u00a0 \u00a0 \u00a0 \u00a0 \u00a0\u00a0<a href=\"http:\/\/sites.usp.br\/rema\/assistencia\/\">(volta para \u00edndice)<\/a><\/i><\/b><\/span><\/p>\n<p><span style=\"font-family: Arial, Helvetica, Geneva, Swiss, SunSans-Regular;\">Com o intuito de disponibilizar assist\u00eancia psicol\u00f3gica \u00e0s usu\u00e1rias do REMA, uma equipe de Psicologia foi incorporada ao servi\u00e7o. Atualmente tal equipe \u00e9 composta por tr\u00eas psic\u00f3logos e tr\u00eas estagi\u00e1rias e supervisionada por um docente do Departamento de Psicologia e Educa\u00e7\u00e3o da Faculdade de Filosofia, Ci\u00eancias e Letras de Ribeir\u00e3o Preto (FFCLRP-USP). Tr\u00eas modalidades de atua\u00e7\u00e3o t\u00eam sido colocadas em pr\u00e1tica at\u00e9 o momento, a saber: avalia\u00e7\u00e3o psicol\u00f3gica, interven\u00e7\u00e3o psicoterap\u00eautica individual e grupo de apoio.<br \/>\n<\/span><\/p>\n<p><span style=\"font-family: Arial, Helvetica, Geneva, Swiss, SunSans-Regular;\">As avalia\u00e7\u00f5es t\u00eam como objetivo o delineamento do perfil psicol\u00f3gico das pacientes e focalizam principalmente a identifica\u00e7\u00e3o dos recursos adaptativos dos quais as mesmas disp\u00f5em para enfrentar a doen\u00e7a e seu tratamento. Conduzidas majoritariamente com usu\u00e1rias rec\u00e9m-inseridas no servi\u00e7o, as avalia\u00e7\u00f5es psicol\u00f3gicas fornecem elementos para o direcionamento da interven\u00e7\u00e3o da equipe multidisciplinar e s\u00e3o realizadas mediante a utiliza\u00e7\u00e3o de t\u00e9cnicas de exame psicol\u00f3gico, tais como entrevistas semi-estruturadas, escalas, invent\u00e1rios e t\u00e9cnicas projetivas.<br \/>\n<\/span><\/p>\n<p><span style=\"font-family: Arial, Helvetica, Geneva, Swiss, SunSans-Regular;\">As interven\u00e7\u00f5es psicoterap\u00eauticas individuais t\u00eam como intuito b\u00e1sico expandir o n\u00edvel de consci\u00eancia que as pacientes possuem acerca de sua problem\u00e1tica, conduzindo-as a uma maior compreens\u00e3o de sua pr\u00f3pria situa\u00e7\u00e3o emocional. A estrat\u00e9gia psicoterap\u00eautica adotada \u00e9 de dura\u00e7\u00e3o breve, uma vez que a proposta \u00e9 tratar de aspectos emocionais associados ao enfrentamento da enfermidade e seu tratamento. Assim sendo, busca-se delimitar e circunscrever o foco da interven\u00e7\u00e3o a problemas relacionados a essa quest\u00e3o, visando potencializar os recursos adaptativos das pacientes. Os atendimentos s\u00e3o semanais, possuem cinq\u00fcenta minutos de dura\u00e7\u00e3o e s\u00e3o conduzidos a partir do emprego de t\u00e9cnicas psicoterap\u00eauticas de orienta\u00e7\u00e3o psicanal\u00edtica.<br \/>\n<\/span><\/p>\n<p><span style=\"font-family: Arial, Helvetica, Geneva, Swiss, SunSans-Regular;\">O grupo de apoio \u00e9 coordenado por uma enfermeira, conta com a participa\u00e7\u00e3o de profissionais de diferentes especialidades (psic\u00f3logos, terapeutas ocupacionais e fisioterapeutas) e visa favorecer, a partir da troca de informa\u00e7\u00f5es e experi\u00eancias entre as usu\u00e1rias do servi\u00e7o, a aquisi\u00e7\u00e3o de insights capazes de contribuir para a reabilita\u00e7\u00e3o biopsicossocial das mesmas. Conduzido mediante o emprego de uma combina\u00e7\u00e3o de diversas t\u00e9cnicas e estrat\u00e9gias, o grupo de apoio \u00e9 aberto, ininterrupto, tem dura\u00e7\u00e3o de uma hora e ocorre tr\u00eas vezes por semana, \u00e0s segundas, quartas e sextas-feiras.<\/span><\/p>\n","protected":false},"excerpt":{"rendered":"<p>Apoio psicol\u00f3gico\u00a0 \u00a0 \u00a0 \u00a0 \u00a0 \u00a0 \u00a0 \u00a0 \u00a0 \u00a0 \u00a0 \u00a0 \u00a0 \u00a0 \u00a0 \u00a0 \u00a0 \u00a0 \u00a0 \u00a0 \u00a0 \u00a0 \u00a0 \u00a0 \u00a0 \u00a0\u00a0 \u00a0 \u00a0 \u00a0 \u00a0 \u00a0 \u00a0 \u00a0 \u00a0 \u00a0 \u00a0 \u00a0 \u00a0 \u00a0 \u00a0 \u00a0 \u00a0 \u00a0 \u00a0 \u00a0 \u00a0 \u00a0 \u00a0 \u00a0 \u00a0 \u00a0 \u00a0 \u00a0 \u00a0 \u00a0 \u00a0 \u00a0 \u00a0\u00a0(volta para \u00edndice) Com o intuito de disponibilizar assist\u00eancia psicol\u00f3gica \u00e0s usu\u00e1rias do REMA, uma equipe de Psicologia foi incorporada ao servi\u00e7o. Atualmente tal equipe \u00e9 composta por tr\u00eas psic\u00f3logos e tr\u00eas estagi\u00e1rias e supervisionada por um docente do Departamento de Psicologia e Educa\u00e7\u00e3o da Faculdade de Filosofia, Ci\u00eancias e Letras de Ribeir\u00e3o Preto (FFCLRP-USP). Tr\u00eas modalidades de atua\u00e7\u00e3o t\u00eam sido colocadas em pr\u00e1tica at\u00e9 o momento, a saber: avalia\u00e7\u00e3o psicol\u00f3gica, interven\u00e7\u00e3o psicoterap\u00eautica individual e grupo de apoio. As avalia\u00e7\u00f5es t\u00eam como objetivo o delineamento do perfil psicol\u00f3gico das pacientes e focalizam principalmente a identifica\u00e7\u00e3o dos recursos adaptativos dos quais as mesmas disp\u00f5em para enfrentar a doen\u00e7a e seu tratamento. Conduzidas majoritariamente com usu\u00e1rias rec\u00e9m-inseridas no servi\u00e7o, as avalia\u00e7\u00f5es psicol\u00f3gicas fornecem elementos para o direcionamento da interven\u00e7\u00e3o da equipe multidisciplinar e s\u00e3o realizadas mediante a utiliza\u00e7\u00e3o de t\u00e9cnicas de exame psicol\u00f3gico, tais [&#8230;]<\/p>\n","protected":false},"author":779,"featured_media":0,"parent":0,"menu_order":0,"comment_status":"closed","ping_status":"closed","template":"","meta":{"_monsterinsights_skip_tracking":false,"_monsterinsights_sitenote_active":false,"_monsterinsights_sitenote_note":"","_monsterinsights_sitenote_category":0,"footnotes":"","_links_to":"","_links_to_target":""},"class_list":["post-994","page","type-page","status-publish","hentry"],"_links":{"self":[{"href":"https:\/\/sites.usp.br\/rema\/wp-json\/wp\/v2\/pages\/994","targetHints":{"allow":["GET"]}}],"collection":[{"href":"https:\/\/sites.usp.br\/rema\/wp-json\/wp\/v2\/pages"}],"about":[{"href":"https:\/\/sites.usp.br\/rema\/wp-json\/wp\/v2\/types\/page"}],"author":[{"embeddable":true,"href":"https:\/\/sites.usp.br\/rema\/wp-json\/wp\/v2\/users\/779"}],"replies":[{"embeddable":true,"href":"https:\/\/sites.usp.br\/rema\/wp-json\/wp\/v2\/comments?post=994"}],"version-history":[{"count":1,"href":"https:\/\/sites.usp.br\/rema\/wp-json\/wp\/v2\/pages\/994\/revisions"}],"predecessor-version":[{"id":995,"href":"https:\/\/sites.usp.br\/rema\/wp-json\/wp\/v2\/pages\/994\/revisions\/995"}],"wp:attachment":[{"href":"https:\/\/sites.usp.br\/rema\/wp-json\/wp\/v2\/media?parent=994"}],"curies":[{"name":"wp","href":"https:\/\/api.w.org\/{rel}","templated":true}]}}