{"id":279,"date":"2020-04-05T16:34:48","date_gmt":"2020-04-05T19:34:48","guid":{"rendered":"http:\/\/sites.usp.br\/yby\/?page_id=279"},"modified":"2026-05-26T16:47:36","modified_gmt":"2026-05-26T19:47:36","slug":"pesquisa","status":"publish","type":"page","link":"https:\/\/sites.usp.br\/yby\/pesquisa\/","title":{"rendered":"Pesquisa"},"content":{"rendered":"<div id=\"pl-279\"  class=\"panel-layout\" ><div id=\"pg-279-0\"  class=\"panel-grid panel-no-style\" ><div id=\"pgc-279-0-0\"  class=\"panel-grid-cell\" ><div id=\"panel-279-0-0-0\" class=\"so-panel widget widget_text panel-first-child panel-last-child\" data-index=\"0\" ><h3 class=\"widget-title\">Pesquisas em andamento<\/h3>\t\t\t<div class=\"textwidget\"><\/div>\n\t\t<\/div><\/div><div id=\"pgc-279-0-1\"  class=\"panel-grid-cell\" ><div id=\"panel-279-0-1-0\" class=\"so-panel widget widget_text panel-first-child panel-last-child\" data-index=\"1\" ><h3 class=\"widget-title\">EM MANUTEN\u00c7\u00c3O<\/h3>\t\t\t<div class=\"textwidget\"><\/div>\n\t\t<\/div><\/div><\/div><div id=\"pg-279-1\"  class=\"panel-grid panel-no-style\" ><div id=\"pgc-279-1-0\"  class=\"panel-grid-cell\" ><div id=\"panel-279-1-0-0\" class=\"so-panel widget widget_text panel-first-child panel-last-child\" data-index=\"2\" ><h3 class=\"widget-title\">Pesquisas conclu\u00eddas<\/h3>\t\t\t<div class=\"textwidget\"><\/div>\n\t\t<\/div><\/div><div id=\"pgc-279-1-1\"  class=\"panel-grid-cell\" ><div id=\"panel-279-1-1-0\" class=\"so-panel widget widget_text panel-first-child\" data-index=\"3\" ><h3 class=\"widget-title\">P\u00f3s doutorado<\/h3>\t\t\t<div class=\"textwidget\"><p><span style=\"font-weight: 400;\">Lucas Ricardo Cestaro<\/span><\/p>\n<p><span style=\"font-weight: 400;\">Mirandulina Maria Moreira Azevedo<\/span><\/p>\n<p>&nbsp;<\/p>\n<\/div>\n\t\t<\/div><div id=\"panel-279-1-1-1\" class=\"so-panel widget widget_text\" data-index=\"4\" ><h3 class=\"widget-title\">Doutorado<\/h3>\t\t\t<div class=\"textwidget\"><ul>\n<li>Anna Laura Pereira Rssi &#8211; <strong>Justi\u00e7a social urbana e a aplica\u00e7\u00e3o do IPTU no interior paulista<\/strong><\/li>\n<li><span style=\"font-weight: 400;\">Jos\u00e9 Rafael de Lima &#8211; <\/span><b>A autovitalidade urbana em Zonas Especiais de Interesse Social<\/b><\/li>\n<li><span style=\"font-weight: 400;\">Julio Cesar Botega do Carmo &#8211; <\/span><b>A Serra Pelada do Urbanismo planejando a Regi\u00e3o Metropolitana da Cidade Modelo (Curitiba e Regi\u00e3o 1961-2015)<\/b><\/li>\n<li><span style=\"font-weight: 400;\">Raquel Gomes Valadares &#8211; <\/span><b>Mulheres, direito \u00e0 moradia e o sistema de justi\u00e7a: o tratamento jur\u00eddico aos movimentos de moradia urbana no Estado de S\u00e3o Paulo nas decis\u00f5es processuais entre os anos 2010 a 2020<\/b><\/li>\n<li><span style=\"font-weight: 400;\">Valmir Ortega &#8211; <\/span><b>Sistemas de espa\u00e7os livres urbano em uma est\u00e2ncia hidromineral no interior do Brasil: paisagem e ambiente<\/b><\/li>\n<\/ul>\n<\/div>\n\t\t<\/div><div id=\"panel-279-1-1-2\" class=\"so-panel widget widget_text\" data-index=\"5\" ><h3 class=\"widget-title\">Mestrado<\/h3>\t\t\t<div class=\"textwidget\"><ul>\n<li style=\"font-weight: 400;\" aria-level=\"1\"><span style=\"font-weight: 400;\">Aline Vicence Cavanus &#8211;\u00a0 <\/span><b>Processo de luta por terra e direito \u00e0 cidade: a atua\u00e7\u00e3o dos movimentos sociais em Florian\u00f3polis-SC<\/b><\/li>\n<li style=\"font-weight: 400;\" aria-level=\"1\"><span style=\"font-weight: 400;\">Ana Carolina Pires &#8211; <\/span><b>Planejar com a Paisagem: potenciais espa\u00e7os livres para um Sistema em S\u00e3o Carlos<\/b><\/li>\n<li style=\"font-weight: 400;\" aria-level=\"1\"><span style=\"font-weight: 400;\">Anna Laura Pereira Rossi &#8211; <\/span><b>Vazios Urbanos em Campinas, legisla\u00e7\u00e3o, planejamento e mercantiliza\u00e7\u00e3o da cidade<\/b><\/li>\n<li style=\"font-weight: 400;\" aria-level=\"1\"><span style=\"font-weight: 400;\">Cau\u00ea M. Silva \u2013 <\/span><b>Paisagem latente: O processo de constru\u00e7\u00e3o da paisagem do Clube N\u00e1utico de Araraquara, SP<\/b><\/li>\n<li style=\"font-weight: 400;\" aria-level=\"1\"><span style=\"font-weight: 400;\">Gabriel Valentini Francisqueti &#8211; S<\/span><b>istema de espa\u00e7os livres em Presidente Prudente: forma urbana e as rela\u00e7\u00f5es rio-cidade<\/b><\/li>\n<li style=\"font-weight: 400;\" aria-level=\"1\"><span style=\"font-weight: 400;\">J\u00e9ssica Ragonha &#8211; <\/span><b>Planejar com a Paisagem: reflex\u00f5es historiogr\u00e1ficas e contempor\u00e2neas sobre a regi\u00e3o<\/b><\/li>\n<li style=\"font-weight: 400;\" aria-level=\"1\"><span style=\"font-weight: 400;\">Jos\u00e9 Eduardo Calijuri Hamra &#8211;<\/span><b> Urbanismo Bottom-up: sociedade em rede e processos de urbaniza\u00e7\u00e3o<\/b><\/li>\n<li style=\"font-weight: 400;\" aria-level=\"1\"><span style=\"font-weight: 400;\">Kamyla Jannine Costa Barros &#8211; <\/span><b>Parque urbano, conforto t\u00e9rmico e comportamento dos usu\u00e1rios: o caso do Parque do Kart\u00f3dromo na cidade de S\u00e3o Carlos\/SP<\/b><\/li>\n<li style=\"font-weight: 400;\" aria-level=\"1\"><span style=\"font-weight: 400;\">Larissa Cunha Martins Rodrigues &#8211; <\/span><b>Caleidosc\u00f3pio da legisla\u00e7\u00e3o: o caso de Florian\u00f3polis<\/b><\/li>\n<li style=\"font-weight: 400;\" aria-level=\"1\"><span style=\"font-weight: 400;\">Larissa Cardillo Acconcia Dias &#8211; <\/span><b>Campi Sustent\u00e1veis: desafios para a constru\u00e7\u00e3o de espa\u00e7os universit\u00e1rios<\/b><\/li>\n<li style=\"font-weight: 400;\" aria-level=\"1\"><span style=\"font-weight: 400;\">Leonardo Batista de Andrade &#8211; <\/span><b>Interven\u00e7\u00e3o integrada e informalidade: controv\u00e9rsias sobre a atua\u00e7\u00e3o neoliberal<\/b><\/li>\n<li style=\"font-weight: 400;\" aria-level=\"1\"><span style=\"font-weight: 400;\">Maiara Oliveira Silva de Aguiar &#8211; <\/span><b>A comercializa\u00e7\u00e3o da habita\u00e7\u00e3o no Programa Minha Casa, Minha Vida em Ribeir\u00e3o Preto<\/b><\/li>\n<li style=\"font-weight: 400;\" aria-level=\"1\"><span style=\"font-weight: 400;\">Maria Cec\u00edlia Pedro Bom de Lima &#8211;\u00a0 <\/span><b>Paisagem, cartografia e projeto: uma leitura da bacia hidrogr\u00e1fica do c\u00f3rrego Monjolinho em S\u00e3o Carlos<\/b><\/li>\n<li style=\"font-weight: 400;\" aria-level=\"1\"><span style=\"font-weight: 400;\">Pedro Souza Ferr\u00e3o &#8211; <\/span><b>Arranjos institucionais e organiza\u00e7\u00e3o pol\u00edtica dos trabalhadores do setor de coleta seletiva de res\u00edduos s\u00f3lidos: estudo sobre os casos das cidades de S\u00e3o Paulo e Buenos Aires<\/b><\/li>\n<li style=\"font-weight: 400;\" aria-level=\"1\"><span style=\"font-weight: 400;\">Rafael Baldam &#8211; <\/span><b>Medo e segrega\u00e7\u00e3o na cidade: sociabilidades em jogo em um contexto de enclaves fortificados<\/b><\/li>\n<li style=\"font-weight: 400;\" aria-level=\"1\"><span style=\"font-weight: 400;\">Renan S. Gomez \u2013 <\/span><b>Processos participativos contra a Cidade-Mercadoria: Opera\u00e7\u00f5es Urbanas Consorciadas e o caso de Florian\u00f3polis<\/b><\/li>\n<li style=\"font-weight: 400;\" aria-level=\"1\"><span style=\"font-weight: 400;\">Ryller C. de A. Ver\u00edssimo \u2013 <\/span><b>A paisagem como alimento na cidade contempor\u00e2nea: um estudo dos Fundos de vale em Bauru, SP<\/b><\/li>\n<li style=\"font-weight: 400;\" aria-level=\"1\"><span style=\"font-weight: 400;\">Thais Vicente Santos &#8211; <\/span><b>Parques Lineares de Votuporanga-SP: contradi\u00e7\u00f5es entre discurso e pr\u00e1tica<\/b><\/li>\n<li style=\"font-weight: 400;\" aria-level=\"1\"><span style=\"font-weight: 400;\">Thiago P. Melo \u2013 <\/span><b>A especializa\u00e7\u00e3o do trabalho tecnol\u00f3gico de cidades pequenas dentro da l\u00f3gica das cidades inteligentes: Monteiro Lobato (SP) e a iniciativa CIHE 2030<\/b><\/li>\n<li style=\"font-weight: 400;\" aria-level=\"1\"><span style=\"font-weight: 400;\">Tiago de M. C. Hindi \u2013 <\/span><b>Coletividade e Propriedade: perspectivas cruzadas entre casos brasileiros e canadenses<\/b><\/li>\n<li style=\"font-weight: 400;\" aria-level=\"1\"><span style=\"font-weight: 400;\">Victoria N. Scussel \u2013 <\/span><b>Superprodu\u00e7\u00e3o imobili\u00e1ria expandindo cidades: a provis\u00e3o de lotes urbanizados em S\u00e3o Jos\u00e9 do Rio Preto, Ribeir\u00e3o Preto e Piracicaba<\/b><\/li>\n<li style=\"font-weight: 400;\" aria-level=\"1\">Wesley da Silva Medeiros &#8211; <b>Por uma Pol\u00edtica Social do Territ\u00f3rio. An\u00e1lise do Programa Territ\u00f3rios da Cidadania no Vale do Guaribas, PI<\/b><\/li>\n<\/ul>\n<\/div>\n\t\t<\/div><div id=\"panel-279-1-1-3\" class=\"so-panel widget widget_text panel-last-child\" data-index=\"6\" ><h3 class=\"widget-title\">Inicia\u00e7\u00e3o Cient\u00edfica<\/h3>\t\t\t<div class=\"textwidget\"><ul>\n<li><span style=\"font-weight: 400;\">Alan Siqueira Deschamps &#8211; <\/span><b>Mapeando as hidrografias intraurbanas do Estado de S\u00e3o Paulo: padroniza\u00e7\u00e3o e disponibiliza\u00e7\u00e3o de dados oficiais e colaborativos<\/b><\/li>\n<li><span style=\"font-weight: 400;\">Amanda Basso Morelli &#8211; <\/span><b>Sistema de Espa\u00e7os Livres na Cidade de S\u00e3o Carlos: investiga\u00e7\u00e3o acerca de potencialidades e possibilidades na sua constru\u00e7\u00e3o<\/b><\/li>\n<li><span style=\"font-weight: 400;\">Ana Leopoldina Leminski Veiga &#8211;<\/span><b> \u00c1reas P\u00fablicas Urbanas &#8211; O Que poderiam ser? Investiga\u00e7\u00e3o sobre os projetos n\u00e3o executados e a forma como s\u00e3o executados na cidade de S\u00e3o Carlos<\/b><\/li>\n<li><span style=\"font-weight: 400;\">Ana Leopoldina Leminski Veiga &#8211; <\/span><b>\u00c1reas P\u00fablicas Urbanas: de onde v\u00eam? Regula\u00e7\u00e3o e gest\u00e3o urbana em S\u00e3o Carlos &#8211; Brasil<\/b><\/li>\n<li><span style=\"font-weight: 400;\">Ana Luisa Mori Bovo &#8211; <\/span><b>Vac\u00e2ncia Fundi\u00e1ria nos Empreendimentos Residenciais Horizontais Fortificados nos Munic\u00edpios de Araraquara e S\u00e3o Jos\u00e9 dos Campos<\/b><\/li>\n<li><span style=\"font-weight: 400;\">Ana Moreira Borelli &#8211; <\/span><b>A defini\u00e7\u00e3o de ZEIS\u00a0 Zona Especial de Interesse Social nas Capitais do Brasil: o que e para quem determina a legisla\u00e7\u00e3o urbana?<\/b><\/li>\n<li><span style=\"font-weight: 400;\">Alice Zamariolli Damianovic &#8211; <\/span><b>Vac\u00e2ncia Fundi\u00e1ria nos Empreendimentos Horizontais Fechados na Cidade de S\u00e3o Carlos<\/b><\/li>\n<li><span style=\"font-weight: 400;\">Beatriz Carvalho Mega &#8211; <\/span><b>Pol\u00edtica Habitacional em Cidades Latino-Americanas: an\u00e1lise das cidades de Bogot\u00e1 &#8211; Col\u00f4mbia e Santiago do Chile &#8211; Chile<\/b><\/li>\n<li><span style=\"font-weight: 400;\">Beatriz Medeiros Urbano &#8211; <\/span><b>Urbaniza\u00e7\u00e3o, Territ\u00f3rio e Agentes: raz\u00e3o e efeitos de vazios imobili\u00e1rios e fundi\u00e1rios<\/b><\/li>\n<li><span style=\"font-weight: 400;\">Bianca Damasio Silva &#8211; <\/span><b>Interlocu\u00e7\u00e3o com as gest\u00f5es p\u00fablicas envolvidas &#8211; Prefeitura Municipal de Diadema e Cons\u00f3rcio Intermunicipal do Grande ABC &#8211; para a elabora\u00e7\u00e3o do Plano de A\u00e7\u00e3o Clim\u00e1tica de Diadema (PACD) e para a constru\u00e7\u00e3o de indicadores de monitoramento do PACD e do Plano de A\u00e7\u00e3o de Enfrentamento \u00e0s Mudan\u00e7as Clim\u00e1ticas do Grande ABC (PAEMC ABC)<\/b><\/li>\n<li><span style=\"font-weight: 400;\">Breno M. de Melo \u2013 <\/span><b>Plataforma de Monitoramento da Arboriza\u00e7\u00e3o Intraurbana para o Estado de S\u00e3o Paulo com o suporte de Cloud Computing<\/b><\/li>\n<li><span style=\"font-weight: 400;\">Bruna L. de Souza \u2013 <\/span><b>Implica\u00e7\u00f5es da Pandemia da COVID 19 no mercado imobili\u00e1rio formal de moradia: an\u00e1lise dos agentes privados, suas estrat\u00e9gias e pr\u00e1ticas<\/b><\/li>\n<li><span style=\"font-weight: 400;\">Bruno Sangali &#8211; <\/span><b>Aux\u00edlio de ensino em Ci\u00eancias Humanas e suas Tecnologias<\/b><\/li>\n<li><span style=\"font-weight: 400;\">Carlos Eduardo da Silva Santos &#8211; <\/span><b>An\u00e1lise de dados territoriais (prim\u00e1rios e secund\u00e1rios) e na produ\u00e7\u00e3o de indicadores espaciais que alimentar\u00e3o a plataforma UrbVerde PP<\/b><\/li>\n<li><span style=\"font-weight: 400;\">Carolina Mendon\u00e7a Marangoni &#8211; <\/span><b>Din\u00e2mica Imobili\u00e1ria AIRBNB e seus impactos no munic\u00edpio de S\u00e3o Paulo<\/b><\/li>\n<li><span style=\"font-weight: 400;\">Carolina M. Horiquini \u2013 <\/span><b>A constru\u00e7\u00e3o de cidades por instrumentos financeiros: olhares cruzados entre projetos locais de desenvolvimento urbano em Lyon (Fran\u00e7a) e Ribeir\u00e3o Preto (Brasil)<\/b><\/li>\n<li><span style=\"font-weight: 400;\">Carolina Menezes Horiquini &#8211; <\/span><b>Vazios Urbanos em Campinas<\/b><\/li>\n<li><span style=\"font-weight: 400;\">Cesar Andre Machado de Morais &#8211; <\/span><b>Ocupa\u00e7\u00e3o e Produ\u00e7\u00e3o do Espa\u00e7o na Periferia a partir das categorias de an\u00e1lise de Milton Santos: an\u00e1lise do bairro Jardim Veloso, Osasco &#8211; SP<\/b><\/li>\n<li><span style=\"font-weight: 400;\">Cristiano Giansante &#8211; <\/span><b>A Vac\u00e2ncia Imobili\u00e1ria e Fundi\u00e1ria: para onde vai o espa\u00e7o intraurbano? Regula\u00e7\u00e3o e Gest\u00e3o Urbana em S\u00e3o Carlos<\/b><\/li>\n<li><span style=\"font-weight: 400;\">Fernanda Assis &#8211; <\/span><b>Utopias Urbanas e Cidade-Cinema Futurista: resson\u00e2ncia hist\u00f3rica<\/b><\/li>\n<li><span style=\"font-weight: 400;\">Gabriel S. Machado \u2013 <\/span><b>Inser\u00e7\u00e3o Urbana da Habita\u00e7\u00e3o no Interior Paulista: as fases do Programa Minha Casa Minha Vida e suas din\u00e2micas socioespaciais<\/b><\/li>\n<li><span style=\"font-weight: 400;\">Gabriela Ferreira Coelho &#8211; <\/span><b>A\u00e7\u00f5es Extensionistas com Escolas P\u00fablicas e Prefeituras: Plataforma de Monitoramento das \u00c1reas Verdes Urbanas do Estado de S\u00e3o Paulo &#8211; UrbVerde<\/b><\/li>\n<li><span style=\"font-weight: 400;\">Gabrielle Gomes Coelho &#8211; <\/span><b>Vac\u00e2ncia Fundi\u00e1ria nos Empreendimentos Horizontais Fechados em Cidades do Interior do Estado de S\u00e3o Paulo<\/b><\/li>\n<li><span style=\"font-weight: 400;\">Gabrielle Gomes Coelho &#8211; <\/span><b>Vac\u00e2ncia Fundi\u00e1ria nos Enclaves Fortificados da Regi\u00e3o Metropolitana de Campinas<\/b><\/li>\n<li><span style=\"font-weight: 400;\">Isaac M. Sierra \u2013 <\/span><b>M\u00e9todos de Bioconstru\u00e7\u00e3o dos Maias<\/b><\/li>\n<li><span style=\"font-weight: 400;\">Isabella Godwin Coury &#8211; <\/span><b>Urbanismo e din\u00e2micas da natureza: mapeamento de movimentos contempor\u00e2neos<\/b><\/li>\n<li><span style=\"font-weight: 400;\">Isabella Mateus Lousao &#8211; <\/span><b>A\u00e7\u00f5es Extensionistas com Escolas P\u00fablicas e Prefeituras: Plataforma de Monitoramento das \u00c1reas Verdes Urbanas do Estado de S\u00e3o Paulo &#8211; UrbVerde<\/b><\/li>\n<li><span style=\"font-weight: 400;\">Isadora Santilli Neves &#8211; <\/span><b>Regulariza\u00e7\u00e3o Fundi\u00e1ria na Am\u00e9rica Latina: pol\u00edticas habitacionais sob uma perspectiva identit\u00e1ria<\/b><\/li>\n<li><span style=\"font-weight: 400;\">Ivan L. F. Coelho \u2013 <\/span><b>Estudo de insola\u00e7\u00e3o para a instala\u00e7\u00e3o de pain\u00e9is fotovoltaicos com o suporte de aerofotogrametria<\/b><\/li>\n<li><span style=\"font-weight: 400;\">Janaina Carbone Bianconcini &#8211; <\/span><b>Sistema de Espa\u00e7os Livres na Cidade de S\u00e3o Carlos: investiga\u00e7\u00e3o acerca de potencialidades e possibilidades na sua constru\u00e7\u00e3o<\/b><\/li>\n<li><span style=\"font-weight: 400;\">Julia F. Filgueiras \u2013 <\/span><b>Empreendimentos Fechados, Agentes Promotores e a Produ\u00e7\u00e3o de Vazios: a regula\u00e7\u00e3o do solo urbano em cidades paulistas<\/b><\/li>\n<li><span style=\"font-weight: 400;\">Julia Ferreira Filgueiras &#8211; <\/span><b>Novas Pol\u00edticas Habitacionais na Am\u00e9rica Latina<\/b><\/li>\n<li><span style=\"font-weight: 400;\">Jo\u00e3o Vitor de Aquino Ferreira &#8211; <\/span><b>A cidade, as \u00e1guas, o espa\u00e7o p\u00fablico e as pessoas: apoio \u00e0 formula\u00e7\u00e3o de pol\u00edticas p\u00fablicas preventivas \u00e0s mudan\u00e7as clim\u00e1ticas<\/b><\/li>\n<li><span style=\"font-weight: 400;\">Jo\u00e3o Marcelo Alves Barbosa &#8211; <\/span><b>Transforma\u00e7\u00f5es dos Empreendimentos Resid\u00eancias Fechados em Ribeir\u00e3o Preto<\/b><\/li>\n<li><span style=\"font-weight: 400;\">Jo\u00e3o Gabriel Osti Rosa &#8211; <\/span><b>A cidade, as \u00e1guas, o espa\u00e7o p\u00fablico e as pessoas: apoio \u00e0 formula\u00e7\u00e3o de pol\u00edticas p\u00fablicas preventivas \u00e0s mudan\u00e7as clim\u00e1ticas<\/b><\/li>\n<li><span style=\"font-weight: 400;\">Jo\u00e3o Batista Cavaroli Stivanin &#8211; <\/span><b>A cidade, as \u00e1guas, o espa\u00e7o p\u00fablico e as pessoas: apoio \u00e0 formula\u00e7\u00e3o de pol\u00edticas p\u00fablicas preventivas \u00e0s mudan\u00e7as clim\u00e1ticas<\/b><\/li>\n<li><span style=\"font-weight: 400;\">Jo\u00e3o Marcelo Alves Barbosa &#8211; <\/span><b>Regula\u00e7\u00e3o do Solo Urbano em Empreendimentos Resid\u00eancias Horizontais Fechados<\/b><\/li>\n<li><span style=\"font-weight: 400;\">Juliana C. D. Ribeiro \u2013 <\/span><b>Plataforma de Monitoramento da Arboriza\u00e7\u00e3o Intraurbana para o Estado de S\u00e3o Paulo com o suporte de Cloud Computing<\/b><\/li>\n<li><span style=\"font-weight: 400;\">Juliana Yumi Takara &#8211; <\/span><b>A cidade, as \u00e1guas, o espa\u00e7o p\u00fablico e as pessoas: apoio \u00e0 formula\u00e7\u00e3o de pol\u00edticas p\u00fablicas preventivas \u00e0s mudan\u00e7as clim\u00e1ticas<\/b><\/li>\n<li><span style=\"font-weight: 400;\">Julia Martins Pereira &#8211; <\/span><b>A cidade, as \u00e1guas, o espa\u00e7o p\u00fablico e as pessoas: apoio \u00e0 formula\u00e7\u00e3o de pol\u00edticas p\u00fablicas preventivas \u00e0s mudan\u00e7as clim\u00e1ticas<\/b><\/li>\n<li><span style=\"font-weight: 400;\">Karina Setim Rodrigues &#8211; <\/span><b>Empreendimentos Imobili\u00e1rios: produ\u00e7\u00e3o e ocupa\u00e7\u00e3o<\/b><\/li>\n<li><span style=\"font-weight: 400;\">Lara Lessa Filgueiras &#8211; <\/span><b>Transforma\u00e7\u00f5es dos territ\u00f3rios informais de habita\u00e7\u00e3o durante a pandemia de COVID-19: uma an\u00e1lise do munic\u00edpio de Ribeir\u00e3o Preto<\/b><\/li>\n<li><span style=\"font-weight: 400;\">Laura Vitoria Trudes Gato &#8211; <\/span><b>A cidade, as \u00e1guas, o espa\u00e7o p\u00fablico e as pessoas: apoio \u00e0 formula\u00e7\u00e3o de pol\u00edticas p\u00fablicas preventivas \u00e0s mudan\u00e7as clim\u00e1ticas<\/b><\/li>\n<li><span style=\"font-weight: 400;\">Leticia Jardini Braulino de Melo &#8211; <\/span><b>Din\u00e2mica Imobili\u00e1ria AIRBNB e seus impactos no munic\u00edpio de Campinas<\/b><\/li>\n<li><span style=\"font-weight: 400;\">Leticia Jardini Braulino de Melo &#8211; <\/span><b>A Vac\u00e2ncia Imobili\u00e1ria e Fundi\u00e1ria: para onde vai o espa\u00e7o intraurbano? Regula\u00e7\u00e3o e Gest\u00e3o Urbana em Avar\u00e9<\/b><\/li>\n<li><span style=\"font-weight: 400;\">Let\u00edcia Lot\u00e9rio Ribas &#8211; <\/span><b>\u00c1reas P\u00fablicas Urbanas: de onde v\u00eam? Regula\u00e7\u00e3o e gest\u00e3o urbana em Colima &#8211; Mexico<\/b><\/li>\n<li><span style=\"font-weight: 400;\">L\u00edgia Maria Campos Juliano &#8211; <\/span><b>Empreendimentos Resid\u00eancias Fechados em Franca e Uberl\u00e2ndia<\/b><\/li>\n<li><span style=\"font-weight: 400;\">Marcela Fernandes da Costa &#8211; <\/span><b>A\u00e7\u00f5es Extensionistas com Escolas P\u00fablicas e Prefeituras: Plataforma de Monitoramento das \u00c1reas Verdes Urbanas do Estado de S\u00e3o Paulo &#8211; UrbVerde<\/b><\/li>\n<li><span style=\"font-weight: 400;\">Maria Jos\u00e9 Reche Domingo &#8211; <\/span><b>Direito \u00e0 Moradia: origem e transforma\u00e7\u00f5es das casas-cueva<\/b><\/li>\n<li><span style=\"font-weight: 400;\">Marina Prado de Carlo &#8211; <\/span><b>Vazios Urbanos em Campinas: o caso da Macrozona 7<\/b><\/li>\n<li><span style=\"font-weight: 400;\">Marina Santos Priante Chaves &#8211; <\/span><b>Mapeando as hidrografias intraurbanas do Estado de S\u00e3o Paulo: padroniza\u00e7\u00e3o de dados oficiais e colaborativos no contexto da plataforma UrbVerde<\/b><\/li>\n<li><span style=\"font-weight: 400;\">Matheus Augusto de Souza &#8211;\u00a0 <\/span><b>Mapeando as hidrografias intraurbanas do Estado de S\u00e3o Paulo: padroniza\u00e7\u00e3o de dados oficiais e colaborativos no contexto da plataforma UrbVerde<\/b><\/li>\n<li><span style=\"font-weight: 400;\">Matheus Claudino Pinto Silveira Souza &#8211;<\/span><b> Legisla\u00e7\u00e3o para AIRBNB: possibilidades para a governa\u00e7a fundi\u00e1ria urbana<\/b><\/li>\n<li><span style=\"font-weight: 400;\">Marcos Vin\u00edcius Ribeiro &#8211; <\/span><b>Biomim\u00e9tica, Arquitetura e Urbanismo: contatos hist\u00f3ricos e potencialidades futuras<\/b><span style=\"font-weight: 400;\">\u00a0<\/span><\/li>\n<li><span style=\"font-weight: 400;\">Nat\u00e1lia Salata Braga &#8211; <\/span><b>Din\u00e2mica Imobili\u00e1ria AIRBNB e seus impactos no munic\u00edpio de Ribeir\u00e3o Preto<\/b><\/li>\n<li><span style=\"font-weight: 400;\">Pedro Manfrinato Pavani Andrade &#8211; <\/span><b>Vac\u00e2ncia Fundi\u00e1ria nos Condom\u00ednios Horizontais Fechados da Regi\u00e3o Metropolitana de Campinas<\/b><\/li>\n<li><span style=\"font-weight: 400;\">Pedro Manfrinato Pavani Andrade &#8211; <\/span><b>A defini\u00e7\u00e3o de ZEIS\u00a0 Zona Especial de Interesse Social nas Capitais do Brasil: o que e para quem determina a legisla\u00e7\u00e3o urbana?<\/b><\/li>\n<li><span style=\"font-weight: 400;\">Ricardo Santhiago- <\/span><b>Din\u00e2mica Imobili\u00e1ria do AIRBNB<\/b><\/li>\n<li><span style=\"font-weight: 400;\">Sara M. de Almeida \u2013 <\/span><b>Inser\u00e7\u00e3o e influ\u00eancia do PqTec na (re)estrutura\u00e7\u00e3o urbana de S\u00e3o Jos\u00e9 dos Campos \u2013 SP<\/b><\/li>\n<li><span style=\"font-weight: 400;\">Sofia F. R. da Costa \u2013 <\/span><b>Inser\u00e7\u00e3o e influ\u00eancia do PqTec na (re)estrutura\u00e7\u00e3o urbana de S\u00e3o Jos\u00e9 dos Campos \u2013 SP<\/b><\/li>\n<li><span style=\"font-weight: 400;\">Soyani Tardiolli de Figueiredo &#8211; <\/span><b>Cartografia dos Movimentos Sociais pelo Direito \u00e0 Moradia: identidades coletivas e territ\u00f3rios de a\u00e7\u00e3o<\/b><\/li>\n<li><span style=\"font-weight: 400;\">Tiago de Mattos Chafik Hindi &#8211;\u00a0 <\/span><b>Experi\u00eancias de Micro-Urbanismo: Quebec\/CA e S\u00e3o Paulo\/BR<\/b><\/li>\n<li><span style=\"font-weight: 400;\">Tom\u00e1s Carrera Massabki &#8211; <\/span><b>Remo\u00e7\u00f5es em Florian\u00f3polis-SC: ferramentas do mercado de terras na cidade mercadoria<\/b><\/li>\n<li><span style=\"font-weight: 400;\">Vitor Antonio de Almeida Lacerda &#8211; <\/span><b>Atualiza\u00e7\u00e3o e incrementa\u00e7\u00e3o dos recursos da plataforma UrbVerde atrav\u00e9s de estudos realizados nos munic\u00edpios do Estado de S\u00e3o Paulo, utilizando princ\u00edpios de User Experience Design e Desenvolvimento Web<\/b><\/li>\n<\/ul>\n<\/div>\n\t\t<\/div><\/div><\/div><\/div>","protected":false},"excerpt":{"rendered":"<p>Lucas Ricardo Cestaro Mirandulina Maria Moreira Azevedo &nbsp; Anna Laura Pereira Rssi &#8211; Justi\u00e7a social urbana e a aplica\u00e7\u00e3o do IPTU no interior paulista Jos\u00e9 Rafael de Lima &#8211; A autovitalidade urbana em Zonas Especiais de Interesse Social Julio Cesar Botega do Carmo &#8211; A Serra Pelada do Urbanismo planejando a Regi\u00e3o Metropolitana da Cidade &hellip; <\/p>\n<p class=\"link-more\"><a href=\"https:\/\/sites.usp.br\/yby\/pesquisa\/\" class=\"more-link\">Continue lendo<span class=\"screen-reader-text\"> &#8220;Pesquisa&#8221;<\/span><\/a><\/p>\n","protected":false},"author":680,"featured_media":0,"parent":0,"menu_order":0,"comment_status":"closed","ping_status":"closed","template":"","meta":{"footnotes":"","_links_to":"","_links_to_target":""},"class_list":["post-279","page","type-page","status-publish","hentry"],"_links":{"self":[{"href":"https:\/\/sites.usp.br\/yby\/wp-json\/wp\/v2\/pages\/279","targetHints":{"allow":["GET"]}}],"collection":[{"href":"https:\/\/sites.usp.br\/yby\/wp-json\/wp\/v2\/pages"}],"about":[{"href":"https:\/\/sites.usp.br\/yby\/wp-json\/wp\/v2\/types\/page"}],"author":[{"embeddable":true,"href":"https:\/\/sites.usp.br\/yby\/wp-json\/wp\/v2\/users\/680"}],"replies":[{"embeddable":true,"href":"https:\/\/sites.usp.br\/yby\/wp-json\/wp\/v2\/comments?post=279"}],"version-history":[{"count":4,"href":"https:\/\/sites.usp.br\/yby\/wp-json\/wp\/v2\/pages\/279\/revisions"}],"predecessor-version":[{"id":655,"href":"https:\/\/sites.usp.br\/yby\/wp-json\/wp\/v2\/pages\/279\/revisions\/655"}],"wp:attachment":[{"href":"https:\/\/sites.usp.br\/yby\/wp-json\/wp\/v2\/media?parent=279"}],"curies":[{"name":"wp","href":"https:\/\/api.w.org\/{rel}","templated":true}]}}